{"id":2692,"date":"2020-07-24T11:04:03","date_gmt":"2020-07-24T09:04:03","guid":{"rendered":"https:\/\/bicycle.holiday\/?post_type=pokoj&#038;p=2692"},"modified":"2020-08-11T09:32:30","modified_gmt":"2020-08-11T07:32:30","slug":"apartament-42m2","status":"publish","type":"pokoj","link":"https:\/\/bicycle.holiday\/pl\/pokoj\/apartament-42m2\/","title":{"rendered":"Rei Apartament 42m2"},"content":{"rendered":"<p>Apartamenty maj\u0105 dwie przestrzenie, przestronn\u0105 sypialni\u0119 i przytulny pok\u00f3j dzienny.<\/p>\n<p><span class=\"tlid-translation translation\" lang=\"pl\"><span class=\"\" title=\"\">Z \u0142\u00f3\u017ckiem podw\u00f3jnym lub 2 \u0142\u00f3\u017ckami pojedynczymi, biurkiem, telefonem, telewizorem z p\u0142askim ekranem i telewizj\u0105 satelitarn\u0105, muzyk\u0105 w tle, gniazdkiem elektrycznym z portami USB i HDMI, bezp\u0142atnym Wi-Fi, klimatyzacj\u0105, minibarem, sejfem i du\u017cym tarasem.<\/span><\/span><\/p>\n<p><span class=\"tlid-translation translation\" lang=\"pl\"><span class=\"\" title=\"\">Pe\u0142na \u0142azienka z suszark\u0105 do w\u0142os\u00f3w, lustrem powi\u0119kszaj\u0105cym, r\u00f3\u017cnorodne udogodnienia, szlafrokiem i kapciami.<\/span><\/span><\/p>\n<p>Us\u0142ugi zawarte w a<span class=\"tlid-translation translation\" lang=\"pl\"><span class=\"\" title=\"\">partamentach:<\/span><\/span><\/p>\n<ul>\n<li><span class=\"tlid-translation translation\" lang=\"pl\"><span class=\"\" title=\"\">Minibar z napojami bezalkoholowymi i bezp\u0142atnymi przek\u0105skami<\/span><\/span><\/li>\n<li><span class=\"tlid-translation translation\" lang=\"pl\"><span class=\"\" title=\"\">Serwis kawowy w kapsu\u0142kach i gor\u0105ce napoje<\/span><\/span><\/li>\n<li>Turndown u<span class=\"tlid-translation translation\" lang=\"pl\"><span class=\"\" title=\"\">s\u0142ugi o zachodzie s\u0142o\u0144ca<\/span><\/span><\/li>\n<\/ul>\n\n\t\t<style type=\"text\/css\">\n\t\t\t#gallery-1 {\n\t\t\t\tmargin: auto;\n\t\t\t}\n\t\t\t#gallery-1 .gallery-item {\n\t\t\t\tfloat: left;\n\t\t\t\tmargin-top: 10px;\n\t\t\t\ttext-align: center;\n\t\t\t\twidth: 25%;\n\t\t\t}\n\t\t\t#gallery-1 img {\n\t\t\t\tborder: 2px solid #cfcfcf;\n\t\t\t}\n\t\t\t#gallery-1 .gallery-caption {\n\t\t\t\tmargin-left: 0;\n\t\t\t}\n\t\t\t\/* see gallery_shortcode() in wp-includes\/media.php *\/\n\t\t<\/style>\n\t\t<div id='gallery-1' class='gallery galleryid-2692 gallery-columns-4 gallery-size-medium'><dl class='gallery-item'>\n\t\t\t<dt class='gallery-icon landscape'>\n\t\t\t\t<a href='https:\/\/bicycle.holiday\/wp-content\/uploads\/2020\/04\/Habitaciones-11.jpg'><img loading=\"lazy\" decoding=\"async\" width=\"300\" height=\"200\" src=\"https:\/\/bicycle.holiday\/wp-content\/uploads\/2020\/04\/Habitaciones-11-300x200.jpg\" class=\"attachment-medium size-medium\" alt=\"\" srcset=\"https:\/\/bicycle.holiday\/wp-content\/uploads\/2020\/04\/Habitaciones-11-300x200.jpg 300w, https:\/\/bicycle.holiday\/wp-content\/uploads\/2020\/04\/Habitaciones-11-1024x683.jpg 1024w, https:\/\/bicycle.holiday\/wp-content\/uploads\/2020\/04\/Habitaciones-11-768x512.jpg 768w, https:\/\/bicycle.holiday\/wp-content\/uploads\/2020\/04\/Habitaciones-11-1536x1024.jpg 1536w, https:\/\/bicycle.holiday\/wp-content\/uploads\/2020\/04\/Habitaciones-11-2048x1365.jpg 2048w, https:\/\/bicycle.holiday\/wp-content\/uploads\/2020\/04\/Habitaciones-11-600x400.jpg 600w, https:\/\/bicycle.holiday\/wp-content\/uploads\/2020\/04\/Habitaciones-11-1620x1080.jpg 1620w\" sizes=\"auto, (max-width: 300px) 100vw, 300px\" \/><\/a>\n\t\t\t<\/dt><\/dl><dl class='gallery-item'>\n\t\t\t<dt class='gallery-icon landscape'>\n\t\t\t\t<a href='https:\/\/bicycle.holiday\/wp-content\/uploads\/2020\/04\/Habitaciones-14.jpg'><img loading=\"lazy\" decoding=\"async\" width=\"300\" height=\"200\" src=\"https:\/\/bicycle.holiday\/wp-content\/uploads\/2020\/04\/Habitaciones-14-300x200.jpg\" class=\"attachment-medium size-medium\" alt=\"\" srcset=\"https:\/\/bicycle.holiday\/wp-content\/uploads\/2020\/04\/Habitaciones-14-300x200.jpg 300w, https:\/\/bicycle.holiday\/wp-content\/uploads\/2020\/04\/Habitaciones-14-1024x683.jpg 1024w, https:\/\/bicycle.holiday\/wp-content\/uploads\/2020\/04\/Habitaciones-14-768x512.jpg 768w, https:\/\/bicycle.holiday\/wp-content\/uploads\/2020\/04\/Habitaciones-14-1536x1024.jpg 1536w, https:\/\/bicycle.holiday\/wp-content\/uploads\/2020\/04\/Habitaciones-14-2048x1365.jpg 2048w, https:\/\/bicycle.holiday\/wp-content\/uploads\/2020\/04\/Habitaciones-14-600x400.jpg 600w, https:\/\/bicycle.holiday\/wp-content\/uploads\/2020\/04\/Habitaciones-14-1620x1080.jpg 1620w\" sizes=\"auto, (max-width: 300px) 100vw, 300px\" \/><\/a>\n\t\t\t<\/dt><\/dl>\n\t\t\t<br style='clear: both' \/>\n\t\t<\/div>\n\n","protected":false},"template":"","class_list":["post-2692","pokoj","type-pokoj","status-publish","hentry"],"hotel":[{"ID":621,"post_title":"HOTEL REI DEL MEDITERRANI PALACE","post_content":"Hotel Rei del Mediterrani Palace znajduje si\u0119 w p\u00f3\u0142nocnej cz\u0119\u015bci wyspy, na pla\u017cy Playa de Muro w pobli\u017cu Alcudii. Ze wzgl\u0119du na swoje po\u0142o\u017cenie jest idealnym miejscem dla rowerzyst\u00f3w, kt\u00f3rzy mog\u0105 wybra\u0107 si\u0119 na popularny, ale g\u00f3rzysty Formentor lub cieszy\u0107 si\u0119 r\u00f3wninami w centrum i na wsch\u00f3d od Majorki.","post_excerpt":"","post_author":"1","post_date":"2020-04-03 16:36:01","post_date_gmt":"2020-04-03 14:36:01","post_status":"publish","comment_status":"closed","ping_status":"closed","post_password":"","post_name":"test","to_ping":"","pinged":"","post_modified":"2021-10-05 10:04:41","post_modified_gmt":"2021-10-05 08:04:41","post_content_filtered":"","post_parent":[],"guid":"https:\/\/bicycle.holiday\/?post_type=hotel&#038;p=621","menu_order":0,"post_type":"hotel","post_mime_type":"","comment_count":"0","comments":false,"id":621}],"img":{"ID":"795","post_author":"4","post_date":"2020-04-13 20:10:00","post_date_gmt":"2020-04-13 18:10:00","post_content":"","post_title":"Habitaciones (11)","post_excerpt":"","post_status":"inherit","comment_status":"open","ping_status":"closed","post_password":"","post_name":"habitaciones-11-2","to_ping":"","pinged":"","post_modified":"2020-08-11 09:32:30","post_modified_gmt":"2020-08-11 07:32:30","post_content_filtered":"","post_parent":"399","guid":"https:\/\/bicycle.holiday\/wp-content\/uploads\/2020\/04\/Habitaciones-11.jpg","menu_order":"0","post_type":"attachment","post_mime_type":"image\/jpeg","comment_count":"0","translation_id":"899","element_type":"post_attachment","element_id":"795","trid":"823","language_code":"pl","source_language_code":"en","id":"40","code":"pl","english_name":"Polish","major":"0","active":"1","default_locale":"pl_PL","tag":"pl","encode_url":"0","country":null,"pod_item_id":"795"},"velikost":"42","acf":[],"yoast_head":"<!-- This site is optimized with the Yoast SEO plugin v27.4 - https:\/\/yoast.com\/product\/yoast-seo-wordpress\/ -->\n<title>Rei Apartament 42m2 - Bicycle.Holiday<\/title>\n<meta name=\"robots\" content=\"index, follow, max-snippet:-1, max-image-preview:large, max-video-preview:-1\" \/>\n<link rel=\"canonical\" href=\"https:\/\/bicycle.holiday\/pl\/pokoj\/apartament-42m2\/\" \/>\n<meta property=\"og:locale\" content=\"pl_PL\" \/>\n<meta property=\"og:type\" content=\"article\" \/>\n<meta property=\"og:title\" content=\"Rei Apartament 42m2 - Bicycle.Holiday\" \/>\n<meta property=\"og:description\" content=\"Apartamenty maj\u0105 dwie przestrzenie, przestronn\u0105 sypialni\u0119 i przytulny pok\u00f3j dzienny. Z \u0142\u00f3\u017ckiem podw\u00f3jnym lub 2 \u0142\u00f3\u017ckami pojedynczymi, biurkiem, telefonem, telewizorem z p\u0142askim ekranem i telewizj\u0105 satelitarn\u0105, muzyk\u0105 w tle, gniazdkiem elektrycznym z portami USB i HDMI, bezp\u0142atnym Wi-Fi, klimatyzacj\u0105, minibarem, sejfem i du\u017cym tarasem. Pe\u0142na \u0142azienka z suszark\u0105 do w\u0142os\u00f3w, lustrem powi\u0119kszaj\u0105cym, r\u00f3\u017cnorodne udogodnienia, szlafrokiem [&hellip;]\" \/>\n<meta property=\"og:url\" content=\"https:\/\/bicycle.holiday\/pl\/pokoj\/apartament-42m2\/\" \/>\n<meta property=\"og:site_name\" content=\"Bicycle.Holiday\" \/>\n<meta property=\"article:publisher\" content=\"https:\/\/www.facebook.com\/Bicycle.Holiday\" \/>\n<meta property=\"article:modified_time\" content=\"2020-08-11T07:32:30+00:00\" \/>\n<meta property=\"og:image\" content=\"https:\/\/bicycle.holiday\/wp-content\/uploads\/2020\/04\/Habitaciones-11-300x200.jpg\" \/>\n<meta name=\"twitter:card\" content=\"summary_large_image\" \/>\n<meta name=\"twitter:label1\" content=\"Szacowany czas czytania\" \/>\n\t<meta name=\"twitter:data1\" content=\"1 minuta\" \/>\n<script type=\"application\/ld+json\" class=\"yoast-schema-graph\">{\"@context\":\"https:\\\/\\\/schema.org\",\"@graph\":[{\"@type\":\"WebPage\",\"@id\":\"https:\\\/\\\/bicycle.holiday\\\/pl\\\/pokoj\\\/apartament-42m2\\\/\",\"url\":\"https:\\\/\\\/bicycle.holiday\\\/pl\\\/pokoj\\\/apartament-42m2\\\/\",\"name\":\"Rei Apartament 42m2 - Bicycle.Holiday\",\"isPartOf\":{\"@id\":\"https:\\\/\\\/bicycle.holiday\\\/pl\\\/#website\"},\"datePublished\":\"2020-07-24T09:04:03+00:00\",\"dateModified\":\"2020-08-11T07:32:30+00:00\",\"breadcrumb\":{\"@id\":\"https:\\\/\\\/bicycle.holiday\\\/pl\\\/pokoj\\\/apartament-42m2\\\/#breadcrumb\"},\"inLanguage\":\"pl-PL\",\"potentialAction\":[{\"@type\":\"ReadAction\",\"target\":[\"https:\\\/\\\/bicycle.holiday\\\/pl\\\/pokoj\\\/apartament-42m2\\\/\"]}]},{\"@type\":\"BreadcrumbList\",\"@id\":\"https:\\\/\\\/bicycle.holiday\\\/pl\\\/pokoj\\\/apartament-42m2\\\/#breadcrumb\",\"itemListElement\":[{\"@type\":\"ListItem\",\"position\":1,\"name\":\"Home\",\"item\":\"https:\\\/\\\/bicycle.holiday\\\/pl\\\/\"},{\"@type\":\"ListItem\",\"position\":2,\"name\":\"Rei Apartament 42m2\"}]},{\"@type\":\"WebSite\",\"@id\":\"https:\\\/\\\/bicycle.holiday\\\/pl\\\/#website\",\"url\":\"https:\\\/\\\/bicycle.holiday\\\/pl\\\/\",\"name\":\"www.Bicycle.Holiday\",\"description\":\"Mallorca active holidays with bike\",\"publisher\":{\"@id\":\"https:\\\/\\\/bicycle.holiday\\\/pl\\\/#organization\"},\"potentialAction\":[{\"@type\":\"SearchAction\",\"target\":{\"@type\":\"EntryPoint\",\"urlTemplate\":\"https:\\\/\\\/bicycle.holiday\\\/pl\\\/?s={search_term_string}\"},\"query-input\":{\"@type\":\"PropertyValueSpecification\",\"valueRequired\":true,\"valueName\":\"search_term_string\"}}],\"inLanguage\":\"pl-PL\"},{\"@type\":\"Organization\",\"@id\":\"https:\\\/\\\/bicycle.holiday\\\/pl\\\/#organization\",\"name\":\"Bicycle Holiday\",\"url\":\"https:\\\/\\\/bicycle.holiday\\\/pl\\\/\",\"logo\":{\"@type\":\"ImageObject\",\"inLanguage\":\"pl-PL\",\"@id\":\"https:\\\/\\\/bicycle.holiday\\\/pl\\\/#\\\/schema\\\/logo\\\/image\\\/\",\"url\":\"https:\\\/\\\/bicycle.holiday\\\/wp-content\\\/uploads\\\/2021\\\/09\\\/logo-bicycle-holiday-CTVEREC-FCBK.jpg\",\"contentUrl\":\"https:\\\/\\\/bicycle.holiday\\\/wp-content\\\/uploads\\\/2021\\\/09\\\/logo-bicycle-holiday-CTVEREC-FCBK.jpg\",\"width\":800,\"height\":800,\"caption\":\"Bicycle Holiday\"},\"image\":{\"@id\":\"https:\\\/\\\/bicycle.holiday\\\/pl\\\/#\\\/schema\\\/logo\\\/image\\\/\"},\"sameAs\":[\"https:\\\/\\\/www.facebook.com\\\/Bicycle.Holiday\"]}]}<\/script>\n<!-- \/ Yoast SEO plugin. -->","yoast_head_json":{"title":"Rei Apartament 42m2 - Bicycle.Holiday","robots":{"index":"index","follow":"follow","max-snippet":"max-snippet:-1","max-image-preview":"max-image-preview:large","max-video-preview":"max-video-preview:-1"},"canonical":"https:\/\/bicycle.holiday\/pl\/pokoj\/apartament-42m2\/","og_locale":"pl_PL","og_type":"article","og_title":"Rei Apartament 42m2 - Bicycle.Holiday","og_description":"Apartamenty maj\u0105 dwie przestrzenie, przestronn\u0105 sypialni\u0119 i przytulny pok\u00f3j dzienny. Z \u0142\u00f3\u017ckiem podw\u00f3jnym lub 2 \u0142\u00f3\u017ckami pojedynczymi, biurkiem, telefonem, telewizorem z p\u0142askim ekranem i telewizj\u0105 satelitarn\u0105, muzyk\u0105 w tle, gniazdkiem elektrycznym z portami USB i HDMI, bezp\u0142atnym Wi-Fi, klimatyzacj\u0105, minibarem, sejfem i du\u017cym tarasem. Pe\u0142na \u0142azienka z suszark\u0105 do w\u0142os\u00f3w, lustrem powi\u0119kszaj\u0105cym, r\u00f3\u017cnorodne udogodnienia, szlafrokiem [&hellip;]","og_url":"https:\/\/bicycle.holiday\/pl\/pokoj\/apartament-42m2\/","og_site_name":"Bicycle.Holiday","article_publisher":"https:\/\/www.facebook.com\/Bicycle.Holiday","article_modified_time":"2020-08-11T07:32:30+00:00","og_image":[{"url":"https:\/\/bicycle.holiday\/wp-content\/uploads\/2020\/04\/Habitaciones-11-300x200.jpg","type":"","width":"","height":""}],"twitter_card":"summary_large_image","twitter_misc":{"Szacowany czas czytania":"1 minuta"},"schema":{"@context":"https:\/\/schema.org","@graph":[{"@type":"WebPage","@id":"https:\/\/bicycle.holiday\/pl\/pokoj\/apartament-42m2\/","url":"https:\/\/bicycle.holiday\/pl\/pokoj\/apartament-42m2\/","name":"Rei Apartament 42m2 - Bicycle.Holiday","isPartOf":{"@id":"https:\/\/bicycle.holiday\/pl\/#website"},"datePublished":"2020-07-24T09:04:03+00:00","dateModified":"2020-08-11T07:32:30+00:00","breadcrumb":{"@id":"https:\/\/bicycle.holiday\/pl\/pokoj\/apartament-42m2\/#breadcrumb"},"inLanguage":"pl-PL","potentialAction":[{"@type":"ReadAction","target":["https:\/\/bicycle.holiday\/pl\/pokoj\/apartament-42m2\/"]}]},{"@type":"BreadcrumbList","@id":"https:\/\/bicycle.holiday\/pl\/pokoj\/apartament-42m2\/#breadcrumb","itemListElement":[{"@type":"ListItem","position":1,"name":"Home","item":"https:\/\/bicycle.holiday\/pl\/"},{"@type":"ListItem","position":2,"name":"Rei Apartament 42m2"}]},{"@type":"WebSite","@id":"https:\/\/bicycle.holiday\/pl\/#website","url":"https:\/\/bicycle.holiday\/pl\/","name":"www.Bicycle.Holiday","description":"Mallorca active holidays with bike","publisher":{"@id":"https:\/\/bicycle.holiday\/pl\/#organization"},"potentialAction":[{"@type":"SearchAction","target":{"@type":"EntryPoint","urlTemplate":"https:\/\/bicycle.holiday\/pl\/?s={search_term_string}"},"query-input":{"@type":"PropertyValueSpecification","valueRequired":true,"valueName":"search_term_string"}}],"inLanguage":"pl-PL"},{"@type":"Organization","@id":"https:\/\/bicycle.holiday\/pl\/#organization","name":"Bicycle Holiday","url":"https:\/\/bicycle.holiday\/pl\/","logo":{"@type":"ImageObject","inLanguage":"pl-PL","@id":"https:\/\/bicycle.holiday\/pl\/#\/schema\/logo\/image\/","url":"https:\/\/bicycle.holiday\/wp-content\/uploads\/2021\/09\/logo-bicycle-holiday-CTVEREC-FCBK.jpg","contentUrl":"https:\/\/bicycle.holiday\/wp-content\/uploads\/2021\/09\/logo-bicycle-holiday-CTVEREC-FCBK.jpg","width":800,"height":800,"caption":"Bicycle Holiday"},"image":{"@id":"https:\/\/bicycle.holiday\/pl\/#\/schema\/logo\/image\/"},"sameAs":["https:\/\/www.facebook.com\/Bicycle.Holiday"]}]}},"_links":{"self":[{"href":"https:\/\/bicycle.holiday\/pl\/wp-json\/wp\/v2\/pokoj\/2692","targetHints":{"allow":["GET"]}}],"collection":[{"href":"https:\/\/bicycle.holiday\/pl\/wp-json\/wp\/v2\/pokoj"}],"about":[{"href":"https:\/\/bicycle.holiday\/pl\/wp-json\/wp\/v2\/types\/pokoj"}],"wp:attachment":[{"href":"https:\/\/bicycle.holiday\/pl\/wp-json\/wp\/v2\/media?parent=2692"}],"curies":[{"name":"wp","href":"https:\/\/api.w.org\/{rel}","templated":true}]}}