{"id":407,"date":"2020-03-31T13:44:37","date_gmt":"2020-03-31T11:44:37","guid":{"rendered":"https:\/\/bicycle.holiday\/?page_id=407"},"modified":"2020-10-23T12:55:42","modified_gmt":"2020-10-23T10:55:42","slug":"trasy-i-wycieczki","status":"publish","type":"page","link":"https:\/\/bicycle.holiday\/pl\/trasy-i-wycieczki\/","title":{"rendered":"Trasy i wycieczki"},"content":{"rendered":"<h2><span class=\"tlid-translation translation\" lang=\"pl\">Polecane trasy<\/span><\/h2>\n<p><span class=\"tlid-translation translation\" lang=\"pl\">Jednym ze sposob\u00f3w maksymalnego wykorzystania pobytu na Majorce jest uprawianie sportu, kt\u00f3ry korzysta z doskona\u0142ej dost\u0119pnej sieci dr\u00f3g. Jazda na rowerze na Majorce jest czym\u015b wyj\u0105tkowym. Kiedy spr\u00f3bujesz, zrozumiesz. To jeden z najprzyjemniejszych sposob\u00f3w odkrywania wi\u0119kszej cz\u0119\u015bci tej cz\u0119\u015bci wyspy. Ruch jest niewielki, du\u017ca liczba dr\u00f3g, a jako\u015b\u0107 nawierzchni jest niezwyk\u0142a. Wiele dr\u00f3g jest oznaczonych jako \u015bcie\u017cki rowerowe, a wiele dr\u00f3g gruntowych jest teraz utwardzonych.<\/span><\/p>\n<p>Znamy Majork\u0119 ca\u0142kiem dobrze, poniewa\u017c prowadzimy t\u0119 dzia\u0142alno\u015b\u0107 od ponad 15 lat i niekt\u00f3rzy z nas te\u017c tu mieszkaj\u0105. Skorzystaj wi\u0119c z naszej wiedzy z sugerowanymi przez nas trasami rowerowymi. Nasz zesp\u00f3\u0142 opracowa\u0142 najlepsze przeja\u017cd\u017cki na wyspie. Aby uzyska\u0107 dost\u0119p do map, wystarczy pobra\u0107 na telefon bezp\u0142atn\u0105 aplikacj\u0119 Ride with GPS i utworzy\u0107 konto. Aby uzyska\u0107 dost\u0119p do naszej bazy danych tras, wystarczy doda\u0107 NaCesty jako przyjaciela i mo\u017cesz zacz\u0105\u0107! Aplikacja oferuje r\u00f3wnie\u017c dat\u0119 przejazdu wszystkich rowerzyst\u00f3w jad\u0105cych na Majorce za pomoc\u0105 aplikacji. Ka\u017cdy opis jazdy zawiera profil i szacowany czas jazdy. Aplikacja jest dost\u0119pna zar\u00f3wno na urz\u0105dzenia Apple, jak i Android, a jej pobranie zajmuje tylko 2 minuty! Po prostu kliknij ka\u017cd\u0105 tras\u0119, aby wy\u015bwietli\u0107 szczeg\u00f3\u0142owe informacje, w tym o nat\u0119\u017ceniu ruchu i powierzchni jezdni.<\/p>\n<p>Mi\u0142ej przeja\u017cd\u017cki!<\/p>\n<p>&nbsp;<\/p>\n<table class=\"na-mobilu-bez-sloupcu\" style=\"border-collapse: collapse; width: 99.8256%; height: 2438px;\">\n<tbody>\n<tr style=\"height: 215px;\">\n<td style=\"width: 15.6245%; height: 215px;\"><a href=\"\/?page_id=1108\"><img loading=\"lazy\" decoding=\"async\" class=\"aligncenter wp-image-1178 size-medium\" src=\"https:\/\/bicycle.holiday\/wp-content\/uploads\/2020\/04\/100-Playa-de-Muro-Ermita-de-Victoria-Port-de-Pollenca-Cala-Sant-Vincent-Pollenca-300x300.png\" alt=\"Route 100 - Playa de Muro - Ermita de Victoria - Port de Pollenca - Cala Sant Vincent - Pollenca - Playa de Muro\" width=\"300\" height=\"300\" srcset=\"https:\/\/bicycle.holiday\/wp-content\/uploads\/2020\/04\/100-Playa-de-Muro-Ermita-de-Victoria-Port-de-Pollenca-Cala-Sant-Vincent-Pollenca-300x300.png 300w, https:\/\/bicycle.holiday\/wp-content\/uploads\/2020\/04\/100-Playa-de-Muro-Ermita-de-Victoria-Port-de-Pollenca-Cala-Sant-Vincent-Pollenca-150x150.png 150w, https:\/\/bicycle.holiday\/wp-content\/uploads\/2020\/04\/100-Playa-de-Muro-Ermita-de-Victoria-Port-de-Pollenca-Cala-Sant-Vincent-Pollenca-400x400.png 400w, https:\/\/bicycle.holiday\/wp-content\/uploads\/2020\/04\/100-Playa-de-Muro-Ermita-de-Victoria-Port-de-Pollenca-Cala-Sant-Vincent-Pollenca.png 700w\" sizes=\"auto, (max-width: 300px) 100vw, 300px\" \/><\/a><\/td>\n<td style=\"width: 3.47554%; height: 215px;\"><\/td>\n<td style=\"width: 44.0961%; height: 215px;\">\n<h5><a href=\"\/?page_id=1108\">100 &#8211; Playa de Muro &#8211; Ermita de Victoria &#8211; Port de Pollenca &#8211; Cala Sant Vincent &#8211; Pollenca &#8211; Playa de Muro<\/a><\/h5>\n<p><span class=\"tlid-translation translation\" lang=\"pl\"><span class=\"\" title=\"\">Trasa przyjemnego startu z pierwsz\u0105 kr\u00f3tk\u0105 wspinaczk\u0105 do Ermita de la Victoria.<\/span> <span class=\"\" title=\"\">Po dotarciu do nadmorskiej drogi mo\u017cesz jecha\u0107 rowerem wzd\u0142u\u017c p\u00f3\u0142wyspu i cieszy\u0107 si\u0119 pi\u0119knym widokiem na morze.<\/span> <span class=\"\" title=\"\">Nast\u0119pnie przejed\u017a przez stare miasto Alcudia, warto!<\/span> <span class=\"\" title=\"\">Stare miasto zbudowane jest na pozosta\u0142o\u015bciach \u015bredniowiecznych mur\u00f3w obronnych otaczaj\u0105cych ca\u0142y teren, zapewniaj\u0105c fundamenty pod pi\u0119knie zachowane historyczne budynki i w\u0105skie romantyczne uliczki.<\/span> <span class=\"\" title=\"\">Nast\u0119pnie wybierz tras\u0119 rowerow\u0105 z Alcudii wzd\u0142u\u017c zatoki do Puerto Pollensa i kieruj si\u0119 znakami na Cala Sant Vincent.<\/span> <span class=\"\" title=\"\">Ta malutka zatoka jest niesamowita, szczeg\u00f3lnie ze wzgl\u0119du na jej krajobraz i r\u00f3\u017cnorodno\u015b\u0107.<\/span><\/span><\/td>\n<td style=\"width: 2.28036%; text-align: center;\"><\/td>\n<td style=\"width: 15.54%; text-align: center; height: 215px;\"><span class=\"tlid-translation translation\" lang=\"pl\"><span class=\"\" title=\"\">Dystans<\/span><\/span> 60.5 km<\/p>\n<p>Przewy\u017cszenie 639 m<\/td>\n<td style=\"width: 2.71906%; text-align: center; height: 215px;\"><\/td>\n<td style=\"width: 16.2646%; text-align: center; height: 215px;\"><a href=\"https:\/\/ridewithgps.com\/trips\/32433475.gpx?sub_format=track\"><span class=\"tlid-translation translation\" lang=\"pl\"><span title=\"\">\u015aci\u0105gnij<\/span><\/span> .gpx <span class=\"tlid-translation translation\" lang=\"pl\"><span class=\"\" title=\"\">tras\u0119<\/span><\/span><\/a><\/td>\n<\/tr>\n<tr style=\"height: 215px;\">\n<td style=\"width: 15.6245%; height: 215px;\"><a href=\"\/?page_id=1183\"><img loading=\"lazy\" decoding=\"async\" class=\"aligncenter wp-image-1126 size-medium\" src=\"https:\/\/bicycle.holiday\/wp-content\/uploads\/2020\/04\/101-Petra-1-295x300.png\" alt=\"Route 101 - Playa de Muro - Petra - Muro - Playa de Muro\" width=\"295\" height=\"300\" srcset=\"https:\/\/bicycle.holiday\/wp-content\/uploads\/2020\/04\/101-Petra-1-295x300.png 295w, https:\/\/bicycle.holiday\/wp-content\/uploads\/2020\/04\/101-Petra-1-393x400.png 393w, https:\/\/bicycle.holiday\/wp-content\/uploads\/2020\/04\/101-Petra-1.png 430w\" sizes=\"auto, (max-width: 295px) 100vw, 295px\" \/><\/a><\/td>\n<td style=\"width: 3.47554%; height: 215px;\"><\/td>\n<td style=\"width: 44.0961%; height: 215px;\">\n<h5><a href=\"\/?page_id=1183\">101 &#8211; Playa de Muro &#8211; Petra &#8211; Muro &#8211; Playa de Muro<\/a><\/h5>\n<p><span class=\"tlid-translation translation\" lang=\"pl\"><span title=\"\">Mekk\u0119 wyspy Petra warto odwiedzi\u0107 przynajmniej raz podczas pobytu na Majorce.<\/span> <span class=\"\" title=\"\">Petra jest popularnym miejscem spotka\u0144 grup rowerzyst\u00f3w, znajduje si\u0119 zaledwie 43 km od miasta Palma, a od naszego hotelu w Alcudia droga jest nawet 10 km kr\u00f3tsza.<\/span> <span class=\"\" title=\"\">Wok\u00f3\u0142 Piotra znajdziesz \u0142atwy teren i rozga\u0142\u0119zion\u0105 sie\u0107 dr\u00f3g, gdzie bez przeszk\u00f3d mo\u017cna przejecha\u0107 wiele ma\u0142ych uliczek otoczonych ma\u0142ymi polami, ogrodami, drzewami oliwnymi i migda\u0142ami.<\/span> <span class=\"\" title=\"\">Na ma\u0142ym placu zaskoczy Ci\u0119 chaos kolorowych koszul rowerowych.<\/span> <span class=\"\" title=\"\">Konieczny jest post\u00f3j na kaw\u0119 w jednej z wielu kawiarni wok\u00f3\u0142 placu, a jednocze\u015bnie cieszenie si\u0119 przyjemn\u0105 atmosfer\u0105, z kt\u00f3rej s\u0142ynie Petra.<\/span> <span class=\"\" title=\"\">Zabytkowe centrum oferuje wiele klejnot\u00f3w architektury \u015br\u00f3dziemnomorskiej, takich jak \u201eEsglesia de Sant Pere\u201d zbudowany w XIII wieku.<\/span><\/span><\/td>\n<td style=\"width: 2.28036%; text-align: center;\"><\/td>\n<td style=\"width: 15.54%; text-align: center; height: 215px;\"><span class=\"tlid-translation translation\" lang=\"pl\"><span class=\"\" title=\"\">Dystans<\/span><\/span> 67.5 km<\/p>\n<p>Przewy\u017cszenie 483 m<\/td>\n<td style=\"width: 2.71906%; text-align: center; height: 215px;\"><\/td>\n<td style=\"width: 16.2646%; text-align: center; height: 215px;\"><a href=\"https:\/\/ridewithgps.com\/trips\/32433476.gpx?sub_format=track\"><span class=\"tlid-translation translation\" lang=\"pl\"><span title=\"\">\u015aci\u0105gnij<\/span><\/span> .gpx <span class=\"tlid-translation translation\" lang=\"pl\"><span class=\"\" title=\"\">tras\u0119<\/span><\/span><\/a><\/td>\n<\/tr>\n<tr style=\"height: 215px;\">\n<td style=\"width: 15.6245%; height: 215px;\"><a href=\"\/?page_id=1968\"><img loading=\"lazy\" decoding=\"async\" class=\"aligncenter wp-image-1965 size-medium\" src=\"https:\/\/bicycle.holiday\/wp-content\/uploads\/2020\/04\/102-Playa-de-Muro-Cap-de-Formentor-Playa-de-Muro-300x300.png\" alt=\"Route 102 - Playa de Muro - Cap de Formentor - Playa de Muro\" width=\"300\" height=\"300\" srcset=\"https:\/\/bicycle.holiday\/wp-content\/uploads\/2020\/04\/102-Playa-de-Muro-Cap-de-Formentor-Playa-de-Muro-300x300.png 300w, https:\/\/bicycle.holiday\/wp-content\/uploads\/2020\/04\/102-Playa-de-Muro-Cap-de-Formentor-Playa-de-Muro-150x150.png 150w, https:\/\/bicycle.holiday\/wp-content\/uploads\/2020\/04\/102-Playa-de-Muro-Cap-de-Formentor-Playa-de-Muro-400x400.png 400w, https:\/\/bicycle.holiday\/wp-content\/uploads\/2020\/04\/102-Playa-de-Muro-Cap-de-Formentor-Playa-de-Muro.png 621w\" sizes=\"auto, (max-width: 300px) 100vw, 300px\" \/><\/a><\/td>\n<td style=\"width: 3.47554%; height: 215px;\"><\/td>\n<td style=\"width: 44.0961%; height: 215px;\">\n<h5><a href=\"\/?page_id=1968\">102 &#8211; Playa de Muro &#8211; Cap de Formentor &#8211; Playa de Muro<\/a><\/h5>\n<p><span class=\"tlid-translation translation\" lang=\"pl\"><span title=\"\">Do najbardziej wysuni\u0119tego na p\u00f3\u0142noc punktu na wyspie mo\u017cna dotrze\u0107 w\u0105skim p\u00f3\u0142wyspem ze wspania\u0142ymi widokami, podej\u015bciami i zjazdami oraz w\u0105skimi tunelami wykutymi w skale.<\/span> <span title=\"\">Podr\u00f3\u017c na Formentor to niez\u0142e prze\u017cycie.<\/span> <span class=\"\" title=\"\">Po przybyciu do latarni morskiej Cap de Formentor mo\u017cesz od\u015bwie\u017cy\u0107 si\u0119 w przyjemnej restauracji i podziwia\u0107 pi\u0119kne krajobrazy wok\u00f3\u0142 siebie.<\/span> <span class=\"\" title=\"\">Jazda na Formentor jest jedn\u0105 z najpi\u0119kniejszych i najbardziej poszukiwanych tras, kt\u00f3re ma do zaoferowania Majorka.<\/span> <span class=\"\" title=\"\">Nie zapomnij zrobi\u0107 zdj\u0119cia z latarni\u0105 morsk\u0105 w tle!<\/span><\/span><\/td>\n<td style=\"width: 2.28036%; text-align: center;\"><\/td>\n<td style=\"width: 15.54%; text-align: center; height: 215px;\"><span class=\"tlid-translation translation\" lang=\"pl\"><span class=\"\" title=\"\">Dystans<\/span><\/span> 66.1 km<\/p>\n<p>Przewy\u017cszenie 1 270 m<\/td>\n<td style=\"width: 2.71906%; text-align: center; height: 215px;\"><\/td>\n<td style=\"width: 16.2646%; text-align: center; height: 215px;\"><a href=\"https:\/\/ridewithgps.com\/trips\/32476757.gpx?sub_format=track\"><span class=\"tlid-translation translation\" lang=\"pl\"><span title=\"\">\u015aci\u0105gnij<\/span><\/span> .gpx <span class=\"tlid-translation translation\" lang=\"pl\"><span class=\"\" title=\"\">tras\u0119<\/span><\/span><\/a><\/td>\n<\/tr>\n<tr style=\"height: 215px;\">\n<td style=\"width: 15.6245%; height: 215px;\"><a href=\"\/?page_id=1186\"><img loading=\"lazy\" decoding=\"async\" class=\"aligncenter wp-image-1136 size-medium\" src=\"https:\/\/bicycle.holiday\/wp-content\/uploads\/2020\/04\/103-Ermita-de-Betle\u0301m-300x295.png\" alt=\"Route 103 - Playa de Muro - Arta - Ermita de Betlem - Sa Duania - Playa de Muro\" width=\"300\" height=\"295\" srcset=\"https:\/\/bicycle.holiday\/wp-content\/uploads\/2020\/04\/103-Ermita-de-Betle\u0301m-300x295.png 300w, https:\/\/bicycle.holiday\/wp-content\/uploads\/2020\/04\/103-Ermita-de-Betle\u0301m-407x400.png 407w, https:\/\/bicycle.holiday\/wp-content\/uploads\/2020\/04\/103-Ermita-de-Betle\u0301m.png 533w\" sizes=\"auto, (max-width: 300px) 100vw, 300px\" \/><\/a><\/td>\n<td style=\"width: 3.47554%; height: 215px;\"><\/td>\n<td style=\"width: 44.0961%; height: 215px;\">\n<h5><a href=\"\/?page_id=1186\">103 &#8211; Playa de Muro &#8211; Arta &#8211; Ermita de Betlem &#8211; Sa Duania &#8211; Playa de Muro<\/a><\/h5>\n<p><span class=\"tlid-translation translation\" lang=\"pl\"><span title=\"\">W po\u0142udniowo-wschodniej g\u00f3rzystej cz\u0119\u015bci wyspy panuje g\u00f3rski klimat i przyroda i mo\u017cna odwiedzi\u0107 Park Narodowy Llevant.<\/span> <span title=\"\">Szukasz miejsca, w kt\u00f3rym absolutnie boski spok\u00f3j by\u0142by zak\u0142\u00f3cany jedynie przez dzwonienie owiec?<\/span> <span title=\"\">Nie szukaj dalej.<\/span> <span title=\"\">Wycieczka do ko\u015bcio\u0142a Ermita de Betlem zabierze Ci\u0119 do jednego z takich miejsc.<\/span> <span title=\"\">Po 35 km jazdy od naszego hotelu w Alcudii oczaruje Ci\u0119 spokojna atmosfera nadmorskiej miejscowo\u015bci Betlem.<\/span> <span class=\"\" title=\"\">Po przybyciu do ko\u015bcio\u0142a b\u0119dziesz musia\u0142 przejecha\u0107 przez miasto Art\u00e1 \u200b\u200bw kierunku parkingu pod zamkiem.<\/span> <span class=\"\" title=\"\">St\u0105d stroma kr\u0119ta \u015bcie\u017cka prowadzi na szczyt, a po kr\u00f3tkim stromym zej\u015bciu w ko\u0144cu docierasz do s\u0142ynnego ko\u015bcio\u0142a.<\/span> <span class=\"\" title=\"\">Podr\u00f3\u017c nie jest trudna, ale nagrod\u0105 b\u0119dzie pi\u0119kny widok na zatok\u0119 Alcudia.<\/span><\/span><\/td>\n<td style=\"width: 2.28036%; text-align: center;\"><\/td>\n<td style=\"width: 15.54%; text-align: center; height: 215px;\"><span class=\"tlid-translation translation\" lang=\"pl\"><span class=\"\" title=\"\">Dystans<\/span><\/span> 95.1 km<\/p>\n<p>Przewy\u017cszenie 1 329 m<\/td>\n<td style=\"width: 2.71906%; text-align: center; height: 215px;\"><\/td>\n<td style=\"width: 16.2646%; text-align: center; height: 215px;\"><a href=\"https:\/\/ridewithgps.com\/trips\/32433478.gpx?sub_format=track\"><span class=\"tlid-translation translation\" lang=\"pl\"><span title=\"\">\u015aci\u0105gnij<\/span><\/span> .gpx <span class=\"tlid-translation translation\" lang=\"pl\"><span class=\"\" title=\"\">tras\u0119<\/span><\/span><\/a><\/td>\n<\/tr>\n<tr style=\"height: 213px;\">\n<td style=\"width: 15.6245%; height: 213px;\"><a href=\"\/?page_id=1189\"><img loading=\"lazy\" decoding=\"async\" class=\"alignnone wp-image-2046 size-medium\" src=\"https:\/\/bicycle.holiday\/wp-content\/uploads\/2020\/04\/104-Playa-de-Muro-Cala-Rajada-Canyamel-Petra-Playa-de-Muro-300x300.png\" alt=\"Route 104 - Playa de Muro - Cala Rajada - Canyamel - Petra - Playa de Muro\" width=\"300\" height=\"300\" srcset=\"https:\/\/bicycle.holiday\/wp-content\/uploads\/2020\/04\/104-Playa-de-Muro-Cala-Rajada-Canyamel-Petra-Playa-de-Muro-300x300.png 300w, https:\/\/bicycle.holiday\/wp-content\/uploads\/2020\/04\/104-Playa-de-Muro-Cala-Rajada-Canyamel-Petra-Playa-de-Muro-150x150.png 150w, https:\/\/bicycle.holiday\/wp-content\/uploads\/2020\/04\/104-Playa-de-Muro-Cala-Rajada-Canyamel-Petra-Playa-de-Muro-768x768.png 768w, https:\/\/bicycle.holiday\/wp-content\/uploads\/2020\/04\/104-Playa-de-Muro-Cala-Rajada-Canyamel-Petra-Playa-de-Muro-400x400.png 400w, https:\/\/bicycle.holiday\/wp-content\/uploads\/2020\/04\/104-Playa-de-Muro-Cala-Rajada-Canyamel-Petra-Playa-de-Muro.png 801w\" sizes=\"auto, (max-width: 300px) 100vw, 300px\" \/><\/a><\/td>\n<td style=\"width: 3.47554%; height: 213px;\"><\/td>\n<td style=\"width: 44.0961%; height: 213px;\">\n<h5><a href=\"\/?page_id=1189\">104 &#8211; Playa de Muro &#8211; Cala Rajada &#8211; Canyamel &#8211; Petra &#8211; Playa de Muro<\/a><\/h5>\n<p><span class=\"tlid-translation translation\" lang=\"pl\"><span class=\"\" title=\"\">Zobaczysz prawdziwy krajobraz Majorki.<\/span> <span class=\"\" title=\"\">Mo\u017cesz podziwia\u0107 plantacje karczoch\u00f3w, warzyw i owoc\u00f3w.<\/span> <span class=\"\" title=\"\">To bardzo cicha i przyjemna jazda przy ma\u0142ym nat\u0119\u017ceniu ruchu.<\/span> <span class=\"\" title=\"\">P\u0142aski teren zast\u0105piono lekkim podjazdem w pobli\u017cu Art\u00e1.<\/span> <span class=\"\" title=\"\">Ta trasa rowerowa jest dobra na d\u0142ug\u0105 jazd\u0119 podczas treningu wytrzyma\u0142o\u015bciowego i techniki jazdy.<\/span> <span class=\"\" title=\"\">Mo\u017cesz tak\u017ce odwiedzi\u0107 lokaln\u0105 latarni\u0119 morsk\u0105 w Cala Rajada z widokiem na temat oraz jaskini\u0119 w Coves d\u00b4Arta.<\/span><\/span><\/td>\n<td style=\"width: 2.28036%; text-align: center;\"><\/td>\n<td style=\"width: 15.54%; text-align: center; height: 213px;\"><span class=\"tlid-translation translation\" lang=\"pl\"><span class=\"\" title=\"\">Dystans<\/span><\/span> 141.2 km<\/p>\n<p>Przewy\u017cszenie 1 468 m<\/td>\n<td style=\"width: 2.71906%; text-align: center; height: 213px;\"><\/td>\n<td style=\"width: 16.2646%; text-align: center; height: 213px;\"><a href=\"https:\/\/ridewithgps.com\/trips\/32484270.gpx?sub_format=track\"><span class=\"tlid-translation translation\" lang=\"pl\"><span title=\"\">\u015aci\u0105gnij<\/span><\/span> .gpx <span class=\"tlid-translation translation\" lang=\"pl\"><span class=\"\" title=\"\">tras\u0119<\/span><\/span><\/a><\/td>\n<\/tr>\n<tr style=\"height: 212px;\">\n<td style=\"width: 15.6245%; height: 212px;\"><a href=\"\/?page_id=1977\"><img loading=\"lazy\" decoding=\"async\" class=\"aligncenter wp-image-1975 size-medium\" src=\"https:\/\/bicycle.holiday\/wp-content\/uploads\/2020\/04\/105-Playa-de-Muro-Pollenca-Sa-Callobra-Selva-Playa-de-Muro-300x300.png\" alt=\"Route 105 - Playa de Muro - Pollenca - Sa Callobra - Selva - Playa de Muro\" width=\"300\" height=\"300\" srcset=\"https:\/\/bicycle.holiday\/wp-content\/uploads\/2020\/04\/105-Playa-de-Muro-Pollenca-Sa-Callobra-Selva-Playa-de-Muro-300x300.png 300w, https:\/\/bicycle.holiday\/wp-content\/uploads\/2020\/04\/105-Playa-de-Muro-Pollenca-Sa-Callobra-Selva-Playa-de-Muro-150x150.png 150w, https:\/\/bicycle.holiday\/wp-content\/uploads\/2020\/04\/105-Playa-de-Muro-Pollenca-Sa-Callobra-Selva-Playa-de-Muro-400x400.png 400w, https:\/\/bicycle.holiday\/wp-content\/uploads\/2020\/04\/105-Playa-de-Muro-Pollenca-Sa-Callobra-Selva-Playa-de-Muro.png 571w\" sizes=\"auto, (max-width: 300px) 100vw, 300px\" \/><\/a><\/td>\n<td style=\"width: 3.47554%; height: 212px;\"><\/td>\n<td style=\"width: 44.0961%; height: 212px;\">\n<h5><a href=\"\/?page_id=1977\">105 &#8211; Playa de Muro &#8211; Pollenca &#8211; Sa Callobra &#8211; Selva &#8211; Playa de Muro<\/a><\/h5>\n<p><span class=\"tlid-translation translation\" lang=\"pl\"><span title=\"\">Jedno z kultowych miejsc na Majorce, prze\u0142\u0119cz Sa Calobra, z ponad 20 zakr\u0119tami opadaj\u0105cymi stromo w w\u0105ski w\u0105w\u00f3z, jest jednym z najbardziej fotogenicznych widok\u00f3w, kt\u00f3rego nie mo\u017cna przegapi\u0107.<\/span> <span title=\"\">Droga skr\u0119ca w \u201euk\u0142on\u201d i znika w tunelu, aby przeciwdzia\u0142a\u0107 stromemu terenowi tego w\u0105skiego w\u0105wozu.<\/span> <span title=\"\">Po zej\u015bciu z dobrej 720 metr\u00f3w wysoko\u015bci do ma\u0142ej zatoki widoki s\u0105 po prostu niezapomniane.<\/span> <span class=\"\" title=\"\">Pi\u0119kne pla\u017ce wzd\u0142u\u017c wybrze\u017ca s\u0105 dost\u0119pne w\u0105sk\u0105 \u015bcie\u017ck\u0105 z tunelami wykutymi w kamieniu &#8211; niezbyt wygodne, je\u015bli nosisz buty rowerowe, ale zdecydowanie warto je zobaczy\u0107.<\/span> <span class=\"\" title=\"\">Mo\u017cesz dotrze\u0107 do Sa Calobra wspinaj\u0105c si\u0119 do Lluc z Selva, co jest przyjemnym przyjaznym podjazdem o oko\u0142o pi\u0119ciu procentach powy\u017cej 8 km.<\/span><\/span><\/td>\n<td style=\"width: 2.28036%; text-align: center;\"><\/td>\n<td style=\"width: 15.54%; text-align: center; height: 212px;\"><span class=\"tlid-translation translation\" lang=\"pl\"><span class=\"\" title=\"\">Dystans<\/span><\/span> 111.3 km<\/p>\n<p>Przewy\u017cszenie 2 495 m<\/td>\n<td style=\"width: 2.71906%; text-align: center; height: 212px;\"><\/td>\n<td style=\"width: 16.2646%; text-align: center; height: 212px;\"><a href=\"https:\/\/ridewithgps.com\/trips\/32476952.gpx?sub_format=track\"><span class=\"tlid-translation translation\" lang=\"pl\"><span title=\"\">\u015aci\u0105gnij<\/span><\/span> .gpx <span class=\"tlid-translation translation\" lang=\"pl\"><span class=\"\" title=\"\">tras\u0119<\/span><\/span><\/a><\/td>\n<\/tr>\n<tr style=\"height: 212px;\">\n<td style=\"width: 15.6245%; height: 212px;\"><a href=\"\/?page_id=1985\"><img loading=\"lazy\" decoding=\"async\" class=\"aligncenter wp-image-1983 size-medium\" src=\"https:\/\/bicycle.holiday\/wp-content\/uploads\/2020\/04\/106-Playa-de-Muro-Caimari-Orient-Bunyola-Santa-Maria-Playa-de-Muro-300x300.png\" alt=\"Route 106 - Playa de Muro - Caimari - Orient - Bunyola - Santa Maria - Playa de Muro\" width=\"300\" height=\"300\" srcset=\"https:\/\/bicycle.holiday\/wp-content\/uploads\/2020\/04\/106-Playa-de-Muro-Caimari-Orient-Bunyola-Santa-Maria-Playa-de-Muro-300x300.png 300w, https:\/\/bicycle.holiday\/wp-content\/uploads\/2020\/04\/106-Playa-de-Muro-Caimari-Orient-Bunyola-Santa-Maria-Playa-de-Muro-150x150.png 150w, https:\/\/bicycle.holiday\/wp-content\/uploads\/2020\/04\/106-Playa-de-Muro-Caimari-Orient-Bunyola-Santa-Maria-Playa-de-Muro-400x400.png 400w, https:\/\/bicycle.holiday\/wp-content\/uploads\/2020\/04\/106-Playa-de-Muro-Caimari-Orient-Bunyola-Santa-Maria-Playa-de-Muro.png 680w\" sizes=\"auto, (max-width: 300px) 100vw, 300px\" \/><\/a><\/td>\n<td style=\"width: 3.47554%; height: 212px;\"><\/td>\n<td style=\"width: 44.0961%; height: 212px;\">\n<h5><a href=\"\/?page_id=1985\">106 &#8211; Playa de Muro &#8211; Caimari &#8211; Orient &#8211; Bunyola &#8211; Santa Maria &#8211; Playa de Muro<\/a><\/h5>\n<p><span class=\"tlid-translation translation\" lang=\"pl\"><span title=\"\">\u015awietna trasa pod g\u00f3rami prowadz\u0105ca przez pag\u00f3rkowat\u0105 dolin\u0119 Orientu do malowniczej Bunyoli i popularnej Santa Maria.<\/span> <span class=\"\" title=\"\">Je\u015bli w niedziel\u0119 przejdziesz przez wiosk\u0119 Santa Maria, odwied\u017a lokalny rynek pe\u0142en tradycyjnych ciastek, chleb\u00f3w, ser\u00f3w, oliwek lub po prostu podziwiaj r\u0119cznie robione ceramiczne lub dzianinowe kosze.<\/span> <span class=\"\" title=\"\">Znajdziesz tam wyb\u00f3r kawiarni i restauracji, kt\u00f3re serwuj\u0105 szczeg\u00f3lnie dobre posi\u0142ki i du\u017ce kawa\u0142ki r\u00f3\u017cnych ciast.<\/span> <span class=\"\" title=\"\">Nast\u0119pnie wybierz magiczny relaksuj\u0105cy szlak wina z powrotem do Alcudii.<\/span><\/span><\/td>\n<td style=\"width: 2.28036%; text-align: center;\"><\/td>\n<td style=\"width: 15.54%; text-align: center; height: 212px;\"><span class=\"tlid-translation translation\" lang=\"pl\"><span class=\"\" title=\"\">Dystans<\/span><\/span> 113.5 km<\/p>\n<p>Przewy\u017cszenie 1 236 m<\/td>\n<td style=\"width: 2.71906%; text-align: center; height: 212px;\"><\/td>\n<td style=\"width: 16.2646%; text-align: center; height: 212px;\"><a href=\"https:\/\/ridewithgps.com\/trips\/32477068.gpx?sub_format=track\"><span class=\"tlid-translation translation\" lang=\"pl\"><span title=\"\">\u015aci\u0105gnij<\/span><\/span> .gpx <span class=\"tlid-translation translation\" lang=\"pl\"><span class=\"\" title=\"\">tras\u0119<\/span><\/span><\/a><\/td>\n<\/tr>\n<tr style=\"height: 212px;\">\n<td style=\"width: 15.6245%; height: 212px;\"><a href=\"\/?page_id=1994\"><img loading=\"lazy\" decoding=\"async\" class=\"aligncenter wp-image-1991 size-medium\" src=\"https:\/\/bicycle.holiday\/wp-content\/uploads\/2020\/04\/107-Playa-de-Muro-Pollenca-Lluc-Soller-Bunyola-Orient-Selva-Playa-de-Muro-300x300.png\" alt=\"Route 107 - Playa de Muro - Pollenca - Lluc - Soller - Bunyola - Orient - Selva - Playa de Muro\" width=\"300\" height=\"300\" srcset=\"https:\/\/bicycle.holiday\/wp-content\/uploads\/2020\/04\/107-Playa-de-Muro-Pollenca-Lluc-Soller-Bunyola-Orient-Selva-Playa-de-Muro-300x300.png 300w, https:\/\/bicycle.holiday\/wp-content\/uploads\/2020\/04\/107-Playa-de-Muro-Pollenca-Lluc-Soller-Bunyola-Orient-Selva-Playa-de-Muro-150x150.png 150w, https:\/\/bicycle.holiday\/wp-content\/uploads\/2020\/04\/107-Playa-de-Muro-Pollenca-Lluc-Soller-Bunyola-Orient-Selva-Playa-de-Muro-400x400.png 400w, https:\/\/bicycle.holiday\/wp-content\/uploads\/2020\/04\/107-Playa-de-Muro-Pollenca-Lluc-Soller-Bunyola-Orient-Selva-Playa-de-Muro.png 664w\" sizes=\"auto, (max-width: 300px) 100vw, 300px\" \/><\/a><\/td>\n<td style=\"width: 3.47554%; height: 212px;\"><\/td>\n<td style=\"width: 44.0961%; height: 212px;\">\n<h5><a href=\"\/?page_id=1994\">107 &#8211; Playa de Muro &#8211; Pollenca &#8211; Lluc &#8211; Soller &#8211; Bunyola &#8211; Orient &#8211; Selva &#8211; Playa de Muro<\/a><\/h5>\n<p><span class=\"tlid-translation translation\" lang=\"pl\"><span title=\"\">Udasz si\u0119 na najs\u0142ynniejsze wej\u015bcia na Majork\u0119.<\/span> <span title=\"\">Ta trasa rowerowa prowadzi do Doliny Orientu i do Bunyola, a stamt\u0105d do Coll de Soller i na szczyt Majorki, Puig Major.<\/span> <span title=\"\">Wysi\u0142ek jest nagradzany fantastyczn\u0105 sceneri\u0105 wok\u00f3\u0142 zbiornik\u00f3w Cuber i Gorg Blau.<\/span> <span class=\"\" title=\"\">Jest to \u015bwietna opcja dla do\u015bwiadczonych rowerzyst\u00f3w, kt\u00f3rzy chc\u0105 do\u015bwiadczy\u0107 prawdziwej adrenaliny podczas g\u00f3rskich zjazd\u00f3w i szybkich zjazd\u00f3w po wyspie.<\/span><\/span><\/td>\n<td style=\"width: 2.28036%; text-align: center;\"><\/td>\n<td style=\"width: 15.54%; text-align: center; height: 212px;\"><span class=\"tlid-translation translation\" lang=\"pl\"><span class=\"\" title=\"\">Dystans<\/span><\/span> 140.1 km<\/p>\n<p>Przewy\u017cszenie 2 751 m<\/td>\n<td style=\"width: 2.71906%; text-align: center; height: 212px;\"><\/td>\n<td style=\"width: 16.2646%; text-align: center; height: 212px;\"><a href=\"https:\/\/ridewithgps.com\/trips\/32477321.gpx?sub_format=track\"><span class=\"tlid-translation translation\" lang=\"pl\"><span title=\"\">\u015aci\u0105gnij<\/span><\/span> .gpx <span class=\"tlid-translation translation\" lang=\"pl\"><span class=\"\" title=\"\">tras\u0119<\/span><\/span><\/a><\/td>\n<\/tr>\n<tr style=\"height: 300px;\">\n<td style=\"width: 15.6245%; height: 161px;\"><a href=\"https:\/\/bicycle.holiday\/route-108-playa-de-muro-petra-sant-salvator-monturi-muro-playa-de-muro\/\"><img loading=\"lazy\" decoding=\"async\" class=\"aligncenter wp-image-1148 size-medium\" src=\"https:\/\/bicycle.holiday\/wp-content\/uploads\/2020\/04\/108-Playa-de-Muro-Petra-Sant-Salvator-Monturi-Muro-300x300.png\" alt=\"Route 108 - Playa de Muro - Petra - Sant Salvator - Monturi - Muro - Playa de Muro\" width=\"300\" height=\"300\" srcset=\"https:\/\/bicycle.holiday\/wp-content\/uploads\/2020\/04\/108-Playa-de-Muro-Petra-Sant-Salvator-Monturi-Muro-300x300.png 300w, https:\/\/bicycle.holiday\/wp-content\/uploads\/2020\/04\/108-Playa-de-Muro-Petra-Sant-Salvator-Monturi-Muro-150x150.png 150w, https:\/\/bicycle.holiday\/wp-content\/uploads\/2020\/04\/108-Playa-de-Muro-Petra-Sant-Salvator-Monturi-Muro.png 424w\" sizes=\"auto, (max-width: 300px) 100vw, 300px\" \/><\/a><\/td>\n<td style=\"width: 3.47554%; height: 161px;\"><\/td>\n<td style=\"width: 44.0961%; height: 161px;\">\n<h5><a href=\"\/?page_id=1192\">108 &#8211; Playa de Muro &#8211; Petra &#8211; Sant Salvator &#8211; Monturi &#8211; Muro &#8211; Playa de Muro<\/a><\/h5>\n<p><span class=\"tlid-translation translation\" lang=\"pl\"><span title=\"\">Wspinaj\u0105c si\u0119 do Sant Salvador, zostaniesz nagrodzony fantastycznym widokiem na Majork\u0119 le\u017c\u0105c\u0105 u twoich st\u00f3p.<\/span> <span title=\"\">Nie jest to trudne i dlatego ta trasa jest jedn\u0105 z najtrudniejszych podjazd\u00f3w dla rowerzyst\u00f3w wszystkich kategorii.<\/span> <span class=\"\" title=\"\">\u0141atwo go znale\u017a\u0107, a tak\u017ce ma\u0142e muzeum z kolarskimi koszulami mistrza \u015bwiata.<\/span><\/span><\/td>\n<td style=\"width: 2.28036%; text-align: center;\"><\/td>\n<td style=\"width: 15.54%; text-align: center; height: 161px;\"><span class=\"tlid-translation translation\" lang=\"pl\"><span class=\"\" title=\"\">Dystans<\/span><\/span> 127 km<\/p>\n<p>Przewy\u017cszenie 1 239 m<\/td>\n<td style=\"width: 2.71906%; text-align: center; height: 161px;\"><\/td>\n<td style=\"width: 16.2646%; text-align: center; height: 161px;\"><a href=\"https:\/\/ridewithgps.com\/trips\/32433481.gpx?sub_format=track\"><span class=\"tlid-translation translation\" lang=\"pl\"><span title=\"\">\u015aci\u0105gnij<\/span><\/span> .gpx <span class=\"tlid-translation translation\" lang=\"pl\"><span class=\"\" title=\"\">tras\u0119<\/span><\/span><\/a><\/td>\n<\/tr>\n<tr style=\"height: 300px;\">\n<td style=\"width: 15.6245%; height: 209px;\"><a href=\"\/?page_id=1195\"><img loading=\"lazy\" decoding=\"async\" class=\"aligncenter wp-image-1154 size-medium\" src=\"https:\/\/bicycle.holiday\/wp-content\/uploads\/2020\/04\/109-Playa-de-Muro-Sineu-Puig-de-Randa-Algaida-Sa-Pobla-300x300.png\" alt=\"Route 109 - Playa de Muro - Sineu - Puig de Randa - Algaida - Sa Pobla - Playa de Muro\" width=\"300\" height=\"300\" srcset=\"https:\/\/bicycle.holiday\/wp-content\/uploads\/2020\/04\/109-Playa-de-Muro-Sineu-Puig-de-Randa-Algaida-Sa-Pobla-300x300.png 300w, https:\/\/bicycle.holiday\/wp-content\/uploads\/2020\/04\/109-Playa-de-Muro-Sineu-Puig-de-Randa-Algaida-Sa-Pobla-150x150.png 150w, https:\/\/bicycle.holiday\/wp-content\/uploads\/2020\/04\/109-Playa-de-Muro-Sineu-Puig-de-Randa-Algaida-Sa-Pobla.png 389w\" sizes=\"auto, (max-width: 300px) 100vw, 300px\" \/><\/a><\/td>\n<td style=\"width: 3.47554%; height: 209px;\"><\/td>\n<td style=\"width: 44.0961%; height: 209px;\">\n<h5><a href=\"\/?page_id=1195\">109 &#8211; Playa de Muro &#8211; Sineu &#8211; Puig de Randa &#8211; Algaida &#8211; Sa Pobla &#8211; Playa de Muro<\/a><\/h5>\n<p><span class=\"tlid-translation translation\" lang=\"pl\"><span class=\"\" title=\"\">To wzg\u00f3rze jest widoczne z ca\u0142ej Majorki i zawsze b\u0119dzie Twoj\u0105 latarni\u0105 morsk\u0105 podczas jazdy po wyspie.<\/span> <span class=\"\" title=\"\">Wspinaczka po Puig de Randa jest \u0142atwiejsz\u0105 i bardziej popularn\u0105 tras\u0105.<\/span> <span class=\"\" title=\"\">Z \u0142atwych, p\u0142askich teren\u00f3w wiejskich b\u0119dziesz stopniowo wspina\u0107 si\u0119 na oko\u0142o 5 km dobrej asfaltowej drogi ze \u015brednim nachyleniem oko\u0142o 5%.<\/span> <span class=\"\" title=\"\">Na g\u00f3rze mo\u017cna zobaczy\u0107 stary klasztor i niesamowite widoki.<\/span><\/span><\/td>\n<td style=\"width: 2.28036%; text-align: center;\"><\/td>\n<td style=\"width: 15.54%; text-align: center; height: 209px;\"><span class=\"tlid-translation translation\" lang=\"pl\"><span class=\"\" title=\"\">Dystans<\/span><\/span> 106.8 km<\/p>\n<p>Przewy\u017cszenie 1 201 m<\/td>\n<td style=\"width: 2.71906%; text-align: center; height: 209px;\"><\/td>\n<td style=\"width: 16.2646%; text-align: center; height: 209px;\"><a href=\"https:\/\/ridewithgps.com\/trips\/32433482.gpx?sub_format=track\"><span class=\"tlid-translation translation\" lang=\"pl\"><span title=\"\">\u015aci\u0105gnij<\/span><\/span> .gpx <span class=\"tlid-translation translation\" lang=\"pl\"><span class=\"\" title=\"\">tras\u0119<\/span><\/span><\/a><\/td>\n<\/tr>\n<tr style=\"height: 24px;\">\n<td style=\"width: 15.6245%; height: 146px;\"><a href=\"\/?page_id=1198\"><img loading=\"lazy\" decoding=\"async\" class=\"aligncenter wp-image-1161 size-medium\" src=\"https:\/\/bicycle.holiday\/wp-content\/uploads\/2020\/04\/110-Andraxt-Valldemosa-Soller-Pollenca-Playa-de-Muro-300x300.png\" alt=\"Route 110 - Andraxt - Valldemosa - Soller - Pollenca - Playa de Muro\" width=\"300\" height=\"300\" srcset=\"https:\/\/bicycle.holiday\/wp-content\/uploads\/2020\/04\/110-Andraxt-Valldemosa-Soller-Pollenca-Playa-de-Muro-300x300.png 300w, https:\/\/bicycle.holiday\/wp-content\/uploads\/2020\/04\/110-Andraxt-Valldemosa-Soller-Pollenca-Playa-de-Muro-150x150.png 150w, https:\/\/bicycle.holiday\/wp-content\/uploads\/2020\/04\/110-Andraxt-Valldemosa-Soller-Pollenca-Playa-de-Muro-399x400.png 399w, https:\/\/bicycle.holiday\/wp-content\/uploads\/2020\/04\/110-Andraxt-Valldemosa-Soller-Pollenca-Playa-de-Muro.png 764w\" sizes=\"auto, (max-width: 300px) 100vw, 300px\" \/><\/a><\/td>\n<td style=\"width: 3.47554%; height: 146px;\"><\/td>\n<td style=\"width: 44.0961%; height: 146px;\">\n<h5><span style=\"color: #d5ff00;\">WITH BUS TRANSFER<\/span><\/h5>\n<h5><a href=\"\/?page_id=1198\">110 &#8211; Andraxt &#8211; Valldemosa &#8211; Soller &#8211; Pollenca &#8211; Playa de Muro<\/a><\/h5>\n<div class=\"text-wrap tlid-copy-target\">\n<div class=\"result-shield-container tlid-copy-target\" tabindex=\"0\">\n<p><span class=\"tlid-translation translation\" lang=\"pl\"><span title=\"\"><span class=\"\" title=\"\">Odwieziemy Ci\u0119<\/span> do miasta Andratx, sk\u0105d mo\u017cesz wybra\u0107 r\u00f3\u017cne trasy z powrotem do Alcudii.<\/span><\/span><\/p>\n<p><span class=\"\" title=\"\">Bez w\u0105tpienia staniesz przed jedn\u0105 z najbardziej malowniczych i jednocze\u015bnie najbardziej skomplikowanych tras na Majorce, ale nie mo\u017cesz tego przegapi\u0107, je\u015bli przyjedziesz na Majork\u0119!<\/span> <span class=\"\" title=\"\">Niesamowity krajobraz i widok na morze ze \u015bwie\u017c\u0105 morsk\u0105 bryz\u0105, tarasy drzew owocowych w Banyalbufar lub trudna wspinaczka do Coll de Puig Major jest przeznaczona dla wykwalifikowanych \/ do\u015bwiadczonych rowerzyst\u00f3w.<\/span> <span class=\"\" title=\"\">Dobr\u0105 rzecz\u0105 po ca\u0142ym tym wysi\u0142ku jest to, \u017ce zako\u0144czysz wypocz\u0119t\u0105 tras\u0119, poniewa\u017c ostatnia cz\u0119\u015b\u0107 drogi powrotnej jest z g\u00f3rki.<\/span><\/p>\n<\/div>\n<\/div>\n<div class=\"tlid-result-transliteration-container result-transliteration-container transliteration-container\">\n<div class=\"tlid-transliteration-content transliteration-content full\"><\/div>\n<\/div>\n<\/td>\n<td style=\"width: 2.28036%; text-align: center;\"><\/td>\n<td style=\"width: 15.54%; text-align: center; height: 146px;\"><span class=\"tlid-translation translation\" lang=\"pl\"><span class=\"\" title=\"\">Dystans<\/span><\/span> 126.1 km<\/p>\n<p>Przewy\u017cszenie 3 072 m<\/td>\n<td style=\"width: 2.71906%; text-align: center; height: 146px;\"><\/td>\n<td style=\"width: 16.2646%; text-align: center; height: 146px;\"><a href=\"https:\/\/ridewithgps.com\/trips\/32433483.gpx?sub_format=track\"><span class=\"tlid-translation translation\" lang=\"pl\"><span title=\"\">\u015aci\u0105gnij<\/span><\/span> .gpx <span class=\"tlid-translation translation\" lang=\"pl\"><span class=\"\" title=\"\">tras\u0119<\/span><\/span><\/a><\/td>\n<\/tr>\n<tr style=\"height: 63px;\">\n<td style=\"width: 15.6245%; height: 63px;\"><a href=\"https:\/\/bicycle.holiday\/?page_id=1201&amp;preview=true\"><img loading=\"lazy\" decoding=\"async\" class=\"aligncenter wp-image-1167 size-medium\" src=\"https:\/\/bicycle.holiday\/wp-content\/uploads\/2020\/04\/111-Andraxt-Esporles-Santa-Maria-Playa-de-Muro-300x300.png\" alt=\"Route 111 - Andraxt - Esporles - Santa Maria - Playa de Muro\" width=\"300\" height=\"300\" srcset=\"https:\/\/bicycle.holiday\/wp-content\/uploads\/2020\/04\/111-Andraxt-Esporles-Santa-Maria-Playa-de-Muro-300x300.png 300w, https:\/\/bicycle.holiday\/wp-content\/uploads\/2020\/04\/111-Andraxt-Esporles-Santa-Maria-Playa-de-Muro-150x150.png 150w, https:\/\/bicycle.holiday\/wp-content\/uploads\/2020\/04\/111-Andraxt-Esporles-Santa-Maria-Playa-de-Muro-399x400.png 399w, https:\/\/bicycle.holiday\/wp-content\/uploads\/2020\/04\/111-Andraxt-Esporles-Santa-Maria-Playa-de-Muro.png 722w\" sizes=\"auto, (max-width: 300px) 100vw, 300px\" \/><\/a><\/td>\n<td style=\"width: 3.47554%; height: 63px;\"><\/td>\n<td style=\"width: 44.0961%; height: 63px;\">\n<h5><span style=\"color: #d5ff00;\">WITH BUS TRANSFER<\/span><\/h5>\n<h5><a href=\"https:\/\/bicycle.holiday\/?page_id=1201&amp;preview=true\">111 &#8211; Andraxt &#8211; Esporles &#8211; Santa Maria &#8211; Playa de Muro<\/a><\/h5>\n<p><span class=\"tlid-translation translation\" lang=\"pl\"><span title=\"\"><span class=\"\" title=\"\">Odwieziemy Ci\u0119<\/span> do miasta Andratx, sk\u0105d mo\u017cesz wybra\u0107 r\u00f3\u017cne trasy z powrotem do Alcudii.<\/span><\/span><\/p>\n<p><span title=\"\">Podczas d\u0142ugiej wspinaczki dotrzecie do uroczej wioski Banyalbufar Tramuntana z fantastycznym widokiem na morze, gdzie mieszka\u0144cy serwuj\u0105 smaczne \u015bwie\u017ce soki pomara\u0144czowe.<\/span> <span class=\"\" title=\"\">Przejedziesz przez typowe kamienne wioski i sko\u0144czysz na trasie prowadz\u0105cej przez winn\u0105 tras\u0119 Cam\u00ed del Muro.<\/span><\/td>\n<td style=\"width: 2.28036%; text-align: center;\"><\/td>\n<td style=\"width: 15.54%; text-align: center; height: 63px;\"><span class=\"tlid-translation translation\" lang=\"pl\"><span class=\"\" title=\"\">Dystans<\/span><\/span> 88.9 km<\/p>\n<p>Przewy\u017cszenie 1 028 m<\/td>\n<td style=\"width: 2.71906%; text-align: center; height: 63px;\"><\/td>\n<td style=\"width: 16.2646%; text-align: center; height: 63px;\"><a href=\"https:\/\/ridewithgps.com\/trips\/32433484.gpx?sub_format=track\"><span class=\"tlid-translation translation\" lang=\"pl\"><span title=\"\">\u015aci\u0105gnij<\/span><\/span> .gpx <span class=\"tlid-translation translation\" lang=\"pl\"><span class=\"\" title=\"\">tras\u0119<\/span><\/span><\/a><\/td>\n<\/tr>\n<tr style=\"height: 150px;\">\n<td style=\"width: 15.6245%; height: 150px;\"><a href=\"\/?page_id=1204\"><img loading=\"lazy\" decoding=\"async\" class=\"aligncenter wp-image-1172 size-medium\" src=\"https:\/\/bicycle.holiday\/wp-content\/uploads\/2020\/04\/112-Soller-Sa-Callobra-Caimari-Playa-de-Muro-300x300.png\" alt=\"Route 112 - Soller - Sa Callobra - Caimari - Playa de Muro\" width=\"300\" height=\"300\" srcset=\"https:\/\/bicycle.holiday\/wp-content\/uploads\/2020\/04\/112-Soller-Sa-Callobra-Caimari-Playa-de-Muro-300x300.png 300w, https:\/\/bicycle.holiday\/wp-content\/uploads\/2020\/04\/112-Soller-Sa-Callobra-Caimari-Playa-de-Muro-150x150.png 150w, https:\/\/bicycle.holiday\/wp-content\/uploads\/2020\/04\/112-Soller-Sa-Callobra-Caimari-Playa-de-Muro-399x400.png 399w, https:\/\/bicycle.holiday\/wp-content\/uploads\/2020\/04\/112-Soller-Sa-Callobra-Caimari-Playa-de-Muro.png 681w\" sizes=\"auto, (max-width: 300px) 100vw, 300px\" \/><\/a><\/td>\n<td style=\"width: 3.47554%; height: 150px;\"><\/td>\n<td style=\"width: 44.0961%; height: 150px;\">\n<h5><span style=\"color: #d5ff00;\">WITH BUS TRANSFER<\/span><\/h5>\n<h5><a href=\"\/?page_id=1204\">112 &#8211; Soller &#8211; Sa Callobra &#8211; Caimari &#8211; Playa de Muro<\/a><\/h5>\n<p><span class=\"tlid-translation translation\" lang=\"pl\"><span class=\"\" title=\"\">Odwieziemy Ci\u0119 do Soller, aby u\u0142atwi\u0107 Ci jazd\u0119, poniewa\u017c mo\u017cesz spodziewa\u0107 si\u0119 bardzo skomplikowanej trasy w p\u00f3\u0142nocnej cz\u0119\u015bci Majorki.<\/span> <span class=\"\" title=\"\">Ta trudna jazda przebiega przez dwie najtrudniejsze cz\u0119\u015bci wyspy.<\/span> <span title=\"\">Dotrzesz do Coll de Puig Major i s\u0142ynnej Sa Calobra.<\/span> <span class=\"\" title=\"\">Pi\u0119kny g\u00f3rski krajobraz sprawi, \u017ce poczujesz si\u0119 jak w Pirenejach.<\/span><\/span><\/td>\n<td style=\"width: 2.28036%; text-align: center;\"><\/td>\n<td style=\"width: 15.54%; text-align: center; height: 150px;\"><span class=\"tlid-translation translation\" lang=\"pl\"><span class=\"\" title=\"\">Dystans<\/span><\/span> 92.4 km<\/p>\n<p>Przewy\u017cszenie 2 437 m<\/td>\n<td style=\"width: 2.71906%; text-align: center; height: 150px;\"><\/td>\n<td style=\"width: 16.2646%; text-align: center; height: 150px;\"><a href=\"https:\/\/ridewithgps.com\/trips\/32433485.gpx?sub_format=track\"><span class=\"tlid-translation translation\" lang=\"pl\"><span title=\"\">\u015aci\u0105gnij<\/span><\/span> .gpx <span class=\"tlid-translation translation\" lang=\"pl\"><span class=\"\" title=\"\">tras\u0119<\/span><\/span><\/a><\/td>\n<\/tr>\n<\/tbody>\n<\/table>\n<p>&nbsp;<\/p>\n<h2><span class=\"tlid-translation translation\" lang=\"pl\"><span class=\"\" title=\"\">Wycieczki i transfery autobusowe<\/span><\/span><\/h2>\n<table style=\"border-collapse: collapse; width: 100%;\">\n<tbody>\n<tr>\n<td style=\"width: 31.4523%;\"><img loading=\"lazy\" decoding=\"async\" class=\"aligncenter size-medium wp-image-1997\" src=\"https:\/\/bicycle.holiday\/wp-content\/uploads\/2020\/04\/IMG_4731-kopie-300x225.jpg\" alt=\"Bus with bike trailer\" width=\"300\" height=\"225\" srcset=\"https:\/\/bicycle.holiday\/wp-content\/uploads\/2020\/04\/IMG_4731-kopie-300x225.jpg 300w, https:\/\/bicycle.holiday\/wp-content\/uploads\/2020\/04\/IMG_4731-kopie-1024x768.jpg 1024w, https:\/\/bicycle.holiday\/wp-content\/uploads\/2020\/04\/IMG_4731-kopie-768x576.jpg 768w, https:\/\/bicycle.holiday\/wp-content\/uploads\/2020\/04\/IMG_4731-kopie-1536x1152.jpg 1536w, https:\/\/bicycle.holiday\/wp-content\/uploads\/2020\/04\/IMG_4731-kopie-2048x1536.jpg 2048w, https:\/\/bicycle.holiday\/wp-content\/uploads\/2020\/04\/IMG_4731-kopie-533x400.jpg 533w, https:\/\/bicycle.holiday\/wp-content\/uploads\/2020\/04\/IMG_4731-kopie-1440x1080.jpg 1440w\" sizes=\"auto, (max-width: 300px) 100vw, 300px\" \/><\/td>\n<td style=\"width: 68.5477%;\"><span class=\"tlid-translation translation\" lang=\"pl\"><span title=\"\">Z przyjemno\u015bci\u0105 zorganizujemy transfer w dowolne miejsce na wyspie.<\/span> <span title=\"\">Nasze pojazdy transportowe s\u0105 przygotowane z przyczepami przystosowanymi do przewozu rower\u00f3w lub innych przedmiot\u00f3w.<\/span> <span class=\"\" title=\"\">Na miejscu mo\u017cna sprawdzi\u0107 dost\u0119pne wycieczki. Oferujemy r\u00f3wnie\u017c us\u0142ugi z i na lotnisko Palma de Mallorca, w tym transfer rower\u00f3w.<\/span><\/span><\/td>\n<\/tr>\n<\/tbody>\n<\/table>\n<h2><\/h2>\n<h3><span class=\"tlid-translation translation\" lang=\"pl\"><span class=\"\" title=\"\">Cennik transferowy<\/span><\/span><\/h3>\n<table style=\"border-collapse: collapse; width: 100%; height: 55px;\" border=\"1\">\n<tbody>\n<tr>\n<td style=\"width: 15.3476%; border-style: solid;\"><span class=\"tlid-translation translation\" lang=\"pl\"><span class=\"\" title=\"\">Liczba pasa\u017cer\u00f3w<\/span><\/span><\/td>\n<td style=\"width: 9.14061%; text-align: center; border-style: solid;\">1<\/td>\n<td style=\"width: 8.84509%; text-align: center; border-style: solid;\">2<\/td>\n<td style=\"width: 11.1111%; text-align: center; border-style: solid;\">3<\/td>\n<td style=\"width: 10.1916%; text-align: center; border-style: solid;\">4<\/td>\n<td style=\"width: 11.4559%; text-align: center; border-style: solid;\">5<\/td>\n<td style=\"width: 10.4214%; text-align: center; border-style: solid;\">6<\/td>\n<td style=\"width: 10.6513%; text-align: center; border-style: solid;\">7<\/td>\n<td style=\"width: 12.8352%; text-align: center; border-style: solid;\"><span class=\"tlid-translation translation\" lang=\"pl\"><span class=\"\" title=\"\">nast\u0119pny pasa\u017cer<\/span><\/span><\/td>\n<\/tr>\n<tr>\n<td style=\"width: 15.3476%; border-style: solid;\"><span class=\"tlid-translation translation\" lang=\"pl\"><span class=\"\" title=\"\">Cena za pasa\u017cera<\/span><\/span><\/td>\n<td style=\"width: 9.14061%; text-align: center; border-style: solid;\">112 \u20ac<\/td>\n<td style=\"width: 8.84509%; text-align: center; border-style: solid;\">56 \u20ac<\/td>\n<td style=\"width: 11.1111%; text-align: center; border-style: solid;\">37 \u20ac<\/td>\n<td style=\"width: 10.1916%; text-align: center; border-style: solid;\">28 \u20ac<\/td>\n<td style=\"width: 11.4559%; text-align: center; border-style: solid;\">22 \u20ac<\/td>\n<td style=\"width: 10.4214%; text-align: center; border-style: solid;\">19 \u20ac<\/td>\n<td style=\"width: 10.6513%; text-align: center; border-style: solid;\">16 \u20ac<\/td>\n<td style=\"width: 12.8352%; text-align: center; border-style: solid;\">+16 \u20ac<\/td>\n<\/tr>\n<\/tbody>\n<\/table>\n<p><span class=\"tlid-translation translation\" lang=\"pl\"><span class=\"\" title=\"\">Ceny obowi\u0105zuj\u0105 na ca\u0142ej wyspie i obejmuj\u0105 bezpieczny transport rower\u00f3w w specjalnej przyczepie rowerowej.<\/span><\/span><\/p>\n","protected":false},"excerpt":{"rendered":"<p>Polecane trasy Jednym ze sposob\u00f3w maksymalnego wykorzystania pobytu na Majorce jest uprawianie sportu, kt\u00f3ry korzysta z doskona\u0142ej dost\u0119pnej sieci dr\u00f3g. Jazda na rowerze na Majorce jest czym\u015b wyj\u0105tkowym. Kiedy spr\u00f3bujesz, zrozumiesz. To jeden z najprzyjemniejszych sposob\u00f3w odkrywania wi\u0119kszej cz\u0119\u015bci tej cz\u0119\u015bci wyspy. Ruch jest niewielki, du\u017ca liczba dr\u00f3g, a jako\u015b\u0107 nawierzchni jest niezwyk\u0142a. Wiele dr\u00f3g [&hellip;]<\/p>\n","protected":false},"author":1,"featured_media":0,"parent":0,"menu_order":96,"comment_status":"closed","ping_status":"closed","template":"","meta":{"_acf_changed":false,"footnotes":""},"class_list":["post-407","page","type-page","status-publish","hentry"],"acf":[],"yoast_head":"<!-- This site is optimized with the Yoast SEO plugin v27.4 - https:\/\/yoast.com\/product\/yoast-seo-wordpress\/ -->\n<title>Trasy i wycieczki - Bicycle.Holiday<\/title>\n<meta name=\"robots\" content=\"index, follow, max-snippet:-1, max-image-preview:large, max-video-preview:-1\" \/>\n<link rel=\"canonical\" href=\"https:\/\/bicycle.holiday\/pl\/trasy-i-wycieczki\/\" \/>\n<meta property=\"og:locale\" content=\"pl_PL\" \/>\n<meta property=\"og:type\" content=\"article\" \/>\n<meta property=\"og:title\" content=\"Trasy i wycieczki - Bicycle.Holiday\" \/>\n<meta property=\"og:description\" content=\"Polecane trasy Jednym ze sposob\u00f3w maksymalnego wykorzystania pobytu na Majorce jest uprawianie sportu, kt\u00f3ry korzysta z doskona\u0142ej dost\u0119pnej sieci dr\u00f3g. Jazda na rowerze na Majorce jest czym\u015b wyj\u0105tkowym. Kiedy spr\u00f3bujesz, zrozumiesz. To jeden z najprzyjemniejszych sposob\u00f3w odkrywania wi\u0119kszej cz\u0119\u015bci tej cz\u0119\u015bci wyspy. Ruch jest niewielki, du\u017ca liczba dr\u00f3g, a jako\u015b\u0107 nawierzchni jest niezwyk\u0142a. Wiele dr\u00f3g [&hellip;]\" \/>\n<meta property=\"og:url\" content=\"https:\/\/bicycle.holiday\/pl\/trasy-i-wycieczki\/\" \/>\n<meta property=\"og:site_name\" content=\"Bicycle.Holiday\" \/>\n<meta property=\"article:publisher\" content=\"https:\/\/www.facebook.com\/Bicycle.Holiday\" \/>\n<meta property=\"article:modified_time\" content=\"2020-10-23T10:55:42+00:00\" \/>\n<meta property=\"og:image\" content=\"https:\/\/bicycle.holiday\/wp-content\/uploads\/2020\/04\/100-Playa-de-Muro-Ermita-de-Victoria-Port-de-Pollenca-Cala-Sant-Vincent-Pollenca-300x300.png\" \/>\n<meta name=\"twitter:card\" content=\"summary_large_image\" \/>\n<meta name=\"twitter:label1\" content=\"Szacowany czas czytania\" \/>\n\t<meta name=\"twitter:data1\" content=\"9 minut\" \/>\n<script type=\"application\/ld+json\" class=\"yoast-schema-graph\">{\"@context\":\"https:\\\/\\\/schema.org\",\"@graph\":[{\"@type\":\"WebPage\",\"@id\":\"https:\\\/\\\/bicycle.holiday\\\/pl\\\/trasy-i-wycieczki\\\/\",\"url\":\"https:\\\/\\\/bicycle.holiday\\\/pl\\\/trasy-i-wycieczki\\\/\",\"name\":\"Trasy i wycieczki - Bicycle.Holiday\",\"isPartOf\":{\"@id\":\"https:\\\/\\\/bicycle.holiday\\\/pl\\\/#website\"},\"primaryImageOfPage\":{\"@id\":\"https:\\\/\\\/bicycle.holiday\\\/pl\\\/trasy-i-wycieczki\\\/#primaryimage\"},\"image\":{\"@id\":\"https:\\\/\\\/bicycle.holiday\\\/pl\\\/trasy-i-wycieczki\\\/#primaryimage\"},\"thumbnailUrl\":\"https:\\\/\\\/bicycle.holiday\\\/wp-content\\\/uploads\\\/2020\\\/04\\\/100-Playa-de-Muro-Ermita-de-Victoria-Port-de-Pollenca-Cala-Sant-Vincent-Pollenca-300x300.png\",\"datePublished\":\"2020-03-31T11:44:37+00:00\",\"dateModified\":\"2020-10-23T10:55:42+00:00\",\"breadcrumb\":{\"@id\":\"https:\\\/\\\/bicycle.holiday\\\/pl\\\/trasy-i-wycieczki\\\/#breadcrumb\"},\"inLanguage\":\"pl-PL\",\"potentialAction\":[{\"@type\":\"ReadAction\",\"target\":[\"https:\\\/\\\/bicycle.holiday\\\/pl\\\/trasy-i-wycieczki\\\/\"]}]},{\"@type\":\"ImageObject\",\"inLanguage\":\"pl-PL\",\"@id\":\"https:\\\/\\\/bicycle.holiday\\\/pl\\\/trasy-i-wycieczki\\\/#primaryimage\",\"url\":\"https:\\\/\\\/bicycle.holiday\\\/wp-content\\\/uploads\\\/2020\\\/04\\\/100-Playa-de-Muro-Ermita-de-Victoria-Port-de-Pollenca-Cala-Sant-Vincent-Pollenca-300x300.png\",\"contentUrl\":\"https:\\\/\\\/bicycle.holiday\\\/wp-content\\\/uploads\\\/2020\\\/04\\\/100-Playa-de-Muro-Ermita-de-Victoria-Port-de-Pollenca-Cala-Sant-Vincent-Pollenca-300x300.png\"},{\"@type\":\"BreadcrumbList\",\"@id\":\"https:\\\/\\\/bicycle.holiday\\\/pl\\\/trasy-i-wycieczki\\\/#breadcrumb\",\"itemListElement\":[{\"@type\":\"ListItem\",\"position\":1,\"name\":\"Home\",\"item\":\"https:\\\/\\\/bicycle.holiday\\\/pl\\\/\"},{\"@type\":\"ListItem\",\"position\":2,\"name\":\"Trasy i wycieczki\"}]},{\"@type\":\"WebSite\",\"@id\":\"https:\\\/\\\/bicycle.holiday\\\/pl\\\/#website\",\"url\":\"https:\\\/\\\/bicycle.holiday\\\/pl\\\/\",\"name\":\"www.Bicycle.Holiday\",\"description\":\"Mallorca active holidays with bike\",\"publisher\":{\"@id\":\"https:\\\/\\\/bicycle.holiday\\\/pl\\\/#organization\"},\"potentialAction\":[{\"@type\":\"SearchAction\",\"target\":{\"@type\":\"EntryPoint\",\"urlTemplate\":\"https:\\\/\\\/bicycle.holiday\\\/pl\\\/?s={search_term_string}\"},\"query-input\":{\"@type\":\"PropertyValueSpecification\",\"valueRequired\":true,\"valueName\":\"search_term_string\"}}],\"inLanguage\":\"pl-PL\"},{\"@type\":\"Organization\",\"@id\":\"https:\\\/\\\/bicycle.holiday\\\/pl\\\/#organization\",\"name\":\"Bicycle Holiday\",\"url\":\"https:\\\/\\\/bicycle.holiday\\\/pl\\\/\",\"logo\":{\"@type\":\"ImageObject\",\"inLanguage\":\"pl-PL\",\"@id\":\"https:\\\/\\\/bicycle.holiday\\\/pl\\\/#\\\/schema\\\/logo\\\/image\\\/\",\"url\":\"https:\\\/\\\/bicycle.holiday\\\/wp-content\\\/uploads\\\/2021\\\/09\\\/logo-bicycle-holiday-CTVEREC-FCBK.jpg\",\"contentUrl\":\"https:\\\/\\\/bicycle.holiday\\\/wp-content\\\/uploads\\\/2021\\\/09\\\/logo-bicycle-holiday-CTVEREC-FCBK.jpg\",\"width\":800,\"height\":800,\"caption\":\"Bicycle Holiday\"},\"image\":{\"@id\":\"https:\\\/\\\/bicycle.holiday\\\/pl\\\/#\\\/schema\\\/logo\\\/image\\\/\"},\"sameAs\":[\"https:\\\/\\\/www.facebook.com\\\/Bicycle.Holiday\"]}]}<\/script>\n<!-- \/ Yoast SEO plugin. -->","yoast_head_json":{"title":"Trasy i wycieczki - Bicycle.Holiday","robots":{"index":"index","follow":"follow","max-snippet":"max-snippet:-1","max-image-preview":"max-image-preview:large","max-video-preview":"max-video-preview:-1"},"canonical":"https:\/\/bicycle.holiday\/pl\/trasy-i-wycieczki\/","og_locale":"pl_PL","og_type":"article","og_title":"Trasy i wycieczki - Bicycle.Holiday","og_description":"Polecane trasy Jednym ze sposob\u00f3w maksymalnego wykorzystania pobytu na Majorce jest uprawianie sportu, kt\u00f3ry korzysta z doskona\u0142ej dost\u0119pnej sieci dr\u00f3g. Jazda na rowerze na Majorce jest czym\u015b wyj\u0105tkowym. Kiedy spr\u00f3bujesz, zrozumiesz. To jeden z najprzyjemniejszych sposob\u00f3w odkrywania wi\u0119kszej cz\u0119\u015bci tej cz\u0119\u015bci wyspy. Ruch jest niewielki, du\u017ca liczba dr\u00f3g, a jako\u015b\u0107 nawierzchni jest niezwyk\u0142a. Wiele dr\u00f3g [&hellip;]","og_url":"https:\/\/bicycle.holiday\/pl\/trasy-i-wycieczki\/","og_site_name":"Bicycle.Holiday","article_publisher":"https:\/\/www.facebook.com\/Bicycle.Holiday","article_modified_time":"2020-10-23T10:55:42+00:00","og_image":[{"url":"https:\/\/bicycle.holiday\/wp-content\/uploads\/2020\/04\/100-Playa-de-Muro-Ermita-de-Victoria-Port-de-Pollenca-Cala-Sant-Vincent-Pollenca-300x300.png","type":"","width":"","height":""}],"twitter_card":"summary_large_image","twitter_misc":{"Szacowany czas czytania":"9 minut"},"schema":{"@context":"https:\/\/schema.org","@graph":[{"@type":"WebPage","@id":"https:\/\/bicycle.holiday\/pl\/trasy-i-wycieczki\/","url":"https:\/\/bicycle.holiday\/pl\/trasy-i-wycieczki\/","name":"Trasy i wycieczki - Bicycle.Holiday","isPartOf":{"@id":"https:\/\/bicycle.holiday\/pl\/#website"},"primaryImageOfPage":{"@id":"https:\/\/bicycle.holiday\/pl\/trasy-i-wycieczki\/#primaryimage"},"image":{"@id":"https:\/\/bicycle.holiday\/pl\/trasy-i-wycieczki\/#primaryimage"},"thumbnailUrl":"https:\/\/bicycle.holiday\/wp-content\/uploads\/2020\/04\/100-Playa-de-Muro-Ermita-de-Victoria-Port-de-Pollenca-Cala-Sant-Vincent-Pollenca-300x300.png","datePublished":"2020-03-31T11:44:37+00:00","dateModified":"2020-10-23T10:55:42+00:00","breadcrumb":{"@id":"https:\/\/bicycle.holiday\/pl\/trasy-i-wycieczki\/#breadcrumb"},"inLanguage":"pl-PL","potentialAction":[{"@type":"ReadAction","target":["https:\/\/bicycle.holiday\/pl\/trasy-i-wycieczki\/"]}]},{"@type":"ImageObject","inLanguage":"pl-PL","@id":"https:\/\/bicycle.holiday\/pl\/trasy-i-wycieczki\/#primaryimage","url":"https:\/\/bicycle.holiday\/wp-content\/uploads\/2020\/04\/100-Playa-de-Muro-Ermita-de-Victoria-Port-de-Pollenca-Cala-Sant-Vincent-Pollenca-300x300.png","contentUrl":"https:\/\/bicycle.holiday\/wp-content\/uploads\/2020\/04\/100-Playa-de-Muro-Ermita-de-Victoria-Port-de-Pollenca-Cala-Sant-Vincent-Pollenca-300x300.png"},{"@type":"BreadcrumbList","@id":"https:\/\/bicycle.holiday\/pl\/trasy-i-wycieczki\/#breadcrumb","itemListElement":[{"@type":"ListItem","position":1,"name":"Home","item":"https:\/\/bicycle.holiday\/pl\/"},{"@type":"ListItem","position":2,"name":"Trasy i wycieczki"}]},{"@type":"WebSite","@id":"https:\/\/bicycle.holiday\/pl\/#website","url":"https:\/\/bicycle.holiday\/pl\/","name":"www.Bicycle.Holiday","description":"Mallorca active holidays with bike","publisher":{"@id":"https:\/\/bicycle.holiday\/pl\/#organization"},"potentialAction":[{"@type":"SearchAction","target":{"@type":"EntryPoint","urlTemplate":"https:\/\/bicycle.holiday\/pl\/?s={search_term_string}"},"query-input":{"@type":"PropertyValueSpecification","valueRequired":true,"valueName":"search_term_string"}}],"inLanguage":"pl-PL"},{"@type":"Organization","@id":"https:\/\/bicycle.holiday\/pl\/#organization","name":"Bicycle Holiday","url":"https:\/\/bicycle.holiday\/pl\/","logo":{"@type":"ImageObject","inLanguage":"pl-PL","@id":"https:\/\/bicycle.holiday\/pl\/#\/schema\/logo\/image\/","url":"https:\/\/bicycle.holiday\/wp-content\/uploads\/2021\/09\/logo-bicycle-holiday-CTVEREC-FCBK.jpg","contentUrl":"https:\/\/bicycle.holiday\/wp-content\/uploads\/2021\/09\/logo-bicycle-holiday-CTVEREC-FCBK.jpg","width":800,"height":800,"caption":"Bicycle Holiday"},"image":{"@id":"https:\/\/bicycle.holiday\/pl\/#\/schema\/logo\/image\/"},"sameAs":["https:\/\/www.facebook.com\/Bicycle.Holiday"]}]}},"_links":{"self":[{"href":"https:\/\/bicycle.holiday\/pl\/wp-json\/wp\/v2\/pages\/407","targetHints":{"allow":["GET"]}}],"collection":[{"href":"https:\/\/bicycle.holiday\/pl\/wp-json\/wp\/v2\/pages"}],"about":[{"href":"https:\/\/bicycle.holiday\/pl\/wp-json\/wp\/v2\/types\/page"}],"author":[{"embeddable":true,"href":"https:\/\/bicycle.holiday\/pl\/wp-json\/wp\/v2\/users\/1"}],"replies":[{"embeddable":true,"href":"https:\/\/bicycle.holiday\/pl\/wp-json\/wp\/v2\/comments?post=407"}],"version-history":[{"count":8,"href":"https:\/\/bicycle.holiday\/pl\/wp-json\/wp\/v2\/pages\/407\/revisions"}],"predecessor-version":[{"id":2636,"href":"https:\/\/bicycle.holiday\/pl\/wp-json\/wp\/v2\/pages\/407\/revisions\/2636"}],"wp:attachment":[{"href":"https:\/\/bicycle.holiday\/pl\/wp-json\/wp\/v2\/media?parent=407"}],"curies":[{"name":"wp","href":"https:\/\/api.w.org\/{rel}","templated":true}]}}