{"id":3364,"date":"2021-01-27T10:15:55","date_gmt":"2021-01-27T09:15:55","guid":{"rendered":"https:\/\/bicycle.holiday\/?post_type=pokoj&#038;p=3364"},"modified":"2021-04-21T12:43:08","modified_gmt":"2021-04-21T10:43:08","slug":"caballero-chambre-double-superieure","status":"publish","type":"pokoj","link":"https:\/\/bicycle.holiday\/fr\/pokoj\/caballero-chambre-double-superieure\/","title":{"rendered":"Caballero Chambre double Sup\u00e9rieure"},"content":{"rendered":"<p>Aire conditionn\u00e9, 2 lits individuels, terrasse avec table et chaises, \u00e9cran Tv plat de 32&Prime;, minibar avec boissons sans alcohol et snacks de bienvenue.<\/p>\n<p>Peignoirs, chaussons et vari\u00e9t\u00e9s de produits de toilette. Machine \u00e0 caf\u00e9 et capsules. Acc\u00e8s gratuit au Spa. Service de chambre en apr\u00e9s-midi (changement de serviette&#8230;). WIFI<\/p>\n\n\t\t<style type=\"text\/css\">\n\t\t\t#gallery-1 {\n\t\t\t\tmargin: auto;\n\t\t\t}\n\t\t\t#gallery-1 .gallery-item {\n\t\t\t\tfloat: left;\n\t\t\t\tmargin-top: 10px;\n\t\t\t\ttext-align: center;\n\t\t\t\twidth: 25%;\n\t\t\t}\n\t\t\t#gallery-1 img {\n\t\t\t\tborder: 2px solid #cfcfcf;\n\t\t\t}\n\t\t\t#gallery-1 .gallery-caption {\n\t\t\t\tmargin-left: 0;\n\t\t\t}\n\t\t\t\/* see gallery_shortcode() in wp-includes\/media.php *\/\n\t\t<\/style>\n\t\t<div id='gallery-1' class='gallery galleryid-3364 gallery-columns-4 gallery-size-thumbnail'><dl class='gallery-item'>\n\t\t\t<dt class='gallery-icon landscape'>\n\t\t\t\t<img loading=\"lazy\" decoding=\"async\" width=\"150\" height=\"150\" src=\"https:\/\/bicycle.holiday\/wp-content\/uploads\/2020\/08\/Superior-2-150x150.jpg\" class=\"attachment-thumbnail size-thumbnail\" alt=\"\" \/>\n\t\t\t<\/dt><\/dl><dl class='gallery-item'>\n\t\t\t<dt class='gallery-icon landscape'>\n\t\t\t\t<img loading=\"lazy\" decoding=\"async\" width=\"150\" height=\"150\" src=\"https:\/\/bicycle.holiday\/wp-content\/uploads\/2020\/08\/Superior-3-150x150.jpg\" class=\"attachment-thumbnail size-thumbnail\" alt=\"\" \/>\n\t\t\t<\/dt><\/dl><dl class='gallery-item'>\n\t\t\t<dt class='gallery-icon landscape'>\n\t\t\t\t<img loading=\"lazy\" decoding=\"async\" width=\"150\" height=\"150\" src=\"https:\/\/bicycle.holiday\/wp-content\/uploads\/2020\/08\/Superior-4-150x150.jpg\" class=\"attachment-thumbnail size-thumbnail\" alt=\"\" \/>\n\t\t\t<\/dt><\/dl><dl class='gallery-item'>\n\t\t\t<dt class='gallery-icon landscape'>\n\t\t\t\t<img loading=\"lazy\" decoding=\"async\" width=\"150\" height=\"150\" src=\"https:\/\/bicycle.holiday\/wp-content\/uploads\/2020\/08\/Superior-150x150.jpg\" class=\"attachment-thumbnail size-thumbnail\" alt=\"\" \/>\n\t\t\t<\/dt><\/dl><br style=\"clear: both\" \/>\n\t\t<\/div>\n\n","protected":false},"template":"","class_list":["post-3364","pokoj","type-pokoj","status-publish","hentry"],"hotel":false,"img":false,"velikost":[],"acf":[],"yoast_head":"<!-- This site is optimized with the Yoast SEO plugin v27.4 - https:\/\/yoast.com\/product\/yoast-seo-wordpress\/ -->\n<title>Caballero Chambre double Sup\u00e9rieure - Bicycle.Holiday<\/title>\n<meta name=\"robots\" content=\"index, follow, max-snippet:-1, max-image-preview:large, max-video-preview:-1\" \/>\n<link rel=\"canonical\" href=\"https:\/\/bicycle.holiday\/fr\/pokoj\/caballero-chambre-double-superieure\/\" \/>\n<meta property=\"og:locale\" content=\"fr_FR\" \/>\n<meta property=\"og:type\" content=\"article\" \/>\n<meta property=\"og:title\" content=\"Caballero Chambre double Sup\u00e9rieure - Bicycle.Holiday\" \/>\n<meta property=\"og:description\" content=\"Aire conditionn\u00e9, 2 lits individuels, terrasse avec table et chaises, \u00e9cran Tv plat de 32&Prime;, minibar avec boissons sans alcohol et snacks de bienvenue. Peignoirs, chaussons et vari\u00e9t\u00e9s de produits de toilette. Machine \u00e0 caf\u00e9 et capsules. Acc\u00e8s gratuit au Spa. Service de chambre en apr\u00e9s-midi (changement de serviette&#8230;). WIFI\" \/>\n<meta property=\"og:url\" content=\"https:\/\/bicycle.holiday\/fr\/pokoj\/caballero-chambre-double-superieure\/\" \/>\n<meta property=\"og:site_name\" content=\"Bicycle.Holiday\" \/>\n<meta property=\"article:publisher\" content=\"https:\/\/www.facebook.com\/Bicycle.Holiday\" \/>\n<meta property=\"article:modified_time\" content=\"2021-04-21T10:43:08+00:00\" \/>\n<meta property=\"og:image\" content=\"https:\/\/bicycle.holiday\/wp-content\/uploads\/2020\/08\/Superior-2-150x150.jpg\" \/>\n<meta name=\"twitter:card\" content=\"summary_large_image\" \/>\n<script type=\"application\/ld+json\" class=\"yoast-schema-graph\">{\"@context\":\"https:\\\/\\\/schema.org\",\"@graph\":[{\"@type\":\"WebPage\",\"@id\":\"https:\\\/\\\/bicycle.holiday\\\/fr\\\/pokoj\\\/caballero-chambre-double-superieure\\\/\",\"url\":\"https:\\\/\\\/bicycle.holiday\\\/fr\\\/pokoj\\\/caballero-chambre-double-superieure\\\/\",\"name\":\"Caballero Chambre double Sup\u00e9rieure - Bicycle.Holiday\",\"isPartOf\":{\"@id\":\"https:\\\/\\\/bicycle.holiday\\\/fr\\\/#website\"},\"datePublished\":\"2021-01-27T09:15:55+00:00\",\"dateModified\":\"2021-04-21T10:43:08+00:00\",\"breadcrumb\":{\"@id\":\"https:\\\/\\\/bicycle.holiday\\\/fr\\\/pokoj\\\/caballero-chambre-double-superieure\\\/#breadcrumb\"},\"inLanguage\":\"fr-FR\",\"potentialAction\":[{\"@type\":\"ReadAction\",\"target\":[\"https:\\\/\\\/bicycle.holiday\\\/fr\\\/pokoj\\\/caballero-chambre-double-superieure\\\/\"]}]},{\"@type\":\"BreadcrumbList\",\"@id\":\"https:\\\/\\\/bicycle.holiday\\\/fr\\\/pokoj\\\/caballero-chambre-double-superieure\\\/#breadcrumb\",\"itemListElement\":[{\"@type\":\"ListItem\",\"position\":1,\"name\":\"Home\",\"item\":\"https:\\\/\\\/bicycle.holiday\\\/fr\\\/\"},{\"@type\":\"ListItem\",\"position\":2,\"name\":\"Caballero Chambre double Sup\u00e9rieure\"}]},{\"@type\":\"WebSite\",\"@id\":\"https:\\\/\\\/bicycle.holiday\\\/fr\\\/#website\",\"url\":\"https:\\\/\\\/bicycle.holiday\\\/fr\\\/\",\"name\":\"www.Bicycle.Holiday\",\"description\":\"Mallorca active holidays with bike\",\"publisher\":{\"@id\":\"https:\\\/\\\/bicycle.holiday\\\/fr\\\/#organization\"},\"potentialAction\":[{\"@type\":\"SearchAction\",\"target\":{\"@type\":\"EntryPoint\",\"urlTemplate\":\"https:\\\/\\\/bicycle.holiday\\\/fr\\\/?s={search_term_string}\"},\"query-input\":{\"@type\":\"PropertyValueSpecification\",\"valueRequired\":true,\"valueName\":\"search_term_string\"}}],\"inLanguage\":\"fr-FR\"},{\"@type\":\"Organization\",\"@id\":\"https:\\\/\\\/bicycle.holiday\\\/fr\\\/#organization\",\"name\":\"Bicycle Holiday\",\"url\":\"https:\\\/\\\/bicycle.holiday\\\/fr\\\/\",\"logo\":{\"@type\":\"ImageObject\",\"inLanguage\":\"fr-FR\",\"@id\":\"https:\\\/\\\/bicycle.holiday\\\/fr\\\/#\\\/schema\\\/logo\\\/image\\\/\",\"url\":\"https:\\\/\\\/bicycle.holiday\\\/wp-content\\\/uploads\\\/2021\\\/09\\\/logo-bicycle-holiday-CTVEREC-FCBK.jpg\",\"contentUrl\":\"https:\\\/\\\/bicycle.holiday\\\/wp-content\\\/uploads\\\/2021\\\/09\\\/logo-bicycle-holiday-CTVEREC-FCBK.jpg\",\"width\":800,\"height\":800,\"caption\":\"Bicycle Holiday\"},\"image\":{\"@id\":\"https:\\\/\\\/bicycle.holiday\\\/fr\\\/#\\\/schema\\\/logo\\\/image\\\/\"},\"sameAs\":[\"https:\\\/\\\/www.facebook.com\\\/Bicycle.Holiday\"]}]}<\/script>\n<!-- \/ Yoast SEO plugin. -->","yoast_head_json":{"title":"Caballero Chambre double Sup\u00e9rieure - Bicycle.Holiday","robots":{"index":"index","follow":"follow","max-snippet":"max-snippet:-1","max-image-preview":"max-image-preview:large","max-video-preview":"max-video-preview:-1"},"canonical":"https:\/\/bicycle.holiday\/fr\/pokoj\/caballero-chambre-double-superieure\/","og_locale":"fr_FR","og_type":"article","og_title":"Caballero Chambre double Sup\u00e9rieure - Bicycle.Holiday","og_description":"Aire conditionn\u00e9, 2 lits individuels, terrasse avec table et chaises, \u00e9cran Tv plat de 32&Prime;, minibar avec boissons sans alcohol et snacks de bienvenue. Peignoirs, chaussons et vari\u00e9t\u00e9s de produits de toilette. Machine \u00e0 caf\u00e9 et capsules. Acc\u00e8s gratuit au Spa. Service de chambre en apr\u00e9s-midi (changement de serviette&#8230;). WIFI","og_url":"https:\/\/bicycle.holiday\/fr\/pokoj\/caballero-chambre-double-superieure\/","og_site_name":"Bicycle.Holiday","article_publisher":"https:\/\/www.facebook.com\/Bicycle.Holiday","article_modified_time":"2021-04-21T10:43:08+00:00","og_image":[{"url":"https:\/\/bicycle.holiday\/wp-content\/uploads\/2020\/08\/Superior-2-150x150.jpg","type":"","width":"","height":""}],"twitter_card":"summary_large_image","schema":{"@context":"https:\/\/schema.org","@graph":[{"@type":"WebPage","@id":"https:\/\/bicycle.holiday\/fr\/pokoj\/caballero-chambre-double-superieure\/","url":"https:\/\/bicycle.holiday\/fr\/pokoj\/caballero-chambre-double-superieure\/","name":"Caballero Chambre double Sup\u00e9rieure - Bicycle.Holiday","isPartOf":{"@id":"https:\/\/bicycle.holiday\/fr\/#website"},"datePublished":"2021-01-27T09:15:55+00:00","dateModified":"2021-04-21T10:43:08+00:00","breadcrumb":{"@id":"https:\/\/bicycle.holiday\/fr\/pokoj\/caballero-chambre-double-superieure\/#breadcrumb"},"inLanguage":"fr-FR","potentialAction":[{"@type":"ReadAction","target":["https:\/\/bicycle.holiday\/fr\/pokoj\/caballero-chambre-double-superieure\/"]}]},{"@type":"BreadcrumbList","@id":"https:\/\/bicycle.holiday\/fr\/pokoj\/caballero-chambre-double-superieure\/#breadcrumb","itemListElement":[{"@type":"ListItem","position":1,"name":"Home","item":"https:\/\/bicycle.holiday\/fr\/"},{"@type":"ListItem","position":2,"name":"Caballero Chambre double Sup\u00e9rieure"}]},{"@type":"WebSite","@id":"https:\/\/bicycle.holiday\/fr\/#website","url":"https:\/\/bicycle.holiday\/fr\/","name":"www.Bicycle.Holiday","description":"Mallorca active holidays with bike","publisher":{"@id":"https:\/\/bicycle.holiday\/fr\/#organization"},"potentialAction":[{"@type":"SearchAction","target":{"@type":"EntryPoint","urlTemplate":"https:\/\/bicycle.holiday\/fr\/?s={search_term_string}"},"query-input":{"@type":"PropertyValueSpecification","valueRequired":true,"valueName":"search_term_string"}}],"inLanguage":"fr-FR"},{"@type":"Organization","@id":"https:\/\/bicycle.holiday\/fr\/#organization","name":"Bicycle Holiday","url":"https:\/\/bicycle.holiday\/fr\/","logo":{"@type":"ImageObject","inLanguage":"fr-FR","@id":"https:\/\/bicycle.holiday\/fr\/#\/schema\/logo\/image\/","url":"https:\/\/bicycle.holiday\/wp-content\/uploads\/2021\/09\/logo-bicycle-holiday-CTVEREC-FCBK.jpg","contentUrl":"https:\/\/bicycle.holiday\/wp-content\/uploads\/2021\/09\/logo-bicycle-holiday-CTVEREC-FCBK.jpg","width":800,"height":800,"caption":"Bicycle Holiday"},"image":{"@id":"https:\/\/bicycle.holiday\/fr\/#\/schema\/logo\/image\/"},"sameAs":["https:\/\/www.facebook.com\/Bicycle.Holiday"]}]}},"_links":{"self":[{"href":"https:\/\/bicycle.holiday\/fr\/wp-json\/wp\/v2\/pokoj\/3364","targetHints":{"allow":["GET"]}}],"collection":[{"href":"https:\/\/bicycle.holiday\/fr\/wp-json\/wp\/v2\/pokoj"}],"about":[{"href":"https:\/\/bicycle.holiday\/fr\/wp-json\/wp\/v2\/types\/pokoj"}],"wp:attachment":[{"href":"https:\/\/bicycle.holiday\/fr\/wp-json\/wp\/v2\/media?parent=3364"}],"curies":[{"name":"wp","href":"https:\/\/api.w.org\/{rel}","templated":true}]}}