{"id":3256,"date":"2020-11-06T17:32:23","date_gmt":"2020-11-06T16:32:23","guid":{"rendered":"https:\/\/bicycle.holiday\/?page_id=3256"},"modified":"2021-04-21T10:23:28","modified_gmt":"2021-04-21T08:23:28","slug":"nos-hotels","status":"publish","type":"page","link":"https:\/\/bicycle.holiday\/fr\/nos-hotels\/","title":{"rendered":"Nos hotels"},"content":{"rendered":"<table style=\"border-collapse: collapse; width: 100%;\">\n<tbody>\n<tr>\n<td style=\"width: 50%;\">\n<h2>Rei del Mediterrani Palace\u00a0 <img loading=\"lazy\" decoding=\"async\" class=\"alignnone wp-image-3107\" src=\"https:\/\/bicycle.holiday\/wp-content\/uploads\/2020\/08\/Sni\u0301mek-obrazovky-2020-08-25-v-10.13.00.png\" alt=\"\" width=\"120\" height=\"23\" \/><\/h2>\n<h5>Playa de Muro, Alcudia, Majorque<\/h5>\n<p>L&rsquo;H\u00f4tel Rei del M\u00e9diterrani Palace est situ\u00e9 dans le nord de l&rsquo;\u00eele, \u00e0 Playa de Muro pr\u00e8s du magnifique village Romain d&rsquo;Alcudia. D\u00fb \u00e0 sa situation exceptionnelle, l&rsquo;endroit est idyllique pour les cyclistes, qui peuvent profiter du Cap de Formentor, de la tramuntana mais aussi de tous les charmes du centre et de l&rsquo;est de l&rsquo;\u00eele.<\/p>\n<p>H\u00f4tel enti\u00e8rement r\u00e9nov\u00e9 en 2017 avec un style chaleureux et moderne.<\/td>\n<td style=\"width: 50%;\"><a href=\"\/rei-del-mediterrani-palace\/\"><img loading=\"lazy\" decoding=\"async\" class=\"aligncenter wp-image-661\" src=\"https:\/\/bicycle.holiday\/wp-content\/uploads\/2020\/04\/Piscina-1-1024x683.jpg\" alt=\"\" width=\"1024\" height=\"683\" srcset=\"https:\/\/bicycle.holiday\/wp-content\/uploads\/2020\/04\/Piscina-1-1024x683.jpg 1024w, https:\/\/bicycle.holiday\/wp-content\/uploads\/2020\/04\/Piscina-1-300x200.jpg 300w, https:\/\/bicycle.holiday\/wp-content\/uploads\/2020\/04\/Piscina-1-768x512.jpg 768w, https:\/\/bicycle.holiday\/wp-content\/uploads\/2020\/04\/Piscina-1-1536x1024.jpg 1536w, https:\/\/bicycle.holiday\/wp-content\/uploads\/2020\/04\/Piscina-1-2048x1365.jpg 2048w, https:\/\/bicycle.holiday\/wp-content\/uploads\/2020\/04\/Piscina-1-600x400.jpg 600w, https:\/\/bicycle.holiday\/wp-content\/uploads\/2020\/04\/Piscina-1-1620x1080.jpg 1620w\" sizes=\"auto, (max-width: 1024px) 100vw, 1024px\" \/><\/a><\/td>\n<\/tr>\n<tr>\n<td style=\"width: 50%;\"><\/td>\n<td style=\"width: 50%; text-align: right;\"><a class=\"button button--secondary button--prev\" href=\"\/rei-del-mediterrani-palace\/\">Read More<\/a><\/td>\n<\/tr>\n<\/tbody>\n<\/table>\n<p>&nbsp;<\/p>\n<table style=\"border-collapse: collapse; width: 100%;\">\n<tbody>\n<tr>\n<td style=\"width: 50%;\">\n<h2>Hotel Caballero\u00a0 <img loading=\"lazy\" decoding=\"async\" class=\"alignnone wp-image-3112\" src=\"https:\/\/bicycle.holiday\/wp-content\/uploads\/2020\/08\/Sni\u0301mek-obrazovky-2020-08-25-v-10.14.33.png\" alt=\"\" width=\"102\" height=\"23\" \/><\/h2>\n<h5>Playa de Palma, Majorque<\/h5>\n<p>L&rsquo;H\u00f4tel Caballero se situe dans le sud de l&rsquo;\u00eele, \u00e0 Playa de Palma, proche de l&rsquo;a\u00e9roport et de la ville de Palma. Gr\u00e2ce \u00e0 sa situation privilegi\u00e9e, l&rsquo;h\u00f4tel est au centre des commerces et de nombreuses activit\u00e9s, ce qui permet de joindre l&rsquo;utile \u00e0 l&rsquo;agr\u00e9able.<\/p>\n<p>H\u00f4tel totalement r\u00e9nov\u00e9 en 2017 avec un style moderne et \u00e9l\u00e9gant.<\/td>\n<td style=\"width: 50%;\"><a href=\"\/hotel-caballero\/\"><img loading=\"lazy\" decoding=\"async\" class=\"aligncenter size-full wp-image-3136\" src=\"https:\/\/bicycle.holiday\/wp-content\/uploads\/2020\/08\/dsfsadf.png\" alt=\"\" width=\"1024\" height=\"683\" srcset=\"https:\/\/bicycle.holiday\/wp-content\/uploads\/2020\/08\/dsfsadf.png 1024w, https:\/\/bicycle.holiday\/wp-content\/uploads\/2020\/08\/dsfsadf-300x200.png 300w, https:\/\/bicycle.holiday\/wp-content\/uploads\/2020\/08\/dsfsadf-768x512.png 768w, https:\/\/bicycle.holiday\/wp-content\/uploads\/2020\/08\/dsfsadf-600x400.png 600w\" sizes=\"auto, (max-width: 1024px) 100vw, 1024px\" \/><\/a><\/td>\n<\/tr>\n<tr>\n<td style=\"width: 50%;\"><\/td>\n<td style=\"width: 50%; text-align: right;\"><a class=\"button button--secondary button--prev\" href=\"\/hotel-caballero\/\">Read More<\/a><\/td>\n<\/tr>\n<\/tbody>\n<\/table>\n<p>&nbsp;<\/p>\n","protected":false},"excerpt":{"rendered":"<p>Rei del Mediterrani Palace\u00a0 Playa de Muro, Alcudia, Majorque L&rsquo;H\u00f4tel Rei del M\u00e9diterrani Palace est situ\u00e9 dans le nord de l&rsquo;\u00eele, \u00e0 Playa de Muro pr\u00e8s du magnifique village Romain d&rsquo;Alcudia. D\u00fb \u00e0 sa situation exceptionnelle, l&rsquo;endroit est idyllique pour les cyclistes, qui peuvent profiter du Cap de Formentor, de la tramuntana mais aussi de [&hellip;]<\/p>\n","protected":false},"author":15,"featured_media":0,"parent":0,"menu_order":66,"comment_status":"closed","ping_status":"closed","template":"","meta":{"_acf_changed":false,"footnotes":""},"class_list":["post-3256","page","type-page","status-publish","hentry"],"acf":[],"yoast_head":"<!-- This site is optimized with the Yoast SEO plugin v27.4 - https:\/\/yoast.com\/product\/yoast-seo-wordpress\/ -->\n<title>Nos hotels - Bicycle.Holiday<\/title>\n<meta name=\"robots\" content=\"index, follow, max-snippet:-1, max-image-preview:large, max-video-preview:-1\" \/>\n<link rel=\"canonical\" href=\"https:\/\/bicycle.holiday\/fr\/nos-hotels\/\" \/>\n<meta property=\"og:locale\" content=\"fr_FR\" \/>\n<meta property=\"og:type\" content=\"article\" \/>\n<meta property=\"og:title\" content=\"Nos hotels - Bicycle.Holiday\" \/>\n<meta property=\"og:description\" content=\"Rei del Mediterrani Palace\u00a0 Playa de Muro, Alcudia, Majorque L&rsquo;H\u00f4tel Rei del M\u00e9diterrani Palace est situ\u00e9 dans le nord de l&rsquo;\u00eele, \u00e0 Playa de Muro pr\u00e8s du magnifique village Romain d&rsquo;Alcudia. D\u00fb \u00e0 sa situation exceptionnelle, l&rsquo;endroit est idyllique pour les cyclistes, qui peuvent profiter du Cap de Formentor, de la tramuntana mais aussi de [&hellip;]\" \/>\n<meta property=\"og:url\" content=\"https:\/\/bicycle.holiday\/fr\/nos-hotels\/\" \/>\n<meta property=\"og:site_name\" content=\"Bicycle.Holiday\" \/>\n<meta property=\"article:publisher\" content=\"https:\/\/www.facebook.com\/Bicycle.Holiday\" \/>\n<meta property=\"article:modified_time\" content=\"2021-04-21T08:23:28+00:00\" \/>\n<meta property=\"og:image\" content=\"https:\/\/bicycle.holiday\/wp-content\/uploads\/2020\/08\/Sni\u0301mek-obrazovky-2020-08-25-v-10.13.00.png\" \/>\n<meta name=\"twitter:card\" content=\"summary_large_image\" \/>\n<meta name=\"twitter:label1\" content=\"Dur\u00e9e de lecture estim\u00e9e\" \/>\n\t<meta name=\"twitter:data1\" content=\"1 minute\" \/>\n<script type=\"application\/ld+json\" class=\"yoast-schema-graph\">{\"@context\":\"https:\\\/\\\/schema.org\",\"@graph\":[{\"@type\":\"WebPage\",\"@id\":\"https:\\\/\\\/bicycle.holiday\\\/fr\\\/nos-hotels\\\/\",\"url\":\"https:\\\/\\\/bicycle.holiday\\\/fr\\\/nos-hotels\\\/\",\"name\":\"Nos hotels - Bicycle.Holiday\",\"isPartOf\":{\"@id\":\"https:\\\/\\\/bicycle.holiday\\\/fr\\\/#website\"},\"primaryImageOfPage\":{\"@id\":\"https:\\\/\\\/bicycle.holiday\\\/fr\\\/nos-hotels\\\/#primaryimage\"},\"image\":{\"@id\":\"https:\\\/\\\/bicycle.holiday\\\/fr\\\/nos-hotels\\\/#primaryimage\"},\"thumbnailUrl\":\"https:\\\/\\\/bicycle.holiday\\\/wp-content\\\/uploads\\\/2020\\\/04\\\/Piscina-1-1024x683.jpg\",\"datePublished\":\"2020-11-06T16:32:23+00:00\",\"dateModified\":\"2021-04-21T08:23:28+00:00\",\"breadcrumb\":{\"@id\":\"https:\\\/\\\/bicycle.holiday\\\/fr\\\/nos-hotels\\\/#breadcrumb\"},\"inLanguage\":\"fr-FR\",\"potentialAction\":[{\"@type\":\"ReadAction\",\"target\":[\"https:\\\/\\\/bicycle.holiday\\\/fr\\\/nos-hotels\\\/\"]}]},{\"@type\":\"ImageObject\",\"inLanguage\":\"fr-FR\",\"@id\":\"https:\\\/\\\/bicycle.holiday\\\/fr\\\/nos-hotels\\\/#primaryimage\",\"url\":\"https:\\\/\\\/bicycle.holiday\\\/wp-content\\\/uploads\\\/2020\\\/04\\\/Piscina-1-1024x683.jpg\",\"contentUrl\":\"https:\\\/\\\/bicycle.holiday\\\/wp-content\\\/uploads\\\/2020\\\/04\\\/Piscina-1-1024x683.jpg\"},{\"@type\":\"BreadcrumbList\",\"@id\":\"https:\\\/\\\/bicycle.holiday\\\/fr\\\/nos-hotels\\\/#breadcrumb\",\"itemListElement\":[{\"@type\":\"ListItem\",\"position\":1,\"name\":\"Home\",\"item\":\"https:\\\/\\\/bicycle.holiday\\\/fr\\\/\"},{\"@type\":\"ListItem\",\"position\":2,\"name\":\"Nos hotels\"}]},{\"@type\":\"WebSite\",\"@id\":\"https:\\\/\\\/bicycle.holiday\\\/fr\\\/#website\",\"url\":\"https:\\\/\\\/bicycle.holiday\\\/fr\\\/\",\"name\":\"www.Bicycle.Holiday\",\"description\":\"Mallorca active holidays with bike\",\"publisher\":{\"@id\":\"https:\\\/\\\/bicycle.holiday\\\/fr\\\/#organization\"},\"potentialAction\":[{\"@type\":\"SearchAction\",\"target\":{\"@type\":\"EntryPoint\",\"urlTemplate\":\"https:\\\/\\\/bicycle.holiday\\\/fr\\\/?s={search_term_string}\"},\"query-input\":{\"@type\":\"PropertyValueSpecification\",\"valueRequired\":true,\"valueName\":\"search_term_string\"}}],\"inLanguage\":\"fr-FR\"},{\"@type\":\"Organization\",\"@id\":\"https:\\\/\\\/bicycle.holiday\\\/fr\\\/#organization\",\"name\":\"Bicycle Holiday\",\"url\":\"https:\\\/\\\/bicycle.holiday\\\/fr\\\/\",\"logo\":{\"@type\":\"ImageObject\",\"inLanguage\":\"fr-FR\",\"@id\":\"https:\\\/\\\/bicycle.holiday\\\/fr\\\/#\\\/schema\\\/logo\\\/image\\\/\",\"url\":\"https:\\\/\\\/bicycle.holiday\\\/wp-content\\\/uploads\\\/2021\\\/09\\\/logo-bicycle-holiday-CTVEREC-FCBK.jpg\",\"contentUrl\":\"https:\\\/\\\/bicycle.holiday\\\/wp-content\\\/uploads\\\/2021\\\/09\\\/logo-bicycle-holiday-CTVEREC-FCBK.jpg\",\"width\":800,\"height\":800,\"caption\":\"Bicycle Holiday\"},\"image\":{\"@id\":\"https:\\\/\\\/bicycle.holiday\\\/fr\\\/#\\\/schema\\\/logo\\\/image\\\/\"},\"sameAs\":[\"https:\\\/\\\/www.facebook.com\\\/Bicycle.Holiday\"]}]}<\/script>\n<!-- \/ Yoast SEO plugin. -->","yoast_head_json":{"title":"Nos hotels - Bicycle.Holiday","robots":{"index":"index","follow":"follow","max-snippet":"max-snippet:-1","max-image-preview":"max-image-preview:large","max-video-preview":"max-video-preview:-1"},"canonical":"https:\/\/bicycle.holiday\/fr\/nos-hotels\/","og_locale":"fr_FR","og_type":"article","og_title":"Nos hotels - Bicycle.Holiday","og_description":"Rei del Mediterrani Palace\u00a0 Playa de Muro, Alcudia, Majorque L&rsquo;H\u00f4tel Rei del M\u00e9diterrani Palace est situ\u00e9 dans le nord de l&rsquo;\u00eele, \u00e0 Playa de Muro pr\u00e8s du magnifique village Romain d&rsquo;Alcudia. D\u00fb \u00e0 sa situation exceptionnelle, l&rsquo;endroit est idyllique pour les cyclistes, qui peuvent profiter du Cap de Formentor, de la tramuntana mais aussi de [&hellip;]","og_url":"https:\/\/bicycle.holiday\/fr\/nos-hotels\/","og_site_name":"Bicycle.Holiday","article_publisher":"https:\/\/www.facebook.com\/Bicycle.Holiday","article_modified_time":"2021-04-21T08:23:28+00:00","og_image":[{"url":"https:\/\/bicycle.holiday\/wp-content\/uploads\/2020\/08\/Sni\u0301mek-obrazovky-2020-08-25-v-10.13.00.png","type":"","width":"","height":""}],"twitter_card":"summary_large_image","twitter_misc":{"Dur\u00e9e de lecture estim\u00e9e":"1 minute"},"schema":{"@context":"https:\/\/schema.org","@graph":[{"@type":"WebPage","@id":"https:\/\/bicycle.holiday\/fr\/nos-hotels\/","url":"https:\/\/bicycle.holiday\/fr\/nos-hotels\/","name":"Nos hotels - Bicycle.Holiday","isPartOf":{"@id":"https:\/\/bicycle.holiday\/fr\/#website"},"primaryImageOfPage":{"@id":"https:\/\/bicycle.holiday\/fr\/nos-hotels\/#primaryimage"},"image":{"@id":"https:\/\/bicycle.holiday\/fr\/nos-hotels\/#primaryimage"},"thumbnailUrl":"https:\/\/bicycle.holiday\/wp-content\/uploads\/2020\/04\/Piscina-1-1024x683.jpg","datePublished":"2020-11-06T16:32:23+00:00","dateModified":"2021-04-21T08:23:28+00:00","breadcrumb":{"@id":"https:\/\/bicycle.holiday\/fr\/nos-hotels\/#breadcrumb"},"inLanguage":"fr-FR","potentialAction":[{"@type":"ReadAction","target":["https:\/\/bicycle.holiday\/fr\/nos-hotels\/"]}]},{"@type":"ImageObject","inLanguage":"fr-FR","@id":"https:\/\/bicycle.holiday\/fr\/nos-hotels\/#primaryimage","url":"https:\/\/bicycle.holiday\/wp-content\/uploads\/2020\/04\/Piscina-1-1024x683.jpg","contentUrl":"https:\/\/bicycle.holiday\/wp-content\/uploads\/2020\/04\/Piscina-1-1024x683.jpg"},{"@type":"BreadcrumbList","@id":"https:\/\/bicycle.holiday\/fr\/nos-hotels\/#breadcrumb","itemListElement":[{"@type":"ListItem","position":1,"name":"Home","item":"https:\/\/bicycle.holiday\/fr\/"},{"@type":"ListItem","position":2,"name":"Nos hotels"}]},{"@type":"WebSite","@id":"https:\/\/bicycle.holiday\/fr\/#website","url":"https:\/\/bicycle.holiday\/fr\/","name":"www.Bicycle.Holiday","description":"Mallorca active holidays with bike","publisher":{"@id":"https:\/\/bicycle.holiday\/fr\/#organization"},"potentialAction":[{"@type":"SearchAction","target":{"@type":"EntryPoint","urlTemplate":"https:\/\/bicycle.holiday\/fr\/?s={search_term_string}"},"query-input":{"@type":"PropertyValueSpecification","valueRequired":true,"valueName":"search_term_string"}}],"inLanguage":"fr-FR"},{"@type":"Organization","@id":"https:\/\/bicycle.holiday\/fr\/#organization","name":"Bicycle Holiday","url":"https:\/\/bicycle.holiday\/fr\/","logo":{"@type":"ImageObject","inLanguage":"fr-FR","@id":"https:\/\/bicycle.holiday\/fr\/#\/schema\/logo\/image\/","url":"https:\/\/bicycle.holiday\/wp-content\/uploads\/2021\/09\/logo-bicycle-holiday-CTVEREC-FCBK.jpg","contentUrl":"https:\/\/bicycle.holiday\/wp-content\/uploads\/2021\/09\/logo-bicycle-holiday-CTVEREC-FCBK.jpg","width":800,"height":800,"caption":"Bicycle Holiday"},"image":{"@id":"https:\/\/bicycle.holiday\/fr\/#\/schema\/logo\/image\/"},"sameAs":["https:\/\/www.facebook.com\/Bicycle.Holiday"]}]}},"_links":{"self":[{"href":"https:\/\/bicycle.holiday\/fr\/wp-json\/wp\/v2\/pages\/3256","targetHints":{"allow":["GET"]}}],"collection":[{"href":"https:\/\/bicycle.holiday\/fr\/wp-json\/wp\/v2\/pages"}],"about":[{"href":"https:\/\/bicycle.holiday\/fr\/wp-json\/wp\/v2\/types\/page"}],"author":[{"embeddable":true,"href":"https:\/\/bicycle.holiday\/fr\/wp-json\/wp\/v2\/users\/15"}],"replies":[{"embeddable":true,"href":"https:\/\/bicycle.holiday\/fr\/wp-json\/wp\/v2\/comments?post=3256"}],"version-history":[{"count":9,"href":"https:\/\/bicycle.holiday\/fr\/wp-json\/wp\/v2\/pages\/3256\/revisions"}],"predecessor-version":[{"id":3423,"href":"https:\/\/bicycle.holiday\/fr\/wp-json\/wp\/v2\/pages\/3256\/revisions\/3423"}],"wp:attachment":[{"href":"https:\/\/bicycle.holiday\/fr\/wp-json\/wp\/v2\/media?parent=3256"}],"curies":[{"name":"wp","href":"https:\/\/api.w.org\/{rel}","templated":true}]}}