{"id":428,"date":"2020-01-31T12:47:30","date_gmt":"2020-01-31T11:47:30","guid":{"rendered":"https:\/\/bicycle.holiday\/?page_id=428"},"modified":"2020-10-23T12:55:37","modified_gmt":"2020-10-23T10:55:37","slug":"quienes-somos","status":"publish","type":"page","link":"https:\/\/bicycle.holiday\/es\/quienes-somos\/","title":{"rendered":"Quienes somos"},"content":{"rendered":"<p><\/p>\r\n<h2>Porque con nosotros?<\/h2>\r\n\n\t\t<style type=\"text\/css\">\n\t\t\t#gallery-1 {\n\t\t\t\tmargin: auto;\n\t\t\t}\n\t\t\t#gallery-1 .gallery-item {\n\t\t\t\tfloat: left;\n\t\t\t\tmargin-top: 10px;\n\t\t\t\ttext-align: center;\n\t\t\t\twidth: 33%;\n\t\t\t}\n\t\t\t#gallery-1 img {\n\t\t\t\tborder: 2px solid #cfcfcf;\n\t\t\t}\n\t\t\t#gallery-1 .gallery-caption {\n\t\t\t\tmargin-left: 0;\n\t\t\t}\n\t\t\t\/* see gallery_shortcode() in wp-includes\/media.php *\/\n\t\t<\/style>\n\t\t<div id='gallery-1' class='gallery galleryid-428 gallery-columns-3 gallery-size-medium'><dl class='gallery-item'>\n\t\t\t<dt class='gallery-icon landscape'>\n\t\t\t\t<a href='https:\/\/bicycle.holiday\/wp-content\/uploads\/2020\/04\/1-1.jpg'><img loading=\"lazy\" decoding=\"async\" width=\"300\" height=\"225\" src=\"https:\/\/bicycle.holiday\/wp-content\/uploads\/2020\/04\/1-1-300x225.jpg\" class=\"attachment-medium size-medium\" alt=\"Bicycle.holiday Team\" srcset=\"https:\/\/bicycle.holiday\/wp-content\/uploads\/2020\/04\/1-1-300x225.jpg 300w, https:\/\/bicycle.holiday\/wp-content\/uploads\/2020\/04\/1-1-768x576.jpg 768w, https:\/\/bicycle.holiday\/wp-content\/uploads\/2020\/04\/1-1-533x400.jpg 533w, https:\/\/bicycle.holiday\/wp-content\/uploads\/2020\/04\/1-1.jpg 960w\" sizes=\"auto, (max-width: 300px) 100vw, 300px\" \/><\/a>\n\t\t\t<\/dt><\/dl><dl class='gallery-item'>\n\t\t\t<dt class='gallery-icon landscape'>\n\t\t\t\t<a href='https:\/\/bicycle.holiday\/wp-content\/uploads\/2020\/04\/DSC_2525.jpg'><img loading=\"lazy\" decoding=\"async\" width=\"300\" height=\"200\" src=\"https:\/\/bicycle.holiday\/wp-content\/uploads\/2020\/04\/DSC_2525-300x200.jpg\" class=\"attachment-medium size-medium\" alt=\"\" srcset=\"https:\/\/bicycle.holiday\/wp-content\/uploads\/2020\/04\/DSC_2525-300x200.jpg 300w, https:\/\/bicycle.holiday\/wp-content\/uploads\/2020\/04\/DSC_2525-1024x683.jpg 1024w, https:\/\/bicycle.holiday\/wp-content\/uploads\/2020\/04\/DSC_2525-768x512.jpg 768w, https:\/\/bicycle.holiday\/wp-content\/uploads\/2020\/04\/DSC_2525-1536x1024.jpg 1536w, https:\/\/bicycle.holiday\/wp-content\/uploads\/2020\/04\/DSC_2525-2048x1365.jpg 2048w, https:\/\/bicycle.holiday\/wp-content\/uploads\/2020\/04\/DSC_2525-600x400.jpg 600w, https:\/\/bicycle.holiday\/wp-content\/uploads\/2020\/04\/DSC_2525-1620x1080.jpg 1620w\" sizes=\"auto, (max-width: 300px) 100vw, 300px\" \/><\/a>\n\t\t\t<\/dt><\/dl><dl class='gallery-item'>\n\t\t\t<dt class='gallery-icon landscape'>\n\t\t\t\t<a href='https:\/\/bicycle.holiday\/wp-content\/uploads\/2020\/04\/DSC_4027.jpg'><img loading=\"lazy\" decoding=\"async\" width=\"300\" height=\"200\" src=\"https:\/\/bicycle.holiday\/wp-content\/uploads\/2020\/04\/DSC_4027-300x200.jpg\" class=\"attachment-medium size-medium\" alt=\"\" srcset=\"https:\/\/bicycle.holiday\/wp-content\/uploads\/2020\/04\/DSC_4027-300x200.jpg 300w, https:\/\/bicycle.holiday\/wp-content\/uploads\/2020\/04\/DSC_4027-1024x683.jpg 1024w, https:\/\/bicycle.holiday\/wp-content\/uploads\/2020\/04\/DSC_4027-768x512.jpg 768w, https:\/\/bicycle.holiday\/wp-content\/uploads\/2020\/04\/DSC_4027-1536x1024.jpg 1536w, https:\/\/bicycle.holiday\/wp-content\/uploads\/2020\/04\/DSC_4027-2048x1365.jpg 2048w, https:\/\/bicycle.holiday\/wp-content\/uploads\/2020\/04\/DSC_4027-600x400.jpg 600w, https:\/\/bicycle.holiday\/wp-content\/uploads\/2020\/04\/DSC_4027-1620x1080.jpg 1620w\" sizes=\"auto, (max-width: 300px) 100vw, 300px\" \/><\/a>\n\t\t\t<\/dt><\/dl><br style=\"clear: both\" \/>\n\t\t<\/div>\n\r\n<p>Somos un equipo de fan\u00e1ticos del ciclismo que estar\u00e1n felices de compartir nuestra experiencia en la isla con vosotros. Nuestro centro de ciclismo en Mallorca tiene m\u00e1s de 15 a\u00f1os de historia. Aqu\u00ed nacieron una serie de experiencias irrepetibles, amistades para toda la vida y relaciones bonitas. Estamos muy orgullosos de haber abierto desde el a\u00f1o 2019 una nueva base para nuestro campamento de ciclismo en Mallorca, en el Hotel Rei del Mediterrani Palace 4 * en Playa de Muro, cerca de Alcudia, uno de los destinos m\u00e1s deseables de la isla. La zona de Alcudia es uno de los lugares m\u00e1s lujosos de la isla. Adem\u00e1s del hermoso mar, los lugares m\u00e1s atractivos de Mallorca son f\u00e1cilmente accesibles. Nuestro equipo habla checo, espa\u00f1ol e ingl\u00e9s y se encargar\u00e1 de tu comodidad durante tu estad\u00eda. Y lo m\u00e1s importante, pod\u00e9is venir a quedaros con nosotros todo el tiempo que quer\u00e1is, \u00a1somos flexibles! Entonces, si no ten\u00e9is tiempo para pasar una semana en Mallorca, pero solo un fin de semana largo, no hay problema, nos encargaremos de ello. B\u00e1sicamente, hemos preparado el escenario para vuestros recuerdos.<\/p>\r\n<p>Contamos con muchos a\u00f1os de experiencia en la organizaci\u00f3n de campamentos de ciclismo. Nuestros clientes se convierten en nuestros amigos y tenemos una relaci\u00f3n individual con cada uno de ellos. No estamos enfocados en obtener m\u00e1s y m\u00e1s clientes cada a\u00f1o y aumentar el n\u00famero de ellos, aunque la cantidad aumenta cada a\u00f1o; nos centramos principalmente m\u00e1s en nuestro servicio y especialmente en la comodidad y experiencia de nuestros clientes. Alquilamos bicicletas a precios razonables de un distribuidor mundial de bicicletas M\u00e9rida. Por lo tanto, no ten\u00e9is que traer vuestra propia bicicleta y preocuparos de que vuestra bicicleta se da\u00f1e o se pierda en el transporte. De esta manera, viajar ser\u00e1 m\u00e1s c\u00f3modo para vosotros.<\/p>\r\n<p>Pasar\u00e1s unas excelentes vacaciones con nosotros, explorar\u00e1s los lugares m\u00e1s interesantes de la isla, conocer\u00e1s la cultura local y mucho m\u00e1s.<\/p>\r\n","protected":false},"excerpt":{"rendered":"<p>Porque con nosotros? Somos un equipo de fan\u00e1ticos del ciclismo que estar\u00e1n felices de compartir nuestra experiencia en la isla con vosotros. Nuestro centro de ciclismo en Mallorca tiene m\u00e1s de 15 a\u00f1os de historia. Aqu\u00ed nacieron una serie de experiencias irrepetibles, amistades para toda la vida y relaciones bonitas. Estamos muy orgullosos de haber [&hellip;]<\/p>\n","protected":false},"author":1,"featured_media":0,"parent":0,"menu_order":103,"comment_status":"closed","ping_status":"closed","template":"","meta":{"_acf_changed":false,"footnotes":""},"class_list":["post-428","page","type-page","status-publish","hentry"],"acf":[],"yoast_head":"<!-- This site is optimized with the Yoast SEO plugin v27.4 - https:\/\/yoast.com\/product\/yoast-seo-wordpress\/ -->\n<title>Quienes somos - Bicycle.Holiday<\/title>\n<meta name=\"robots\" content=\"index, follow, max-snippet:-1, max-image-preview:large, max-video-preview:-1\" \/>\n<link rel=\"canonical\" href=\"https:\/\/bicycle.holiday\/es\/quienes-somos\/\" \/>\n<meta property=\"og:locale\" content=\"es_ES\" \/>\n<meta property=\"og:type\" content=\"article\" \/>\n<meta property=\"og:title\" content=\"Quienes somos - Bicycle.Holiday\" \/>\n<meta property=\"og:description\" content=\"Porque con nosotros? Somos un equipo de fan\u00e1ticos del ciclismo que estar\u00e1n felices de compartir nuestra experiencia en la isla con vosotros. Nuestro centro de ciclismo en Mallorca tiene m\u00e1s de 15 a\u00f1os de historia. Aqu\u00ed nacieron una serie de experiencias irrepetibles, amistades para toda la vida y relaciones bonitas. Estamos muy orgullosos de haber [&hellip;]\" \/>\n<meta property=\"og:url\" content=\"https:\/\/bicycle.holiday\/es\/quienes-somos\/\" \/>\n<meta property=\"og:site_name\" content=\"Bicycle.Holiday\" \/>\n<meta property=\"article:publisher\" content=\"https:\/\/www.facebook.com\/Bicycle.Holiday\" \/>\n<meta property=\"article:modified_time\" content=\"2020-10-23T10:55:37+00:00\" \/>\n<meta property=\"og:image\" content=\"https:\/\/bicycle.holiday\/wp-content\/uploads\/2020\/04\/1-1-300x225.jpg\" \/>\n<meta name=\"twitter:card\" content=\"summary_large_image\" \/>\n<meta name=\"twitter:label1\" content=\"Tiempo de lectura\" \/>\n\t<meta name=\"twitter:data1\" content=\"2 minutos\" \/>\n<script type=\"application\/ld+json\" class=\"yoast-schema-graph\">{\"@context\":\"https:\\\/\\\/schema.org\",\"@graph\":[{\"@type\":\"WebPage\",\"@id\":\"https:\\\/\\\/bicycle.holiday\\\/es\\\/quienes-somos\\\/\",\"url\":\"https:\\\/\\\/bicycle.holiday\\\/es\\\/quienes-somos\\\/\",\"name\":\"Quienes somos - Bicycle.Holiday\",\"isPartOf\":{\"@id\":\"https:\\\/\\\/bicycle.holiday\\\/es\\\/#website\"},\"datePublished\":\"2020-01-31T11:47:30+00:00\",\"dateModified\":\"2020-10-23T10:55:37+00:00\",\"breadcrumb\":{\"@id\":\"https:\\\/\\\/bicycle.holiday\\\/es\\\/quienes-somos\\\/#breadcrumb\"},\"inLanguage\":\"es\",\"potentialAction\":[{\"@type\":\"ReadAction\",\"target\":[\"https:\\\/\\\/bicycle.holiday\\\/es\\\/quienes-somos\\\/\"]}]},{\"@type\":\"BreadcrumbList\",\"@id\":\"https:\\\/\\\/bicycle.holiday\\\/es\\\/quienes-somos\\\/#breadcrumb\",\"itemListElement\":[{\"@type\":\"ListItem\",\"position\":1,\"name\":\"Home\",\"item\":\"https:\\\/\\\/bicycle.holiday\\\/es\\\/\"},{\"@type\":\"ListItem\",\"position\":2,\"name\":\"Quienes somos\"}]},{\"@type\":\"WebSite\",\"@id\":\"https:\\\/\\\/bicycle.holiday\\\/es\\\/#website\",\"url\":\"https:\\\/\\\/bicycle.holiday\\\/es\\\/\",\"name\":\"www.Bicycle.Holiday\",\"description\":\"Mallorca active holidays with bike\",\"publisher\":{\"@id\":\"https:\\\/\\\/bicycle.holiday\\\/es\\\/#organization\"},\"potentialAction\":[{\"@type\":\"SearchAction\",\"target\":{\"@type\":\"EntryPoint\",\"urlTemplate\":\"https:\\\/\\\/bicycle.holiday\\\/es\\\/?s={search_term_string}\"},\"query-input\":{\"@type\":\"PropertyValueSpecification\",\"valueRequired\":true,\"valueName\":\"search_term_string\"}}],\"inLanguage\":\"es\"},{\"@type\":\"Organization\",\"@id\":\"https:\\\/\\\/bicycle.holiday\\\/es\\\/#organization\",\"name\":\"Bicycle Holiday\",\"url\":\"https:\\\/\\\/bicycle.holiday\\\/es\\\/\",\"logo\":{\"@type\":\"ImageObject\",\"inLanguage\":\"es\",\"@id\":\"https:\\\/\\\/bicycle.holiday\\\/es\\\/#\\\/schema\\\/logo\\\/image\\\/\",\"url\":\"https:\\\/\\\/bicycle.holiday\\\/wp-content\\\/uploads\\\/2021\\\/09\\\/logo-bicycle-holiday-CTVEREC-FCBK.jpg\",\"contentUrl\":\"https:\\\/\\\/bicycle.holiday\\\/wp-content\\\/uploads\\\/2021\\\/09\\\/logo-bicycle-holiday-CTVEREC-FCBK.jpg\",\"width\":800,\"height\":800,\"caption\":\"Bicycle Holiday\"},\"image\":{\"@id\":\"https:\\\/\\\/bicycle.holiday\\\/es\\\/#\\\/schema\\\/logo\\\/image\\\/\"},\"sameAs\":[\"https:\\\/\\\/www.facebook.com\\\/Bicycle.Holiday\"]}]}<\/script>\n<!-- \/ Yoast SEO plugin. -->","yoast_head_json":{"title":"Quienes somos - Bicycle.Holiday","robots":{"index":"index","follow":"follow","max-snippet":"max-snippet:-1","max-image-preview":"max-image-preview:large","max-video-preview":"max-video-preview:-1"},"canonical":"https:\/\/bicycle.holiday\/es\/quienes-somos\/","og_locale":"es_ES","og_type":"article","og_title":"Quienes somos - Bicycle.Holiday","og_description":"Porque con nosotros? Somos un equipo de fan\u00e1ticos del ciclismo que estar\u00e1n felices de compartir nuestra experiencia en la isla con vosotros. Nuestro centro de ciclismo en Mallorca tiene m\u00e1s de 15 a\u00f1os de historia. Aqu\u00ed nacieron una serie de experiencias irrepetibles, amistades para toda la vida y relaciones bonitas. Estamos muy orgullosos de haber [&hellip;]","og_url":"https:\/\/bicycle.holiday\/es\/quienes-somos\/","og_site_name":"Bicycle.Holiday","article_publisher":"https:\/\/www.facebook.com\/Bicycle.Holiday","article_modified_time":"2020-10-23T10:55:37+00:00","og_image":[{"url":"https:\/\/bicycle.holiday\/wp-content\/uploads\/2020\/04\/1-1-300x225.jpg","type":"","width":"","height":""}],"twitter_card":"summary_large_image","twitter_misc":{"Tiempo de lectura":"2 minutos"},"schema":{"@context":"https:\/\/schema.org","@graph":[{"@type":"WebPage","@id":"https:\/\/bicycle.holiday\/es\/quienes-somos\/","url":"https:\/\/bicycle.holiday\/es\/quienes-somos\/","name":"Quienes somos - Bicycle.Holiday","isPartOf":{"@id":"https:\/\/bicycle.holiday\/es\/#website"},"datePublished":"2020-01-31T11:47:30+00:00","dateModified":"2020-10-23T10:55:37+00:00","breadcrumb":{"@id":"https:\/\/bicycle.holiday\/es\/quienes-somos\/#breadcrumb"},"inLanguage":"es","potentialAction":[{"@type":"ReadAction","target":["https:\/\/bicycle.holiday\/es\/quienes-somos\/"]}]},{"@type":"BreadcrumbList","@id":"https:\/\/bicycle.holiday\/es\/quienes-somos\/#breadcrumb","itemListElement":[{"@type":"ListItem","position":1,"name":"Home","item":"https:\/\/bicycle.holiday\/es\/"},{"@type":"ListItem","position":2,"name":"Quienes somos"}]},{"@type":"WebSite","@id":"https:\/\/bicycle.holiday\/es\/#website","url":"https:\/\/bicycle.holiday\/es\/","name":"www.Bicycle.Holiday","description":"Mallorca active holidays with bike","publisher":{"@id":"https:\/\/bicycle.holiday\/es\/#organization"},"potentialAction":[{"@type":"SearchAction","target":{"@type":"EntryPoint","urlTemplate":"https:\/\/bicycle.holiday\/es\/?s={search_term_string}"},"query-input":{"@type":"PropertyValueSpecification","valueRequired":true,"valueName":"search_term_string"}}],"inLanguage":"es"},{"@type":"Organization","@id":"https:\/\/bicycle.holiday\/es\/#organization","name":"Bicycle Holiday","url":"https:\/\/bicycle.holiday\/es\/","logo":{"@type":"ImageObject","inLanguage":"es","@id":"https:\/\/bicycle.holiday\/es\/#\/schema\/logo\/image\/","url":"https:\/\/bicycle.holiday\/wp-content\/uploads\/2021\/09\/logo-bicycle-holiday-CTVEREC-FCBK.jpg","contentUrl":"https:\/\/bicycle.holiday\/wp-content\/uploads\/2021\/09\/logo-bicycle-holiday-CTVEREC-FCBK.jpg","width":800,"height":800,"caption":"Bicycle Holiday"},"image":{"@id":"https:\/\/bicycle.holiday\/es\/#\/schema\/logo\/image\/"},"sameAs":["https:\/\/www.facebook.com\/Bicycle.Holiday"]}]}},"_links":{"self":[{"href":"https:\/\/bicycle.holiday\/es\/wp-json\/wp\/v2\/pages\/428","targetHints":{"allow":["GET"]}}],"collection":[{"href":"https:\/\/bicycle.holiday\/es\/wp-json\/wp\/v2\/pages"}],"about":[{"href":"https:\/\/bicycle.holiday\/es\/wp-json\/wp\/v2\/types\/page"}],"author":[{"embeddable":true,"href":"https:\/\/bicycle.holiday\/es\/wp-json\/wp\/v2\/users\/1"}],"replies":[{"embeddable":true,"href":"https:\/\/bicycle.holiday\/es\/wp-json\/wp\/v2\/comments?post=428"}],"version-history":[{"count":7,"href":"https:\/\/bicycle.holiday\/es\/wp-json\/wp\/v2\/pages\/428\/revisions"}],"predecessor-version":[{"id":2544,"href":"https:\/\/bicycle.holiday\/es\/wp-json\/wp\/v2\/pages\/428\/revisions\/2544"}],"wp:attachment":[{"href":"https:\/\/bicycle.holiday\/es\/wp-json\/wp\/v2\/media?parent=428"}],"curies":[{"name":"wp","href":"https:\/\/api.w.org\/{rel}","templated":true}]}}