{"id":2687,"date":"2020-07-24T10:41:49","date_gmt":"2020-07-24T08:41:49","guid":{"rendered":"https:\/\/bicycle.holiday\/?post_type=pokoj&#038;p=2687"},"modified":"2020-08-11T09:32:02","modified_gmt":"2020-08-11T07:32:02","slug":"suite-42m2","status":"publish","type":"pokoj","link":"https:\/\/bicycle.holiday\/de\/pokoj\/suite-42m2\/","title":{"rendered":"Rei Suite 42m2"},"content":{"rendered":"<p>Die Suiten verf\u00fcgen \u00fcber zwei R\u00e4ume, ein ger\u00e4umiges Schlafzimmer und ein gem\u00fctliches Wohnzimmer.<\/p>\n<p>Mit Doppelbett oder 2 Einzelbetten, Schreibtisch, Telefon, Flachbild-Sat-TV, Musik, Steckdose mit USB- und HDMI-Anschl\u00fcssen, kostenlosem WLAN, Klimaanlage, Minibar, Safe und gro\u00dfer Terrasse.<\/p>\n<p>Komplettes Badezimmer mit Haartrockner, Vergr\u00f6\u00dferungsspiegel, einer Vielzahl von Annehmlichkeiten, Bademantel und Hausschuhen.<\/p>\n<p>In den Suiten enthaltene Dienstleistungen:<\/p>\n<ul>\n<li>Minibar-Service mit alkoholfreien Getr\u00e4nken und kostenlosen Snacks<\/li>\n<li>Kapselkaffeeservice und hei\u00dfe Getr\u00e4nke<\/li>\n<li>Aufdeckservice bei Sonnenuntergang<\/li>\n<\/ul>\n\n\t\t<style type=\"text\/css\">\n\t\t\t#gallery-1 {\n\t\t\t\tmargin: auto;\n\t\t\t}\n\t\t\t#gallery-1 .gallery-item {\n\t\t\t\tfloat: left;\n\t\t\t\tmargin-top: 10px;\n\t\t\t\ttext-align: center;\n\t\t\t\twidth: 25%;\n\t\t\t}\n\t\t\t#gallery-1 img {\n\t\t\t\tborder: 2px solid #cfcfcf;\n\t\t\t}\n\t\t\t#gallery-1 .gallery-caption {\n\t\t\t\tmargin-left: 0;\n\t\t\t}\n\t\t\t\/* see gallery_shortcode() in wp-includes\/media.php *\/\n\t\t<\/style>\n\t\t<div id='gallery-1' class='gallery galleryid-2687 gallery-columns-4 gallery-size-medium'><dl class='gallery-item'>\n\t\t\t<dt class='gallery-icon landscape'>\n\t\t\t\t<a href='https:\/\/bicycle.holiday\/wp-content\/uploads\/2020\/04\/Habitaciones-11.jpg'><img loading=\"lazy\" decoding=\"async\" width=\"300\" height=\"200\" src=\"https:\/\/bicycle.holiday\/wp-content\/uploads\/2020\/04\/Habitaciones-11-300x200.jpg\" class=\"attachment-medium size-medium\" alt=\"\" srcset=\"https:\/\/bicycle.holiday\/wp-content\/uploads\/2020\/04\/Habitaciones-11-300x200.jpg 300w, https:\/\/bicycle.holiday\/wp-content\/uploads\/2020\/04\/Habitaciones-11-1024x683.jpg 1024w, https:\/\/bicycle.holiday\/wp-content\/uploads\/2020\/04\/Habitaciones-11-768x512.jpg 768w, https:\/\/bicycle.holiday\/wp-content\/uploads\/2020\/04\/Habitaciones-11-1536x1024.jpg 1536w, https:\/\/bicycle.holiday\/wp-content\/uploads\/2020\/04\/Habitaciones-11-2048x1365.jpg 2048w, https:\/\/bicycle.holiday\/wp-content\/uploads\/2020\/04\/Habitaciones-11-600x400.jpg 600w, https:\/\/bicycle.holiday\/wp-content\/uploads\/2020\/04\/Habitaciones-11-1620x1080.jpg 1620w\" sizes=\"auto, (max-width: 300px) 100vw, 300px\" \/><\/a>\n\t\t\t<\/dt><\/dl><dl class='gallery-item'>\n\t\t\t<dt class='gallery-icon landscape'>\n\t\t\t\t<a href='https:\/\/bicycle.holiday\/wp-content\/uploads\/2020\/04\/Habitaciones-14.jpg'><img loading=\"lazy\" decoding=\"async\" width=\"300\" height=\"200\" src=\"https:\/\/bicycle.holiday\/wp-content\/uploads\/2020\/04\/Habitaciones-14-300x200.jpg\" class=\"attachment-medium size-medium\" alt=\"\" srcset=\"https:\/\/bicycle.holiday\/wp-content\/uploads\/2020\/04\/Habitaciones-14-300x200.jpg 300w, https:\/\/bicycle.holiday\/wp-content\/uploads\/2020\/04\/Habitaciones-14-1024x683.jpg 1024w, https:\/\/bicycle.holiday\/wp-content\/uploads\/2020\/04\/Habitaciones-14-768x512.jpg 768w, https:\/\/bicycle.holiday\/wp-content\/uploads\/2020\/04\/Habitaciones-14-1536x1024.jpg 1536w, https:\/\/bicycle.holiday\/wp-content\/uploads\/2020\/04\/Habitaciones-14-2048x1365.jpg 2048w, https:\/\/bicycle.holiday\/wp-content\/uploads\/2020\/04\/Habitaciones-14-600x400.jpg 600w, https:\/\/bicycle.holiday\/wp-content\/uploads\/2020\/04\/Habitaciones-14-1620x1080.jpg 1620w\" sizes=\"auto, (max-width: 300px) 100vw, 300px\" \/><\/a>\n\t\t\t<\/dt><\/dl>\n\t\t\t<br style='clear: both' \/>\n\t\t<\/div>\n\n","protected":false},"template":"","class_list":["post-2687","pokoj","type-pokoj","status-publish","hentry"],"hotel":[{"ID":831,"post_title":"HOTEL REI DEL MEDITERRANI PALACE","post_content":"Das Hotel Rei del Mediterrani Palace befindet sich im n\u00f6rdlichen Teil der Insel am Playa de Muro in der N\u00e4he von Alcudia. Aufgrund seiner Lage ist es ein idealer Ort f\u00fcr Radfahrer, die auf dem beliebten, aber bergigen Formentor fahren oder die Ebenen des Zentrums und \u00f6stlich von Mallorca genie\u00dfen k\u00f6nnen.","post_excerpt":"","post_author":"4","post_date":"2020-04-17 14:42:46","post_date_gmt":"2020-04-17 12:42:46","post_status":"publish","comment_status":"closed","ping_status":"closed","post_password":"","post_name":"hotel-rei-del-mediterrani-palace","to_ping":"","pinged":"","post_modified":"2022-12-01 09:59:25","post_modified_gmt":"2022-12-01 08:59:25","post_content_filtered":"","post_parent":[],"guid":"https:\/\/bicycle.holiday\/?post_type=hotel&#038;p=831","menu_order":0,"post_type":"hotel","post_mime_type":"","comment_count":"0","comments":false,"id":831}],"img":{"ID":"552","post_author":"1","post_date":"2020-02-16 16:41:58","post_date_gmt":"2020-02-16 15:41:58","post_content":"","post_title":"room","post_excerpt":"","post_status":"inherit","comment_status":"open","ping_status":"closed","post_password":"","post_name":"room-2","to_ping":"","pinged":"","post_modified":"2020-08-11 09:32:02","post_modified_gmt":"2020-08-11 07:32:02","post_content_filtered":"","post_parent":"2687","guid":"https:\/\/bicycle.holiday\/wp-content\/uploads\/2020\/02\/room.jpg","menu_order":"0","post_type":"attachment","post_mime_type":"image\/jpeg","comment_count":"0","translation_id":"669","element_type":"post_attachment","element_id":"552","trid":"733","language_code":"de","source_language_code":"en","id":"3","code":"de","english_name":"German","major":"1","active":"1","default_locale":"de_DE","tag":"de","encode_url":"0","country":null,"pod_item_id":"552"},"velikost":"42","acf":[],"yoast_head":"<!-- This site is optimized with the Yoast SEO plugin v27.4 - https:\/\/yoast.com\/product\/yoast-seo-wordpress\/ -->\n<title>Rei Suite 42m2 - Bicycle.Holiday<\/title>\n<meta name=\"robots\" content=\"index, follow, max-snippet:-1, max-image-preview:large, max-video-preview:-1\" \/>\n<link rel=\"canonical\" href=\"https:\/\/bicycle.holiday\/de\/pokoj\/suite-42m2\/\" \/>\n<meta property=\"og:locale\" content=\"de_DE\" \/>\n<meta property=\"og:type\" content=\"article\" \/>\n<meta property=\"og:title\" content=\"Rei Suite 42m2 - Bicycle.Holiday\" \/>\n<meta property=\"og:description\" content=\"Die Suiten verf\u00fcgen \u00fcber zwei R\u00e4ume, ein ger\u00e4umiges Schlafzimmer und ein gem\u00fctliches Wohnzimmer. Mit Doppelbett oder 2 Einzelbetten, Schreibtisch, Telefon, Flachbild-Sat-TV, Musik, Steckdose mit USB- und HDMI-Anschl\u00fcssen, kostenlosem WLAN, Klimaanlage, Minibar, Safe und gro\u00dfer Terrasse. Komplettes Badezimmer mit Haartrockner, Vergr\u00f6\u00dferungsspiegel, einer Vielzahl von Annehmlichkeiten, Bademantel und Hausschuhen. In den Suiten enthaltene Dienstleistungen: Minibar-Service mit alkoholfreien [&hellip;]\" \/>\n<meta property=\"og:url\" content=\"https:\/\/bicycle.holiday\/de\/pokoj\/suite-42m2\/\" \/>\n<meta property=\"og:site_name\" content=\"Bicycle.Holiday\" \/>\n<meta property=\"article:publisher\" content=\"https:\/\/www.facebook.com\/Bicycle.Holiday\" \/>\n<meta property=\"article:modified_time\" content=\"2020-08-11T07:32:02+00:00\" \/>\n<meta property=\"og:image\" content=\"https:\/\/bicycle.holiday\/wp-content\/uploads\/2020\/04\/Habitaciones-11-300x200.jpg\" \/>\n<meta name=\"twitter:card\" content=\"summary_large_image\" \/>\n<script type=\"application\/ld+json\" class=\"yoast-schema-graph\">{\"@context\":\"https:\\\/\\\/schema.org\",\"@graph\":[{\"@type\":\"WebPage\",\"@id\":\"https:\\\/\\\/bicycle.holiday\\\/de\\\/pokoj\\\/suite-42m2\\\/\",\"url\":\"https:\\\/\\\/bicycle.holiday\\\/de\\\/pokoj\\\/suite-42m2\\\/\",\"name\":\"Rei Suite 42m2 - Bicycle.Holiday\",\"isPartOf\":{\"@id\":\"https:\\\/\\\/bicycle.holiday\\\/de\\\/#website\"},\"datePublished\":\"2020-07-24T08:41:49+00:00\",\"dateModified\":\"2020-08-11T07:32:02+00:00\",\"breadcrumb\":{\"@id\":\"https:\\\/\\\/bicycle.holiday\\\/de\\\/pokoj\\\/suite-42m2\\\/#breadcrumb\"},\"inLanguage\":\"de\",\"potentialAction\":[{\"@type\":\"ReadAction\",\"target\":[\"https:\\\/\\\/bicycle.holiday\\\/de\\\/pokoj\\\/suite-42m2\\\/\"]}]},{\"@type\":\"BreadcrumbList\",\"@id\":\"https:\\\/\\\/bicycle.holiday\\\/de\\\/pokoj\\\/suite-42m2\\\/#breadcrumb\",\"itemListElement\":[{\"@type\":\"ListItem\",\"position\":1,\"name\":\"Home\",\"item\":\"https:\\\/\\\/bicycle.holiday\\\/de\\\/\"},{\"@type\":\"ListItem\",\"position\":2,\"name\":\"Rei Suite 42m2\"}]},{\"@type\":\"WebSite\",\"@id\":\"https:\\\/\\\/bicycle.holiday\\\/de\\\/#website\",\"url\":\"https:\\\/\\\/bicycle.holiday\\\/de\\\/\",\"name\":\"www.Bicycle.Holiday\",\"description\":\"Mallorca active holidays with bike\",\"publisher\":{\"@id\":\"https:\\\/\\\/bicycle.holiday\\\/de\\\/#organization\"},\"potentialAction\":[{\"@type\":\"SearchAction\",\"target\":{\"@type\":\"EntryPoint\",\"urlTemplate\":\"https:\\\/\\\/bicycle.holiday\\\/de\\\/?s={search_term_string}\"},\"query-input\":{\"@type\":\"PropertyValueSpecification\",\"valueRequired\":true,\"valueName\":\"search_term_string\"}}],\"inLanguage\":\"de\"},{\"@type\":\"Organization\",\"@id\":\"https:\\\/\\\/bicycle.holiday\\\/de\\\/#organization\",\"name\":\"Bicycle Holiday\",\"url\":\"https:\\\/\\\/bicycle.holiday\\\/de\\\/\",\"logo\":{\"@type\":\"ImageObject\",\"inLanguage\":\"de\",\"@id\":\"https:\\\/\\\/bicycle.holiday\\\/de\\\/#\\\/schema\\\/logo\\\/image\\\/\",\"url\":\"https:\\\/\\\/bicycle.holiday\\\/wp-content\\\/uploads\\\/2021\\\/09\\\/logo-bicycle-holiday-CTVEREC-FCBK.jpg\",\"contentUrl\":\"https:\\\/\\\/bicycle.holiday\\\/wp-content\\\/uploads\\\/2021\\\/09\\\/logo-bicycle-holiday-CTVEREC-FCBK.jpg\",\"width\":800,\"height\":800,\"caption\":\"Bicycle Holiday\"},\"image\":{\"@id\":\"https:\\\/\\\/bicycle.holiday\\\/de\\\/#\\\/schema\\\/logo\\\/image\\\/\"},\"sameAs\":[\"https:\\\/\\\/www.facebook.com\\\/Bicycle.Holiday\"]}]}<\/script>\n<!-- \/ Yoast SEO plugin. -->","yoast_head_json":{"title":"Rei Suite 42m2 - Bicycle.Holiday","robots":{"index":"index","follow":"follow","max-snippet":"max-snippet:-1","max-image-preview":"max-image-preview:large","max-video-preview":"max-video-preview:-1"},"canonical":"https:\/\/bicycle.holiday\/de\/pokoj\/suite-42m2\/","og_locale":"de_DE","og_type":"article","og_title":"Rei Suite 42m2 - Bicycle.Holiday","og_description":"Die Suiten verf\u00fcgen \u00fcber zwei R\u00e4ume, ein ger\u00e4umiges Schlafzimmer und ein gem\u00fctliches Wohnzimmer. Mit Doppelbett oder 2 Einzelbetten, Schreibtisch, Telefon, Flachbild-Sat-TV, Musik, Steckdose mit USB- und HDMI-Anschl\u00fcssen, kostenlosem WLAN, Klimaanlage, Minibar, Safe und gro\u00dfer Terrasse. Komplettes Badezimmer mit Haartrockner, Vergr\u00f6\u00dferungsspiegel, einer Vielzahl von Annehmlichkeiten, Bademantel und Hausschuhen. In den Suiten enthaltene Dienstleistungen: Minibar-Service mit alkoholfreien [&hellip;]","og_url":"https:\/\/bicycle.holiday\/de\/pokoj\/suite-42m2\/","og_site_name":"Bicycle.Holiday","article_publisher":"https:\/\/www.facebook.com\/Bicycle.Holiday","article_modified_time":"2020-08-11T07:32:02+00:00","og_image":[{"url":"https:\/\/bicycle.holiday\/wp-content\/uploads\/2020\/04\/Habitaciones-11-300x200.jpg","type":"","width":"","height":""}],"twitter_card":"summary_large_image","schema":{"@context":"https:\/\/schema.org","@graph":[{"@type":"WebPage","@id":"https:\/\/bicycle.holiday\/de\/pokoj\/suite-42m2\/","url":"https:\/\/bicycle.holiday\/de\/pokoj\/suite-42m2\/","name":"Rei Suite 42m2 - Bicycle.Holiday","isPartOf":{"@id":"https:\/\/bicycle.holiday\/de\/#website"},"datePublished":"2020-07-24T08:41:49+00:00","dateModified":"2020-08-11T07:32:02+00:00","breadcrumb":{"@id":"https:\/\/bicycle.holiday\/de\/pokoj\/suite-42m2\/#breadcrumb"},"inLanguage":"de","potentialAction":[{"@type":"ReadAction","target":["https:\/\/bicycle.holiday\/de\/pokoj\/suite-42m2\/"]}]},{"@type":"BreadcrumbList","@id":"https:\/\/bicycle.holiday\/de\/pokoj\/suite-42m2\/#breadcrumb","itemListElement":[{"@type":"ListItem","position":1,"name":"Home","item":"https:\/\/bicycle.holiday\/de\/"},{"@type":"ListItem","position":2,"name":"Rei Suite 42m2"}]},{"@type":"WebSite","@id":"https:\/\/bicycle.holiday\/de\/#website","url":"https:\/\/bicycle.holiday\/de\/","name":"www.Bicycle.Holiday","description":"Mallorca active holidays with bike","publisher":{"@id":"https:\/\/bicycle.holiday\/de\/#organization"},"potentialAction":[{"@type":"SearchAction","target":{"@type":"EntryPoint","urlTemplate":"https:\/\/bicycle.holiday\/de\/?s={search_term_string}"},"query-input":{"@type":"PropertyValueSpecification","valueRequired":true,"valueName":"search_term_string"}}],"inLanguage":"de"},{"@type":"Organization","@id":"https:\/\/bicycle.holiday\/de\/#organization","name":"Bicycle Holiday","url":"https:\/\/bicycle.holiday\/de\/","logo":{"@type":"ImageObject","inLanguage":"de","@id":"https:\/\/bicycle.holiday\/de\/#\/schema\/logo\/image\/","url":"https:\/\/bicycle.holiday\/wp-content\/uploads\/2021\/09\/logo-bicycle-holiday-CTVEREC-FCBK.jpg","contentUrl":"https:\/\/bicycle.holiday\/wp-content\/uploads\/2021\/09\/logo-bicycle-holiday-CTVEREC-FCBK.jpg","width":800,"height":800,"caption":"Bicycle Holiday"},"image":{"@id":"https:\/\/bicycle.holiday\/de\/#\/schema\/logo\/image\/"},"sameAs":["https:\/\/www.facebook.com\/Bicycle.Holiday"]}]}},"_links":{"self":[{"href":"https:\/\/bicycle.holiday\/de\/wp-json\/wp\/v2\/pokoj\/2687","targetHints":{"allow":["GET"]}}],"collection":[{"href":"https:\/\/bicycle.holiday\/de\/wp-json\/wp\/v2\/pokoj"}],"about":[{"href":"https:\/\/bicycle.holiday\/de\/wp-json\/wp\/v2\/types\/pokoj"}],"wp:attachment":[{"href":"https:\/\/bicycle.holiday\/de\/wp-json\/wp\/v2\/media?parent=2687"}],"curies":[{"name":"wp","href":"https:\/\/api.w.org\/{rel}","templated":true}]}}