{"id":430,"date":"2020-03-31T13:48:49","date_gmt":"2020-03-31T11:48:49","guid":{"rendered":"https:\/\/bicycle.holiday\/?page_id=430"},"modified":"2020-10-23T12:55:30","modified_gmt":"2020-10-23T10:55:30","slug":"faq","status":"publish","type":"page","link":"https:\/\/bicycle.holiday\/de\/faq\/","title":{"rendered":"FAQs"},"content":{"rendered":"<h2><b>FAQs<\/b><\/h2>\n<p><b>Welche Auswahl an Fahrr\u00e4dern haben Sie?<\/b><\/p>\n<p>Wir vermieten eine gro\u00dfe Auswahl an Fahrr\u00e4dern. Von komfortablen Fitnessfahrr\u00e4dern \u00fcber Elektrofahrr\u00e4der bis hin zu unseren Carbon-Rennr\u00e4dern mit hydraulischen Bremsen. Siehe das Angebot\u00a0<a href=\"https:\/\/bicycle.holiday\/de\/fahrradverleih\/\">hier<\/a><\/p>\n<p><b>Was beinhaltet mein Mietpreis?<br \/>\n<\/b><\/p>\n<p>Wir werden f\u00fcr Sie ein Fahrrad anpassen. Abh\u00e4ngig von Ihrer Gr\u00f6\u00dfe bereiten wir Ihr Fahrrad vor, richten einen Sitz ein und statten es mit einer Pumpe, einem versiegelten Schlauch, einem Satz inkl. Flicken und Kleber, sowie einem Sigma-Fahrradcomputer aus. Die Fahrr\u00e4der sind auch mit zwei Bidonhaltern ausgestattet. Sie bekommen von uns auch kostenlos eine Karte mit empfohlenen Fahrradrouten. Die Ionengetr\u00e4nke, ein kleines mechanisches Service, eine Waschanlage, ein Werkzeugverleih und ein Kompressor stehen zur Verf\u00fcgung.<\/p>\n<p>Wenn Sie ein Fahrrad \u00fcber einen l\u00e4ngeren Zeitraum mieten, erhalten Sie au\u00dferdem ein Schloss f\u00fcr Ihren Sicherheitsparkplatz im Fahrradzentrum f\u00fcr 5 \u20ac als erstattbare Kaution. Die Kaution f\u00fcr das Schloss wird zum Zeitpunkt der R\u00fcckgabe des Fahrrads zur\u00fcckerstattet.<\/p>\n<p><b>Wi viel kostet, ein Fahrrad bei Ihnen zu mieten?<\/b><\/p>\n<p>Dies h\u00e4ngt vom Fahrradtyp und von der Mietdauer ab. Die aktuelle Preisliste <a href=\"https:\/\/bicycle.holiday\/de\/preisliste\/\">hier<\/a><\/p>\n<p><b>Kann man ein Fahrrad nur f\u00fcr einen halben Tag mieten?<\/b><\/p>\n<p>Nein, das ist nicht m\u00f6glich.<\/p>\n<p><b>Kann man ein Fahrrad f\u00fcr verschieden Tage mieten?<\/b><\/p>\n<p>Ja, aber es h\u00e4ngt immer von der Verf\u00fcgbarkeit des Fahrrads ab.<\/p>\n<p><b>Welche Ausr\u00fcstung geh\u00f6rt zum Fahrrad? Was soll ich mitbringen, wenn ich ein Fahrrad miete?<\/b><\/p>\n<p>Das Fahrrad ist ausgestattet mit: Computer, Pumpe, Ersatzschlauch. Sie m\u00fcssen Ihre eigenen Pedale und Helm verwenden.<\/p>\n<p><b>Bieten Sie Kinderfahrr\u00e4der, Kindersitze oder Fahrradanh\u00e4nger an?<\/b><\/p>\n<p>Wir bieten keine Kinderfahrr\u00e4der, Sitze oder Anh\u00e4nger an.<\/p>\n<p><b>Mieten Sie die Mountainbikes?<\/b><\/p>\n<p>Wir mieten keine Mountainbikes.<\/p>\n<p><b>Was bedeutet genaus ein &#8222;Miettag&#8220;?<\/b><\/p>\n<p>Der Verleih beginnt um 9.00 Uhr. Die Fahrr\u00e4der m\u00fcssen sp\u00e4testens um 17.00 Uhr zur\u00fcck sein.<\/p>\n<p><b>Haben Sie die Fahrradschl\u00f6sser?<\/b><\/p>\n<p>Wir haben eine begrenzte Anzahl von Schl\u00f6ssern, daher ist es immer notwendig, dies im Voraus zu \u00fcberpr\u00fcfen.<\/p>\n<p><b>Was passiert, wenn ich das Fahrrad nicht rechtzeitig zur\u00fcckbringe?<\/b><\/p>\n<p>Das Fahrrad muss sauber, unbesch\u00e4digt und p\u00fcnktlich bis 17.00 Uhr zur\u00fcckgegeben werden. Die Waschanlage f\u00fcr die Fahrr\u00e4der befindet sich au\u00dferhalb des Fahrradzentrums. Wenn Sie sp\u00e4ter kommen, werden Sie aufgefordert, eine Geb\u00fchr von 10 \u20ac zu zahlen. Das Fahrradzentrum schlie\u00dft um 18:30 Uhr, es ist also die sp\u00e4teste Zeit f\u00fcr die R\u00fcckgabe des gemieteten Fahrrads.<\/p>\n<p><b>Haben Sie irgendeine Art von Versicherung?<\/b><\/p>\n<p>Das Fahrrad ist im Falle eines Unfalls gegen Besch\u00e4digungen versichert. Die Versicherung beinhaltet keinen Fahrraddiebstahl, Fahrradverlust und Reifendefekt. Bei Diebstahl oder Verlust muss dass Fahrrad f\u00fcr einen Verkaufswert bezahlt werden. Der Ersatzreifen kostet 5\u20ac.<\/p>\n<p><b>Was passiert, wenn ich nicht kommen kann? Wie funktioniert die Stornierung?<\/b><\/p>\n<p>\u00c4nderungen an der Fahrradverleihreservierung sind m\u00f6glich. F\u00fcr jede einzelne \u00c4nderung, die zu weniger Miettagen oder einem g\u00fcnstigeren Modell f\u00fchrt, werden 10 \u20ac pro Miete berechnet. Es ist kostenlos, die Anzahl der Miettage zu erh\u00f6hen oder ein teureres Modell zu mieten.<\/p>\n<p>Stornierungsbedingungen: 3 oder mehr Tage vor Reiseantritt 10 \u20ac pro Miete, 2 oder weniger Tage vor Anreise 80% des Mietpreises, max. 70 \u20ac. Die \u00c4nderungs- und Stornierungsgeb\u00fchren werden im Voraus \u00fcber den Vertriebspartner erhoben.<\/p>\n<p><b>Wenn ich mein eigenes Fahrrad mitbringe, gibt es einen Parkplatz in Ihrem Fahrradzentrum?<\/b><\/p>\n<div class=\"text-wrap tlid-copy-target\">\n<div class=\"result-shield-container tlid-copy-target\" tabindex=\"0\"><span class=\"tlid-translation translation\" lang=\"de\"><span class=\"\" title=\"\">Ja.<\/span> <span class=\"\" title=\"\">Das Fahrradzentrum bietet Platz f\u00fcr bis zu 440 Fahrr\u00e4der.<\/span> <span class=\"\" title=\"\">Wir werden immer einen Platz f\u00fcr Sie bereitstellen.<\/span><\/span><\/div>\n<\/div>\n<p><b>Ist mein Fahrrad sicher?<\/b><\/p>\n<p>Das Fahrradzentrum wird von einem \u00dcberwachungskamerasystem bewacht und mit einem Alarm versehen. Alle Fahrr\u00e4der sind nachts mit einem Sicherheitsstahlkabel verriegelt. Sie k\u00f6nnen Ihr Fahrrad auch mit dem Schloss sichern, das Sie in unserer Fahrradzentrum erhalten.<\/p>\n<p><b>Muss ich mein Fahrrad online buchen?<\/b><\/p>\n<p>Die Fahrr\u00e4der k\u00f6nnen online oder vor Ort gebucht werden. Wenn Sie jedoch vor Ort buchen, haben wir m\u00f6glicherweise nicht Ihre Fahrradgr\u00f6\u00dfe.<\/p>\n<p><b>Ich bin mir nicht sicher, welche Fahrradgr\u00f6\u00dfe ich mieten soll. K\u00f6nnen Sie mir bei der Auswahl der richtigen Gr\u00f6\u00dfe helfen?<\/b><\/p>\n<p>Nat\u00fcrlich. Wir helfen Ihnen gerne, die richtige Fahrradgr\u00f6\u00dfe zu finden. Wir m\u00fcssen nur Ihre Gr\u00f6\u00dfe kennen.<\/p>\n<p><b>Bieten Sie eine Transfer an, damit die Radfahrer auf verschiedenen Strecken der Insel fahren k\u00f6nnen?<\/b><\/p>\n<p>Ja. Gerne arrangieren wir einen Transfer \u00fcberall auf der Insel.<\/p>\n<p><b>Wie viel kostet ein Transfer?<\/b><\/p>\n<table style=\"width: 95.0717%; height: 64px;\" border=\"1\">\n<tbody>\n<tr>\n<td style=\"width: 23.5648%; border-style: solid;\">Passagier<\/td>\n<td style=\"width: 9.23079%; border-style: solid; text-align: center;\">1<\/td>\n<td style=\"width: 9.11319%; border-style: solid; text-align: center;\">2<\/td>\n<td style=\"width: 7.89994%; border-style: solid; text-align: center;\">3<\/td>\n<td style=\"width: 7.55722%; border-style: solid; text-align: center;\">4<\/td>\n<td style=\"width: 7.65977%; border-style: solid; text-align: center;\">5<\/td>\n<td style=\"width: 9.0281%; border-style: solid; text-align: center;\">6<\/td>\n<td style=\"width: 9.43842%; border-style: solid; text-align: center;\">7<\/td>\n<td style=\"width: 94.1815%; border-style: solid; text-align: center;\">weiterer Passagier<\/td>\n<\/tr>\n<tr>\n<td style=\"width: 23.5648%; border-style: solid;\">Preis pro Passagier<\/td>\n<td style=\"width: 9.23079%; border-style: solid; text-align: center;\">112 \u20ac<\/td>\n<td style=\"width: 9.11319%; border-style: solid; text-align: center;\">56 \u20ac<\/td>\n<td style=\"width: 7.89994%; border-style: solid; text-align: center;\">37 \u20ac<\/td>\n<td style=\"width: 7.55722%; border-style: solid; text-align: center;\">28 \u20ac<\/td>\n<td style=\"width: 7.65977%; border-style: solid; text-align: center;\">22 \u20ac<\/td>\n<td style=\"width: 9.0281%; border-style: solid; text-align: center;\">19 \u20ac<\/td>\n<td style=\"width: 9.43842%; border-style: solid; text-align: center;\">16 \u20ac<\/td>\n<td style=\"width: 94.1815%; border-style: solid; text-align: center;\">+16 \u20ac<\/td>\n<\/tr>\n<\/tbody>\n<\/table>\n<p>Die Preise gelten auf der ganzen Insel und beinhalten den sicheren Fahrradtransfer in einem speziellen Fahrrad-Shuttler.<\/p>\n<p><b>Was passiert, wenn ich einen Unfall auf dem Fahrrad habe?<\/b><\/p>\n<p>Sie erhalten von uns eine Telefonnummer, die Sie im Notfall verwenden k\u00f6nnen. Unser Team hilft Ihnen dann auf dem Weg.<\/p>\n<p><b>K\u00f6nnen Sie die Routen auf der Inseln empfehlen?<\/b><\/p>\n<p>Ja. Gerne stellen wir Ihnen eine von uns erstellte Fahrradkarte zur Verf\u00fcgung oder laden Sie eine .gpx-Route herunter.<\/p>\n<p>Siehe <a href=\"https:\/\/bicycle.holiday\/de\/routen-und-ausfluge\/\">hier<\/a> oder einfach alle Routen <a href=\"https:\/\/bicycle.holiday\/wp-content\/uploads\/2020\/04\/Routes.zip\">hier <\/a>herunterladen.<\/p>\n<p><b>Verkaufen Sie die Fahrradprodukte wie z.B. die Wasserflaschen (Bidons) oder die Karten?<\/b><\/p>\n<p>Ja. Die Bidons sind gegen eine Geb\u00fchr von 5 \u20ac erh\u00e4ltlich. Die Fahrradkarten werden kostenlos zur Verf\u00fcgung gestellt.<\/p>\n<p><b>Welche Sprachen sprechen Sie?<\/b><\/p>\n<p>Tschechisch, englisch und spanisch.<\/p>\n<p><b>Wie sind die \u00d6ffnungszeiten?<\/b><\/p>\n<p><span class=\"tlid-translation translation\" lang=\"de\"><span class=\"\" title=\"\">W\u00e4hrend des Radcamps sind wir t\u00e4glich 9:00 &#8211; 12:00<\/span> <span title=\"\">und 15:00 &#8211;<\/span><span title=\"\"> 18:30 ge\u00f6ffnet.<\/span><\/span><\/p>\n<p>Herbstcamp 2020: 14.09.2020 &#8211; 27.10.2020<\/p>\n<p>Fr\u00fchlingscamp 2021 : Hotel Caballero : 19.2.-26.3.2021, Hotel Rei del Mediterrani Palace 26.3.-14.5.2021<\/p>\n<p><b>Sind die Stra\u00dfen auf Mallorca sicher f\u00fcrs Radhfahren?<\/b><\/p>\n<p>Ja. Auf Mallorca gibt es unz\u00e4hlige ruhige, fahrradsichere Stra\u00dfen. Dar\u00fcber hinaus haben die Haupt- und Nebenstra\u00dfen eine hochwertige Asphaltoberfl\u00e4che und die Fahrer sind r\u00fccksichtsvoll. Wir beraten Sie, wohin Sie fahren sollen.<\/p>\n<p><b>Wie ist es mit den Stra\u00dfenverkehrsregeln?<\/b><\/p>\n<p>Es ist obligatorisch, die Fahrradhelme in den St\u00e4dten f\u00fcr Kinder unter 16 Jahren und ausnahmslos au\u00dferhalb der Stadt zu tragen. Wenn Sie den Helm nicht benutzen, wird die Polizei eine Geldstrafe verh\u00e4ngen.<\/p>\n","protected":false},"excerpt":{"rendered":"<p>FAQs Welche Auswahl an Fahrr\u00e4dern haben Sie? Wir vermieten eine gro\u00dfe Auswahl an Fahrr\u00e4dern. Von komfortablen Fitnessfahrr\u00e4dern \u00fcber Elektrofahrr\u00e4der bis hin zu unseren Carbon-Rennr\u00e4dern mit hydraulischen Bremsen. Siehe das Angebot\u00a0hier Was beinhaltet mein Mietpreis? Wir werden f\u00fcr Sie ein Fahrrad anpassen. Abh\u00e4ngig von Ihrer Gr\u00f6\u00dfe bereiten wir Ihr Fahrrad vor, richten einen Sitz ein und [&hellip;]<\/p>\n","protected":false},"author":1,"featured_media":0,"parent":0,"menu_order":44,"comment_status":"closed","ping_status":"closed","template":"","meta":{"_acf_changed":false,"footnotes":""},"class_list":["post-430","page","type-page","status-publish","hentry"],"acf":[],"yoast_head":"<!-- This site is optimized with the Yoast SEO plugin v27.4 - https:\/\/yoast.com\/product\/yoast-seo-wordpress\/ -->\n<title>FAQs - Bicycle.Holiday<\/title>\n<meta name=\"robots\" content=\"index, follow, max-snippet:-1, max-image-preview:large, max-video-preview:-1\" \/>\n<link rel=\"canonical\" href=\"https:\/\/bicycle.holiday\/de\/faq\/\" \/>\n<meta property=\"og:locale\" content=\"de_DE\" \/>\n<meta property=\"og:type\" content=\"article\" \/>\n<meta property=\"og:title\" content=\"FAQs - Bicycle.Holiday\" \/>\n<meta property=\"og:description\" content=\"FAQs Welche Auswahl an Fahrr\u00e4dern haben Sie? Wir vermieten eine gro\u00dfe Auswahl an Fahrr\u00e4dern. Von komfortablen Fitnessfahrr\u00e4dern \u00fcber Elektrofahrr\u00e4der bis hin zu unseren Carbon-Rennr\u00e4dern mit hydraulischen Bremsen. Siehe das Angebot\u00a0hier Was beinhaltet mein Mietpreis? Wir werden f\u00fcr Sie ein Fahrrad anpassen. Abh\u00e4ngig von Ihrer Gr\u00f6\u00dfe bereiten wir Ihr Fahrrad vor, richten einen Sitz ein und [&hellip;]\" \/>\n<meta property=\"og:url\" content=\"https:\/\/bicycle.holiday\/de\/faq\/\" \/>\n<meta property=\"og:site_name\" content=\"Bicycle.Holiday\" \/>\n<meta property=\"article:publisher\" content=\"https:\/\/www.facebook.com\/Bicycle.Holiday\" \/>\n<meta property=\"article:modified_time\" content=\"2020-10-23T10:55:30+00:00\" \/>\n<meta name=\"twitter:card\" content=\"summary_large_image\" \/>\n<meta name=\"twitter:label1\" content=\"Gesch\u00e4tzte Lesezeit\" \/>\n\t<meta name=\"twitter:data1\" content=\"5\u00a0Minuten\" \/>\n<script type=\"application\/ld+json\" class=\"yoast-schema-graph\">{\"@context\":\"https:\\\/\\\/schema.org\",\"@graph\":[{\"@type\":\"WebPage\",\"@id\":\"https:\\\/\\\/bicycle.holiday\\\/de\\\/faq\\\/\",\"url\":\"https:\\\/\\\/bicycle.holiday\\\/de\\\/faq\\\/\",\"name\":\"FAQs - Bicycle.Holiday\",\"isPartOf\":{\"@id\":\"https:\\\/\\\/bicycle.holiday\\\/de\\\/#website\"},\"datePublished\":\"2020-03-31T11:48:49+00:00\",\"dateModified\":\"2020-10-23T10:55:30+00:00\",\"breadcrumb\":{\"@id\":\"https:\\\/\\\/bicycle.holiday\\\/de\\\/faq\\\/#breadcrumb\"},\"inLanguage\":\"de\",\"potentialAction\":[{\"@type\":\"ReadAction\",\"target\":[\"https:\\\/\\\/bicycle.holiday\\\/de\\\/faq\\\/\"]}]},{\"@type\":\"BreadcrumbList\",\"@id\":\"https:\\\/\\\/bicycle.holiday\\\/de\\\/faq\\\/#breadcrumb\",\"itemListElement\":[{\"@type\":\"ListItem\",\"position\":1,\"name\":\"Home\",\"item\":\"https:\\\/\\\/bicycle.holiday\\\/de\\\/\"},{\"@type\":\"ListItem\",\"position\":2,\"name\":\"FAQs\"}]},{\"@type\":\"WebSite\",\"@id\":\"https:\\\/\\\/bicycle.holiday\\\/de\\\/#website\",\"url\":\"https:\\\/\\\/bicycle.holiday\\\/de\\\/\",\"name\":\"www.Bicycle.Holiday\",\"description\":\"Mallorca active holidays with bike\",\"publisher\":{\"@id\":\"https:\\\/\\\/bicycle.holiday\\\/de\\\/#organization\"},\"potentialAction\":[{\"@type\":\"SearchAction\",\"target\":{\"@type\":\"EntryPoint\",\"urlTemplate\":\"https:\\\/\\\/bicycle.holiday\\\/de\\\/?s={search_term_string}\"},\"query-input\":{\"@type\":\"PropertyValueSpecification\",\"valueRequired\":true,\"valueName\":\"search_term_string\"}}],\"inLanguage\":\"de\"},{\"@type\":\"Organization\",\"@id\":\"https:\\\/\\\/bicycle.holiday\\\/de\\\/#organization\",\"name\":\"Bicycle Holiday\",\"url\":\"https:\\\/\\\/bicycle.holiday\\\/de\\\/\",\"logo\":{\"@type\":\"ImageObject\",\"inLanguage\":\"de\",\"@id\":\"https:\\\/\\\/bicycle.holiday\\\/de\\\/#\\\/schema\\\/logo\\\/image\\\/\",\"url\":\"https:\\\/\\\/bicycle.holiday\\\/wp-content\\\/uploads\\\/2021\\\/09\\\/logo-bicycle-holiday-CTVEREC-FCBK.jpg\",\"contentUrl\":\"https:\\\/\\\/bicycle.holiday\\\/wp-content\\\/uploads\\\/2021\\\/09\\\/logo-bicycle-holiday-CTVEREC-FCBK.jpg\",\"width\":800,\"height\":800,\"caption\":\"Bicycle Holiday\"},\"image\":{\"@id\":\"https:\\\/\\\/bicycle.holiday\\\/de\\\/#\\\/schema\\\/logo\\\/image\\\/\"},\"sameAs\":[\"https:\\\/\\\/www.facebook.com\\\/Bicycle.Holiday\"]}]}<\/script>\n<!-- \/ Yoast SEO plugin. -->","yoast_head_json":{"title":"FAQs - Bicycle.Holiday","robots":{"index":"index","follow":"follow","max-snippet":"max-snippet:-1","max-image-preview":"max-image-preview:large","max-video-preview":"max-video-preview:-1"},"canonical":"https:\/\/bicycle.holiday\/de\/faq\/","og_locale":"de_DE","og_type":"article","og_title":"FAQs - Bicycle.Holiday","og_description":"FAQs Welche Auswahl an Fahrr\u00e4dern haben Sie? Wir vermieten eine gro\u00dfe Auswahl an Fahrr\u00e4dern. Von komfortablen Fitnessfahrr\u00e4dern \u00fcber Elektrofahrr\u00e4der bis hin zu unseren Carbon-Rennr\u00e4dern mit hydraulischen Bremsen. Siehe das Angebot\u00a0hier Was beinhaltet mein Mietpreis? Wir werden f\u00fcr Sie ein Fahrrad anpassen. Abh\u00e4ngig von Ihrer Gr\u00f6\u00dfe bereiten wir Ihr Fahrrad vor, richten einen Sitz ein und [&hellip;]","og_url":"https:\/\/bicycle.holiday\/de\/faq\/","og_site_name":"Bicycle.Holiday","article_publisher":"https:\/\/www.facebook.com\/Bicycle.Holiday","article_modified_time":"2020-10-23T10:55:30+00:00","twitter_card":"summary_large_image","twitter_misc":{"Gesch\u00e4tzte Lesezeit":"5\u00a0Minuten"},"schema":{"@context":"https:\/\/schema.org","@graph":[{"@type":"WebPage","@id":"https:\/\/bicycle.holiday\/de\/faq\/","url":"https:\/\/bicycle.holiday\/de\/faq\/","name":"FAQs - Bicycle.Holiday","isPartOf":{"@id":"https:\/\/bicycle.holiday\/de\/#website"},"datePublished":"2020-03-31T11:48:49+00:00","dateModified":"2020-10-23T10:55:30+00:00","breadcrumb":{"@id":"https:\/\/bicycle.holiday\/de\/faq\/#breadcrumb"},"inLanguage":"de","potentialAction":[{"@type":"ReadAction","target":["https:\/\/bicycle.holiday\/de\/faq\/"]}]},{"@type":"BreadcrumbList","@id":"https:\/\/bicycle.holiday\/de\/faq\/#breadcrumb","itemListElement":[{"@type":"ListItem","position":1,"name":"Home","item":"https:\/\/bicycle.holiday\/de\/"},{"@type":"ListItem","position":2,"name":"FAQs"}]},{"@type":"WebSite","@id":"https:\/\/bicycle.holiday\/de\/#website","url":"https:\/\/bicycle.holiday\/de\/","name":"www.Bicycle.Holiday","description":"Mallorca active holidays with bike","publisher":{"@id":"https:\/\/bicycle.holiday\/de\/#organization"},"potentialAction":[{"@type":"SearchAction","target":{"@type":"EntryPoint","urlTemplate":"https:\/\/bicycle.holiday\/de\/?s={search_term_string}"},"query-input":{"@type":"PropertyValueSpecification","valueRequired":true,"valueName":"search_term_string"}}],"inLanguage":"de"},{"@type":"Organization","@id":"https:\/\/bicycle.holiday\/de\/#organization","name":"Bicycle Holiday","url":"https:\/\/bicycle.holiday\/de\/","logo":{"@type":"ImageObject","inLanguage":"de","@id":"https:\/\/bicycle.holiday\/de\/#\/schema\/logo\/image\/","url":"https:\/\/bicycle.holiday\/wp-content\/uploads\/2021\/09\/logo-bicycle-holiday-CTVEREC-FCBK.jpg","contentUrl":"https:\/\/bicycle.holiday\/wp-content\/uploads\/2021\/09\/logo-bicycle-holiday-CTVEREC-FCBK.jpg","width":800,"height":800,"caption":"Bicycle Holiday"},"image":{"@id":"https:\/\/bicycle.holiday\/de\/#\/schema\/logo\/image\/"},"sameAs":["https:\/\/www.facebook.com\/Bicycle.Holiday"]}]}},"_links":{"self":[{"href":"https:\/\/bicycle.holiday\/de\/wp-json\/wp\/v2\/pages\/430","targetHints":{"allow":["GET"]}}],"collection":[{"href":"https:\/\/bicycle.holiday\/de\/wp-json\/wp\/v2\/pages"}],"about":[{"href":"https:\/\/bicycle.holiday\/de\/wp-json\/wp\/v2\/types\/page"}],"author":[{"embeddable":true,"href":"https:\/\/bicycle.holiday\/de\/wp-json\/wp\/v2\/users\/1"}],"replies":[{"embeddable":true,"href":"https:\/\/bicycle.holiday\/de\/wp-json\/wp\/v2\/comments?post=430"}],"version-history":[{"count":11,"href":"https:\/\/bicycle.holiday\/de\/wp-json\/wp\/v2\/pages\/430\/revisions"}],"predecessor-version":[{"id":2540,"href":"https:\/\/bicycle.holiday\/de\/wp-json\/wp\/v2\/pages\/430\/revisions\/2540"}],"wp:attachment":[{"href":"https:\/\/bicycle.holiday\/de\/wp-json\/wp\/v2\/media?parent=430"}],"curies":[{"name":"wp","href":"https:\/\/api.w.org\/{rel}","templated":true}]}}