{"id":426,"date":"2020-03-31T13:47:42","date_gmt":"2020-03-31T11:47:42","guid":{"rendered":"https:\/\/bicycle.holiday\/?page_id=426"},"modified":"2020-10-23T12:55:40","modified_gmt":"2020-10-23T10:55:40","slug":"wer-wir-sind","status":"publish","type":"page","link":"https:\/\/bicycle.holiday\/de\/wer-wir-sind\/","title":{"rendered":"Wer wir sind"},"content":{"rendered":"\r\n<h2>Warum mit uns?<\/h2>\r\n\n\t\t<style type=\"text\/css\">\n\t\t\t#gallery-1 {\n\t\t\t\tmargin: auto;\n\t\t\t}\n\t\t\t#gallery-1 .gallery-item {\n\t\t\t\tfloat: left;\n\t\t\t\tmargin-top: 10px;\n\t\t\t\ttext-align: center;\n\t\t\t\twidth: 33%;\n\t\t\t}\n\t\t\t#gallery-1 img {\n\t\t\t\tborder: 2px solid #cfcfcf;\n\t\t\t}\n\t\t\t#gallery-1 .gallery-caption {\n\t\t\t\tmargin-left: 0;\n\t\t\t}\n\t\t\t\/* see gallery_shortcode() in wp-includes\/media.php *\/\n\t\t<\/style>\n\t\t<div id='gallery-1' class='gallery galleryid-426 gallery-columns-3 gallery-size-medium'><dl class='gallery-item'>\n\t\t\t<dt class='gallery-icon landscape'>\n\t\t\t\t<a href='https:\/\/bicycle.holiday\/wp-content\/uploads\/2020\/04\/1-1.jpg'><img loading=\"lazy\" decoding=\"async\" width=\"300\" height=\"225\" src=\"https:\/\/bicycle.holiday\/wp-content\/uploads\/2020\/04\/1-1-300x225.jpg\" class=\"attachment-medium size-medium\" alt=\"Bicycle.holiday Team\" srcset=\"https:\/\/bicycle.holiday\/wp-content\/uploads\/2020\/04\/1-1-300x225.jpg 300w, https:\/\/bicycle.holiday\/wp-content\/uploads\/2020\/04\/1-1-768x576.jpg 768w, https:\/\/bicycle.holiday\/wp-content\/uploads\/2020\/04\/1-1-533x400.jpg 533w, https:\/\/bicycle.holiday\/wp-content\/uploads\/2020\/04\/1-1.jpg 960w\" sizes=\"auto, (max-width: 300px) 100vw, 300px\" \/><\/a>\n\t\t\t<\/dt><\/dl><dl class='gallery-item'>\n\t\t\t<dt class='gallery-icon landscape'>\n\t\t\t\t<a href='https:\/\/bicycle.holiday\/wp-content\/uploads\/2020\/04\/DSC_2525.jpg'><img loading=\"lazy\" decoding=\"async\" width=\"300\" height=\"200\" src=\"https:\/\/bicycle.holiday\/wp-content\/uploads\/2020\/04\/DSC_2525-300x200.jpg\" class=\"attachment-medium size-medium\" alt=\"\" srcset=\"https:\/\/bicycle.holiday\/wp-content\/uploads\/2020\/04\/DSC_2525-300x200.jpg 300w, https:\/\/bicycle.holiday\/wp-content\/uploads\/2020\/04\/DSC_2525-1024x683.jpg 1024w, https:\/\/bicycle.holiday\/wp-content\/uploads\/2020\/04\/DSC_2525-768x512.jpg 768w, https:\/\/bicycle.holiday\/wp-content\/uploads\/2020\/04\/DSC_2525-1536x1024.jpg 1536w, https:\/\/bicycle.holiday\/wp-content\/uploads\/2020\/04\/DSC_2525-2048x1365.jpg 2048w, https:\/\/bicycle.holiday\/wp-content\/uploads\/2020\/04\/DSC_2525-600x400.jpg 600w, https:\/\/bicycle.holiday\/wp-content\/uploads\/2020\/04\/DSC_2525-1620x1080.jpg 1620w\" sizes=\"auto, (max-width: 300px) 100vw, 300px\" \/><\/a>\n\t\t\t<\/dt><\/dl><dl class='gallery-item'>\n\t\t\t<dt class='gallery-icon landscape'>\n\t\t\t\t<a href='https:\/\/bicycle.holiday\/wp-content\/uploads\/2020\/04\/DSC_4027.jpg'><img loading=\"lazy\" decoding=\"async\" width=\"300\" height=\"200\" src=\"https:\/\/bicycle.holiday\/wp-content\/uploads\/2020\/04\/DSC_4027-300x200.jpg\" class=\"attachment-medium size-medium\" alt=\"\" srcset=\"https:\/\/bicycle.holiday\/wp-content\/uploads\/2020\/04\/DSC_4027-300x200.jpg 300w, https:\/\/bicycle.holiday\/wp-content\/uploads\/2020\/04\/DSC_4027-1024x683.jpg 1024w, https:\/\/bicycle.holiday\/wp-content\/uploads\/2020\/04\/DSC_4027-768x512.jpg 768w, https:\/\/bicycle.holiday\/wp-content\/uploads\/2020\/04\/DSC_4027-1536x1024.jpg 1536w, https:\/\/bicycle.holiday\/wp-content\/uploads\/2020\/04\/DSC_4027-2048x1365.jpg 2048w, https:\/\/bicycle.holiday\/wp-content\/uploads\/2020\/04\/DSC_4027-600x400.jpg 600w, https:\/\/bicycle.holiday\/wp-content\/uploads\/2020\/04\/DSC_4027-1620x1080.jpg 1620w\" sizes=\"auto, (max-width: 300px) 100vw, 300px\" \/><\/a>\n\t\t\t<\/dt><\/dl><br style=\"clear: both\" \/>\n\t\t<\/div>\n\r\n<p>Wir sind ein Team von Radsportfans, die gerne unsere Erfahrungen auf der Insel mit anderen teilen. Unser Fahrradzentrum auf Mallorca hat eine mehr als 15-j\u00e4hrige Geschichte. Hier wurden eine Reihe unwiederholbarer Erfahrungen, Lebensfreundschaften und Beziehungen geboren. Wir sind stolz darauf, seit 2019 eine neue Basis f\u00fcr unser Fahrradcamp auf Mallorca im Hotel Rei del Mediterrani Palace 4 * in Playa de Muro in der N\u00e4he von Alcudia, einem der begehrtesten Reiseziele der Insel, zu er\u00f6ffnen. Die Region Alcudia ist einer der luxuri\u00f6sesten Orte der Insel. Neben dem sch\u00f6nen Meer sind die attraktivsten Orte Mallorcas leicht zu erreichen. Unser Team spricht Tschechisch, Spanisch und Englisch und k\u00fcmmert sich w\u00e4hrend Ihres gesamten Aufenthalts um Ihren Komfort. Und vor allem k\u00f6nnen Sie so lange bei uns bleiben, wie Sie m\u00f6chten. Wir sind flexibel! Wenn Sie also keine Zeit haben, eine Woche auf Mallorca zu verbringen, sondern nur ein langes Wochenende, gibt es kein Problem, wir k\u00fcmmern uns darum. Grunds\u00e4tzlich haben wir das Angebot f\u00fcr Ihre Erinnerungen bereitet.<\/p>\r\n<p>Wir haben eine langj\u00e4hrige Erfahrung in der Organisation eines Radcamps. Unsere Kunden werden unsere Freunde und wir haben eine individuelle Beziehung zu jedem von ihnen. Wir konzentrieren uns nicht darauf, jedes Jahr mehr und mehr Kunden zu gewinnen und deren Anzahl zu erh\u00f6hen, obwohl sich die Anzahl jedes Jahr erh\u00f6ht. Wir konzentrieren uns mehr auf unseren Service und auf den Komfort und die Erfahrung unserer Kunden. Wir vermieten Fahrr\u00e4der zu vern\u00fcnftigen Preisen bei einem weltweiten H\u00e4ndler von Merida-Fahrr\u00e4dern. Sie m\u00fcssen also kein eigenes Fahrrad mitbringen und m\u00fcssen sich keine Sorgen machen, dass Ihr Fahrrad beim Transport besch\u00e4digt oder verloren wird. Auf diese Weise wird das Reisen f\u00fcr Sie angenehmer.<\/p>\r\n<p>Sie werden einen sch\u00f6nen Urlaub bei uns erleben, die interessantesten Orte der Insel sehen, die lokale Kultur kennenlernen und vieles mehr.<\/p>\r\n","protected":false},"excerpt":{"rendered":"<p>Warum mit uns? Wir sind ein Team von Radsportfans, die gerne unsere Erfahrungen auf der Insel mit anderen teilen. Unser Fahrradzentrum auf Mallorca hat eine mehr als 15-j\u00e4hrige Geschichte. Hier wurden eine Reihe unwiederholbarer Erfahrungen, Lebensfreundschaften und Beziehungen geboren. Wir sind stolz darauf, seit 2019 eine neue Basis f\u00fcr unser Fahrradcamp auf Mallorca im Hotel [&hellip;]<\/p>\n","protected":false},"author":1,"featured_media":0,"parent":0,"menu_order":103,"comment_status":"closed","ping_status":"closed","template":"","meta":{"_acf_changed":false,"footnotes":""},"class_list":["post-426","page","type-page","status-publish","hentry"],"acf":[],"yoast_head":"<!-- This site is optimized with the Yoast SEO plugin v27.4 - https:\/\/yoast.com\/product\/yoast-seo-wordpress\/ -->\n<title>Wer wir sind - Bicycle.Holiday<\/title>\n<meta name=\"robots\" content=\"index, follow, max-snippet:-1, max-image-preview:large, max-video-preview:-1\" \/>\n<link rel=\"canonical\" href=\"https:\/\/bicycle.holiday\/de\/wer-wir-sind\/\" \/>\n<meta property=\"og:locale\" content=\"de_DE\" \/>\n<meta property=\"og:type\" content=\"article\" \/>\n<meta property=\"og:title\" content=\"Wer wir sind - Bicycle.Holiday\" \/>\n<meta property=\"og:description\" content=\"Warum mit uns? Wir sind ein Team von Radsportfans, die gerne unsere Erfahrungen auf der Insel mit anderen teilen. Unser Fahrradzentrum auf Mallorca hat eine mehr als 15-j\u00e4hrige Geschichte. Hier wurden eine Reihe unwiederholbarer Erfahrungen, Lebensfreundschaften und Beziehungen geboren. Wir sind stolz darauf, seit 2019 eine neue Basis f\u00fcr unser Fahrradcamp auf Mallorca im Hotel [&hellip;]\" \/>\n<meta property=\"og:url\" content=\"https:\/\/bicycle.holiday\/de\/wer-wir-sind\/\" \/>\n<meta property=\"og:site_name\" content=\"Bicycle.Holiday\" \/>\n<meta property=\"article:publisher\" content=\"https:\/\/www.facebook.com\/Bicycle.Holiday\" \/>\n<meta property=\"article:modified_time\" content=\"2020-10-23T10:55:40+00:00\" \/>\n<meta property=\"og:image\" content=\"https:\/\/bicycle.holiday\/wp-content\/uploads\/2020\/04\/1-1-300x225.jpg\" \/>\n<meta name=\"twitter:card\" content=\"summary_large_image\" \/>\n<meta name=\"twitter:label1\" content=\"Gesch\u00e4tzte Lesezeit\" \/>\n\t<meta name=\"twitter:data1\" content=\"2\u00a0Minuten\" \/>\n<script type=\"application\/ld+json\" class=\"yoast-schema-graph\">{\"@context\":\"https:\\\/\\\/schema.org\",\"@graph\":[{\"@type\":\"WebPage\",\"@id\":\"https:\\\/\\\/bicycle.holiday\\\/de\\\/wer-wir-sind\\\/\",\"url\":\"https:\\\/\\\/bicycle.holiday\\\/de\\\/wer-wir-sind\\\/\",\"name\":\"Wer wir sind - Bicycle.Holiday\",\"isPartOf\":{\"@id\":\"https:\\\/\\\/bicycle.holiday\\\/de\\\/#website\"},\"datePublished\":\"2020-03-31T11:47:42+00:00\",\"dateModified\":\"2020-10-23T10:55:40+00:00\",\"breadcrumb\":{\"@id\":\"https:\\\/\\\/bicycle.holiday\\\/de\\\/wer-wir-sind\\\/#breadcrumb\"},\"inLanguage\":\"de\",\"potentialAction\":[{\"@type\":\"ReadAction\",\"target\":[\"https:\\\/\\\/bicycle.holiday\\\/de\\\/wer-wir-sind\\\/\"]}]},{\"@type\":\"BreadcrumbList\",\"@id\":\"https:\\\/\\\/bicycle.holiday\\\/de\\\/wer-wir-sind\\\/#breadcrumb\",\"itemListElement\":[{\"@type\":\"ListItem\",\"position\":1,\"name\":\"Home\",\"item\":\"https:\\\/\\\/bicycle.holiday\\\/de\\\/\"},{\"@type\":\"ListItem\",\"position\":2,\"name\":\"Wer wir sind\"}]},{\"@type\":\"WebSite\",\"@id\":\"https:\\\/\\\/bicycle.holiday\\\/de\\\/#website\",\"url\":\"https:\\\/\\\/bicycle.holiday\\\/de\\\/\",\"name\":\"www.Bicycle.Holiday\",\"description\":\"Mallorca active holidays with bike\",\"publisher\":{\"@id\":\"https:\\\/\\\/bicycle.holiday\\\/de\\\/#organization\"},\"potentialAction\":[{\"@type\":\"SearchAction\",\"target\":{\"@type\":\"EntryPoint\",\"urlTemplate\":\"https:\\\/\\\/bicycle.holiday\\\/de\\\/?s={search_term_string}\"},\"query-input\":{\"@type\":\"PropertyValueSpecification\",\"valueRequired\":true,\"valueName\":\"search_term_string\"}}],\"inLanguage\":\"de\"},{\"@type\":\"Organization\",\"@id\":\"https:\\\/\\\/bicycle.holiday\\\/de\\\/#organization\",\"name\":\"Bicycle Holiday\",\"url\":\"https:\\\/\\\/bicycle.holiday\\\/de\\\/\",\"logo\":{\"@type\":\"ImageObject\",\"inLanguage\":\"de\",\"@id\":\"https:\\\/\\\/bicycle.holiday\\\/de\\\/#\\\/schema\\\/logo\\\/image\\\/\",\"url\":\"https:\\\/\\\/bicycle.holiday\\\/wp-content\\\/uploads\\\/2021\\\/09\\\/logo-bicycle-holiday-CTVEREC-FCBK.jpg\",\"contentUrl\":\"https:\\\/\\\/bicycle.holiday\\\/wp-content\\\/uploads\\\/2021\\\/09\\\/logo-bicycle-holiday-CTVEREC-FCBK.jpg\",\"width\":800,\"height\":800,\"caption\":\"Bicycle Holiday\"},\"image\":{\"@id\":\"https:\\\/\\\/bicycle.holiday\\\/de\\\/#\\\/schema\\\/logo\\\/image\\\/\"},\"sameAs\":[\"https:\\\/\\\/www.facebook.com\\\/Bicycle.Holiday\"]}]}<\/script>\n<!-- \/ Yoast SEO plugin. -->","yoast_head_json":{"title":"Wer wir sind - Bicycle.Holiday","robots":{"index":"index","follow":"follow","max-snippet":"max-snippet:-1","max-image-preview":"max-image-preview:large","max-video-preview":"max-video-preview:-1"},"canonical":"https:\/\/bicycle.holiday\/de\/wer-wir-sind\/","og_locale":"de_DE","og_type":"article","og_title":"Wer wir sind - Bicycle.Holiday","og_description":"Warum mit uns? Wir sind ein Team von Radsportfans, die gerne unsere Erfahrungen auf der Insel mit anderen teilen. Unser Fahrradzentrum auf Mallorca hat eine mehr als 15-j\u00e4hrige Geschichte. Hier wurden eine Reihe unwiederholbarer Erfahrungen, Lebensfreundschaften und Beziehungen geboren. Wir sind stolz darauf, seit 2019 eine neue Basis f\u00fcr unser Fahrradcamp auf Mallorca im Hotel [&hellip;]","og_url":"https:\/\/bicycle.holiday\/de\/wer-wir-sind\/","og_site_name":"Bicycle.Holiday","article_publisher":"https:\/\/www.facebook.com\/Bicycle.Holiday","article_modified_time":"2020-10-23T10:55:40+00:00","og_image":[{"url":"https:\/\/bicycle.holiday\/wp-content\/uploads\/2020\/04\/1-1-300x225.jpg","type":"","width":"","height":""}],"twitter_card":"summary_large_image","twitter_misc":{"Gesch\u00e4tzte Lesezeit":"2\u00a0Minuten"},"schema":{"@context":"https:\/\/schema.org","@graph":[{"@type":"WebPage","@id":"https:\/\/bicycle.holiday\/de\/wer-wir-sind\/","url":"https:\/\/bicycle.holiday\/de\/wer-wir-sind\/","name":"Wer wir sind - Bicycle.Holiday","isPartOf":{"@id":"https:\/\/bicycle.holiday\/de\/#website"},"datePublished":"2020-03-31T11:47:42+00:00","dateModified":"2020-10-23T10:55:40+00:00","breadcrumb":{"@id":"https:\/\/bicycle.holiday\/de\/wer-wir-sind\/#breadcrumb"},"inLanguage":"de","potentialAction":[{"@type":"ReadAction","target":["https:\/\/bicycle.holiday\/de\/wer-wir-sind\/"]}]},{"@type":"BreadcrumbList","@id":"https:\/\/bicycle.holiday\/de\/wer-wir-sind\/#breadcrumb","itemListElement":[{"@type":"ListItem","position":1,"name":"Home","item":"https:\/\/bicycle.holiday\/de\/"},{"@type":"ListItem","position":2,"name":"Wer wir sind"}]},{"@type":"WebSite","@id":"https:\/\/bicycle.holiday\/de\/#website","url":"https:\/\/bicycle.holiday\/de\/","name":"www.Bicycle.Holiday","description":"Mallorca active holidays with bike","publisher":{"@id":"https:\/\/bicycle.holiday\/de\/#organization"},"potentialAction":[{"@type":"SearchAction","target":{"@type":"EntryPoint","urlTemplate":"https:\/\/bicycle.holiday\/de\/?s={search_term_string}"},"query-input":{"@type":"PropertyValueSpecification","valueRequired":true,"valueName":"search_term_string"}}],"inLanguage":"de"},{"@type":"Organization","@id":"https:\/\/bicycle.holiday\/de\/#organization","name":"Bicycle Holiday","url":"https:\/\/bicycle.holiday\/de\/","logo":{"@type":"ImageObject","inLanguage":"de","@id":"https:\/\/bicycle.holiday\/de\/#\/schema\/logo\/image\/","url":"https:\/\/bicycle.holiday\/wp-content\/uploads\/2021\/09\/logo-bicycle-holiday-CTVEREC-FCBK.jpg","contentUrl":"https:\/\/bicycle.holiday\/wp-content\/uploads\/2021\/09\/logo-bicycle-holiday-CTVEREC-FCBK.jpg","width":800,"height":800,"caption":"Bicycle Holiday"},"image":{"@id":"https:\/\/bicycle.holiday\/de\/#\/schema\/logo\/image\/"},"sameAs":["https:\/\/www.facebook.com\/Bicycle.Holiday"]}]}},"_links":{"self":[{"href":"https:\/\/bicycle.holiday\/de\/wp-json\/wp\/v2\/pages\/426","targetHints":{"allow":["GET"]}}],"collection":[{"href":"https:\/\/bicycle.holiday\/de\/wp-json\/wp\/v2\/pages"}],"about":[{"href":"https:\/\/bicycle.holiday\/de\/wp-json\/wp\/v2\/types\/page"}],"author":[{"embeddable":true,"href":"https:\/\/bicycle.holiday\/de\/wp-json\/wp\/v2\/users\/1"}],"replies":[{"embeddable":true,"href":"https:\/\/bicycle.holiday\/de\/wp-json\/wp\/v2\/comments?post=426"}],"version-history":[{"count":4,"href":"https:\/\/bicycle.holiday\/de\/wp-json\/wp\/v2\/pages\/426\/revisions"}],"predecessor-version":[{"id":2491,"href":"https:\/\/bicycle.holiday\/de\/wp-json\/wp\/v2\/pages\/426\/revisions\/2491"}],"wp:attachment":[{"href":"https:\/\/bicycle.holiday\/de\/wp-json\/wp\/v2\/media?parent=426"}],"curies":[{"name":"wp","href":"https:\/\/api.w.org\/{rel}","templated":true}]}}