{"id":402,"date":"2020-03-31T13:42:47","date_gmt":"2020-03-31T11:42:47","guid":{"rendered":"https:\/\/bicycle.holiday\/?page_id=402"},"modified":"2023-09-18T09:59:32","modified_gmt":"2023-09-18T07:59:32","slug":"fahrradverleih","status":"publish","type":"page","link":"https:\/\/bicycle.holiday\/de\/fahrradverleih\/","title":{"rendered":"Fahrradverleih"},"content":{"rendered":"<table style=\"border-collapse: collapse; width: 100%;\">\r\n<tbody>\r\n<tr>\r\n<td style=\"width: 38.7499%;\"><img loading=\"lazy\" decoding=\"async\" class=\"alignleft size-medium wp-image-1002\" src=\"https:\/\/bicycle.holiday\/wp-content\/uploads\/2020\/04\/merida-bikes-logo-vector.png\" alt=\"\" width=\"300\" height=\"61\" \/><\/td>\r\n<td style=\"width: 7.77348%;\">\u00a0<\/td>\r\n<td style=\"width: 53.4766%;\">Bicycle.holiday-Verleih ist ein stolzer Partner von Merida Fahrr\u00e4dern.<\/td>\r\n<\/tr>\r\n<\/tbody>\r\n<\/table>\r\n<p>&nbsp;<\/p>\r\n\r\n<p>&nbsp;<\/p>\r\n<table style=\"border-collapse: collapse; width: 100%; height: 1260px;\">\r\n<tbody>\r\n<tr style=\"height: 63px;\">\r\n<td style=\"width: 38.6718%; height: 231px;\" rowspan=\"8\"><a href=\"https:\/\/bicycle.holiday\/wp-content\/uploads\/2020\/04\/SCULTURA_DISC_5000_redblk_MY2020-300x190.jpg\"><img loading=\"lazy\" decoding=\"async\" class=\"aligncenter wp-image-969\" src=\"https:\/\/bicycle.holiday\/wp-content\/uploads\/2020\/04\/SCULTURA_DISC_5000_redblk_MY2020-300x190.jpg\" alt=\"Merida SCULTURA DISC 5000\" width=\"420\" height=\"265\" srcset=\"https:\/\/bicycle.holiday\/wp-content\/uploads\/2020\/04\/SCULTURA_DISC_5000_redblk_MY2020-300x190.jpg 300w, https:\/\/bicycle.holiday\/wp-content\/uploads\/2020\/04\/SCULTURA_DISC_5000_redblk_MY2020-1024x647.jpg 1024w, https:\/\/bicycle.holiday\/wp-content\/uploads\/2020\/04\/SCULTURA_DISC_5000_redblk_MY2020-768x485.jpg 768w, https:\/\/bicycle.holiday\/wp-content\/uploads\/2020\/04\/SCULTURA_DISC_5000_redblk_MY2020-1536x970.jpg 1536w, https:\/\/bicycle.holiday\/wp-content\/uploads\/2020\/04\/SCULTURA_DISC_5000_redblk_MY2020-2048x1294.jpg 2048w, https:\/\/bicycle.holiday\/wp-content\/uploads\/2020\/04\/SCULTURA_DISC_5000_redblk_MY2020-633x400.jpg 633w, https:\/\/bicycle.holiday\/wp-content\/uploads\/2020\/04\/SCULTURA_DISC_5000_redblk_MY2020-1710x1080.jpg 1710w\" sizes=\"auto, (max-width: 420px) 100vw, 420px\" \/><\/a><\/td>\r\n<td style=\"width: 8.04697%; height: 63px;\">\r\n<h5>\u00a0<\/h5>\r\n<\/td>\r\n<td style=\"height: 63px; width: 68.2033%;\" colspan=\"2\">\r\n<h5>Rennrad Carbon 2019\/2020 SCULTURA 5000, Scheibe<\/h5>\r\n<\/td>\r\n<\/tr>\r\n<tr style=\"height: 24px;\">\r\n<td style=\"width: 8.04697%; height: 24px;\">\u00a0<\/td>\r\n<td style=\"width: 21.4845%; height: 24px;\">RAHMEN<\/td>\r\n<td style=\"width: 46.7188%; height: 24px;\">VOLLCARBON<\/td>\r\n<\/tr>\r\n<tr style=\"height: 24px;\">\r\n<td style=\"width: 8.04697%; height: 24px;\">\u00a0<\/td>\r\n<td style=\"width: 21.4845%; height: 24px;\">BREMSEN<\/td>\r\n<td style=\"width: 46.7188%; height: 24px;\">HYDRAULISCH<\/td>\r\n<\/tr>\r\n<tr style=\"height: 24px;\">\r\n<td style=\"width: 8.04697%; height: 24px;\">\u00a0<\/td>\r\n<td style=\"width: 21.4845%; height: 24px;\">GESCHWINDIGKEIT<\/td>\r\n<td style=\"width: 46.7188%; height: 24px;\">22<\/td>\r\n<\/tr>\r\n<tr style=\"height: 24px;\">\r\n<td style=\"width: 8.04697%; height: 24px;\">\u00a0<\/td>\r\n<td style=\"width: 21.4845%; height: 24px;\">GRUPPENSATZ<\/td>\r\n<td style=\"width: 46.7188%; height: 24px;\">SHIMANO ULTEGRA<\/td>\r\n<\/tr>\r\n<tr style=\"height: 24px;\">\r\n<td style=\"width: 8.04697%; height: 24px;\">\u00a0<\/td>\r\n<td style=\"width: 21.4845%; height: 24px;\">KETTENBL\u00c4TTER<\/td>\r\n<td style=\"width: 46.7188%; height: 24px;\">50 \u2013 34<\/td>\r\n<\/tr>\r\n<tr style=\"height: 24px;\">\r\n<td style=\"width: 8.04697%; height: 24px;\">\u00a0<\/td>\r\n<td style=\"width: 21.4845%; height: 24px;\">KASSETTE<\/td>\r\n<td style=\"width: 46.7188%; height: 24px;\">11 (11 \u2013 32)<\/td>\r\n<\/tr>\r\n<tr style=\"height: 24px;\">\r\n<td style=\"width: 8.04697%; height: 24px;\">\u00a0<\/td>\r\n<td style=\"width: 21.4845%; height: 24px;\">GEWICHT<\/td>\r\n<td style=\"width: 46.7188%; height: 24px;\">8.65 Kg \/ 19.07lb<\/td>\r\n<\/tr>\r\n<tr style=\"height: 24px;\">\r\n<td style=\"width: 38.6718%; height: 24px;\">\u00a0<\/td>\r\n<td style=\"width: 8.04697%; height: 24px;\">\u00a0<\/td>\r\n<td style=\"width: 21.4845%; height: 24px;\">\u00a0<\/td>\r\n<td style=\"width: 46.7188%; height: 24px;\">\u00a0<\/td>\r\n<\/tr>\r\n<tr style=\"height: 63px;\">\r\n<td style=\"width: 38.6718%; height: 231px;\" rowspan=\"7\"><a href=\"https:\/\/bicycle.holiday\/kolo\/silnicni-carbonove\/scultura_6000_blkgry_moc23\/\"><img loading=\"lazy\" decoding=\"async\" class=\"aligncenter wp-image-4375 size-large\" src=\"https:\/\/bicycle.holiday\/wp-content\/uploads\/2020\/02\/SCULTURA_6000_blkgry_MOC23-1024x654.jpg\" alt=\"\" width=\"1024\" height=\"654\" srcset=\"https:\/\/bicycle.holiday\/wp-content\/uploads\/2020\/02\/SCULTURA_6000_blkgry_MOC23-1024x654.jpg 1024w, https:\/\/bicycle.holiday\/wp-content\/uploads\/2020\/02\/SCULTURA_6000_blkgry_MOC23-300x192.jpg 300w, https:\/\/bicycle.holiday\/wp-content\/uploads\/2020\/02\/SCULTURA_6000_blkgry_MOC23-768x490.jpg 768w, https:\/\/bicycle.holiday\/wp-content\/uploads\/2020\/02\/SCULTURA_6000_blkgry_MOC23-1536x981.jpg 1536w, https:\/\/bicycle.holiday\/wp-content\/uploads\/2020\/02\/SCULTURA_6000_blkgry_MOC23-2048x1307.jpg 2048w, https:\/\/bicycle.holiday\/wp-content\/uploads\/2020\/02\/SCULTURA_6000_blkgry_MOC23-627x400.jpg 627w, https:\/\/bicycle.holiday\/wp-content\/uploads\/2020\/02\/SCULTURA_6000_blkgry_MOC23-1692x1080.jpg 1692w\" sizes=\"auto, (max-width: 1024px) 100vw, 1024px\" \/><\/a><\/td>\r\n<td style=\"width: 8.04697%; height: 63px;\">\r\n<h5>\u00a0<\/h5>\r\n<\/td>\r\n<td style=\"height: 63px; width: 68.2033%;\" colspan=\"2\">\r\n<h5>Merida SCULTURA 6000 Di2<\/h5>\r\n<\/td>\r\n<\/tr>\r\n<tr style=\"height: 24px;\">\r\n<td style=\"width: 8.04697%; height: 24px;\">\u00a0<\/td>\r\n<td style=\"width: 21.4845%; height: 24px;\">FRAME<\/td>\r\n<td style=\"width: 46.7188%; height: 24px;\">FULL CARBON<\/td>\r\n<\/tr>\r\n<tr style=\"height: 24px;\">\r\n<td style=\"width: 8.04697%; height: 24px;\">\u00a0<\/td>\r\n<td style=\"width: 21.4845%; height: 24px;\">BRAKES<\/td>\r\n<td style=\"width: 46.7188%; height: 24px;\">SHIMANO 105<\/td>\r\n<\/tr>\r\n<tr style=\"height: 24px;\">\r\n<td style=\"width: 8.04697%; height: 24px;\">\u00a0<\/td>\r\n<td style=\"width: 21.4845%; height: 24px;\">SPEEDS<\/td>\r\n<td style=\"width: 46.7188%; height: 24px;\">12<\/td>\r\n<\/tr>\r\n<tr style=\"height: 24px;\">\r\n<td style=\"width: 8.04697%; height: 24px;\">\u00a0<\/td>\r\n<td style=\"width: 21.4845%; height: 24px;\">GROUPSET<\/td>\r\n<td style=\"width: 46.7188%; height: 24px;\">SHIMANO 105 Di2<\/td>\r\n<\/tr>\r\n<tr style=\"height: 24px;\">\r\n<td style=\"width: 8.04697%; height: 24px;\">\u00a0<\/td>\r\n<td style=\"width: 21.4845%; height: 24px;\">CASSETTE<\/td>\r\n<td style=\"width: 46.7188%; height: 24px;\">12 (11 \u2013 34)<\/td>\r\n<\/tr>\r\n<tr style=\"height: 24px;\">\r\n<td style=\"width: 8.04697%; height: 24px;\">\u00a0<\/td>\r\n<td style=\"width: 21.4845%; height: 24px;\">WEIGHT<\/td>\r\n<td style=\"width: 46.7188%; height: 24px;\">8.2 kg \/ 18.08lb<\/td>\r\n<\/tr>\r\n<tr style=\"height: 24px;\">\r\n<td style=\"width: 38.6718%; height: 24px;\">\u00a0<\/td>\r\n<td style=\"width: 8.04697%; height: 24px;\">\u00a0<\/td>\r\n<td style=\"width: 21.4845%; height: 24px;\">\u00a0<\/td>\r\n<td style=\"width: 46.7188%; height: 24px;\">\u00a0<\/td>\r\n<\/tr>\r\n<tr style=\"height: 63px;\">\r\n<td style=\"width: 38.6718%; height: 231px;\" rowspan=\"8\"><a href=\"https:\/\/bicycle.holiday\/bicycle-rental\/escultura\/\"><img loading=\"lazy\" decoding=\"async\" class=\"aligncenter wp-image-3671 \" src=\"https:\/\/bicycle.holiday\/wp-content\/uploads\/2022\/11\/escultura.jpeg\" alt=\"\" width=\"392\" height=\"247\" srcset=\"https:\/\/bicycle.holiday\/wp-content\/uploads\/2022\/11\/escultura.jpeg 560w, https:\/\/bicycle.holiday\/wp-content\/uploads\/2022\/11\/escultura-300x189.jpeg 300w\" sizes=\"auto, (max-width: 392px) 100vw, 392px\" \/><\/a><\/td>\r\n<td style=\"width: 8.04697%; height: 63px;\">\r\n<h5>\u00a0<\/h5>\r\n<\/td>\r\n<td style=\"height: 63px; width: 68.2033%;\" colspan=\"2\">\r\n<h5>Merida\u00a0 eSCULTURA 400<\/h5>\r\n<\/td>\r\n<\/tr>\r\n<tr style=\"height: 24px;\">\r\n<td style=\"width: 8.04697%; height: 24px;\">\u00a0<\/td>\r\n<td style=\"width: 21.4845%; height: 24px;\">RAHMEN<\/td>\r\n<td style=\"width: 46.7188%; height: 24px;\">ALU\/CARBON<\/td>\r\n<\/tr>\r\n<tr style=\"height: 24px;\">\r\n<td style=\"width: 8.04697%; height: 24px;\">\u00a0<\/td>\r\n<td style=\"width: 21.4845%; height: 24px;\">BREMSEN<\/td>\r\n<td style=\"width: 46.7188%; height: 24px;\">SHIMANO 105<\/td>\r\n<\/tr>\r\n<tr style=\"height: 24px;\">\r\n<td style=\"width: 8.04697%; height: 24px;\">\u00a0<\/td>\r\n<td style=\"width: 21.4845%; height: 24px;\">MOTOR<\/td>\r\n<td style=\"width: 46.7188%; height: 24px;\">MAHLE X-35+ 40Nm<\/td>\r\n<\/tr>\r\n<tr style=\"height: 24px;\">\r\n<td style=\"width: 8.04697%; height: 24px;\">\u00a0<\/td>\r\n<td style=\"width: 21.4845%; height: 24px;\">GRUPPENSATZ<\/td>\r\n<td style=\"width: 46.7188%; height: 24px;\">SHIMANO ULTEGRA<\/td>\r\n<\/tr>\r\n<tr style=\"height: 24px;\">\r\n<td style=\"width: 8.04697%; height: 24px;\">\u00a0<\/td>\r\n<td style=\"width: 21.4845%; height: 24px;\">KETTENBL\u00c4TTER<\/td>\r\n<td style=\"width: 46.7188%; height: 24px;\">50 \u2013 34<\/td>\r\n<\/tr>\r\n<tr style=\"height: 24px;\">\r\n<td style=\"width: 8.04697%; height: 24px;\">\u00a0<\/td>\r\n<td style=\"width: 21.4845%; height: 24px;\">KASSETTE<\/td>\r\n<td style=\"width: 46.7188%; height: 24px;\">11 (11 \u2013 32)<\/td>\r\n<\/tr>\r\n<tr style=\"height: 24px;\">\r\n<td style=\"width: 8.04697%; height: 24px;\">\u00a0<\/td>\r\n<td style=\"width: 21.4845%; height: 24px;\">GEWICHT<\/td>\r\n<td style=\"width: 46.7188%; height: 24px;\">13.4 kg \/ 29,54lb<\/td>\r\n<\/tr>\r\n<tr style=\"height: 24px;\">\r\n<td style=\"width: 38.6718%; height: 24px;\">\u00a0<\/td>\r\n<td style=\"width: 8.04697%; height: 24px;\">\u00a0<\/td>\r\n<td style=\"width: 21.4845%; height: 24px;\">\u00a0<\/td>\r\n<td style=\"width: 46.7188%; height: 24px;\">\u00a0<\/td>\r\n<\/tr>\r\n<tr style=\"height: 63px;\">\r\n<td style=\"width: 38.6718%; height: 231px;\" rowspan=\"8\"><a href=\"https:\/\/bicycle.holiday\/wp-content\/uploads\/2020\/04\/SPEEDER_500_anthblu_MY2020-300x175.jpg\"><img loading=\"lazy\" decoding=\"async\" class=\"aligncenter wp-image-974\" src=\"https:\/\/bicycle.holiday\/wp-content\/uploads\/2020\/04\/SPEEDER_500_anthblu_MY2020-300x175.jpg\" alt=\"Merida SPEEDER 500\" width=\"420\" height=\"245\" srcset=\"https:\/\/bicycle.holiday\/wp-content\/uploads\/2020\/04\/SPEEDER_500_anthblu_MY2020-300x175.jpg 300w, https:\/\/bicycle.holiday\/wp-content\/uploads\/2020\/04\/SPEEDER_500_anthblu_MY2020-1024x597.jpg 1024w, https:\/\/bicycle.holiday\/wp-content\/uploads\/2020\/04\/SPEEDER_500_anthblu_MY2020-768x448.jpg 768w, https:\/\/bicycle.holiday\/wp-content\/uploads\/2020\/04\/SPEEDER_500_anthblu_MY2020-1536x896.jpg 1536w, https:\/\/bicycle.holiday\/wp-content\/uploads\/2020\/04\/SPEEDER_500_anthblu_MY2020-2048x1195.jpg 2048w, https:\/\/bicycle.holiday\/wp-content\/uploads\/2020\/04\/SPEEDER_500_anthblu_MY2020-686x400.jpg 686w, https:\/\/bicycle.holiday\/wp-content\/uploads\/2020\/04\/SPEEDER_500_anthblu_MY2020-1852x1080.jpg 1852w\" sizes=\"auto, (max-width: 420px) 100vw, 420px\" \/><\/a><\/td>\r\n<td style=\"width: 8.04697%; height: 63px;\">\r\n<h5>\u00a0<\/h5>\r\n<\/td>\r\n<td style=\"height: 63px; width: 68.2033%;\" colspan=\"2\">\r\n<h5>Rennrad Alu 2020 SPEEDER 500, gerader Lenker<\/h5>\r\n<\/td>\r\n<\/tr>\r\n<tr style=\"height: 24px;\">\r\n<td style=\"width: 8.04697%; height: 24px;\">\u00a0<\/td>\r\n<td style=\"width: 21.4845%; height: 24px;\">RAHMEN<\/td>\r\n<td style=\"width: 46.7188%; height: 24px;\">ALUMINIUM<\/td>\r\n<\/tr>\r\n<tr style=\"height: 24px;\">\r\n<td style=\"width: 8.04697%; height: 24px;\">\u00a0<\/td>\r\n<td style=\"width: 21.4845%; height: 24px;\">BREMSEN<\/td>\r\n<td style=\"width: 46.7188%; height: 24px;\">HYDRAULISCH<\/td>\r\n<\/tr>\r\n<tr style=\"height: 24px;\">\r\n<td style=\"width: 8.04697%; height: 24px;\">\u00a0<\/td>\r\n<td style=\"width: 21.4845%; height: 24px;\">GESCHWINDIGKEIT<\/td>\r\n<td style=\"width: 46.7188%; height: 24px;\">22<\/td>\r\n<\/tr>\r\n<tr style=\"height: 24px;\">\r\n<td style=\"width: 8.04697%; height: 24px;\">\u00a0<\/td>\r\n<td style=\"width: 21.4845%; height: 24px;\">GRUPPENSATZ<\/td>\r\n<td style=\"width: 46.7188%; height: 24px;\">SHIMANO ULTEGRA<\/td>\r\n<\/tr>\r\n<tr style=\"height: 24px;\">\r\n<td style=\"width: 8.04697%; height: 24px;\">\u00a0<\/td>\r\n<td style=\"width: 21.4845%; height: 24px;\">KETTENBL\u00c4TTER<\/td>\r\n<td style=\"width: 46.7188%; height: 24px;\">50 \u2013 34<\/td>\r\n<\/tr>\r\n<tr style=\"height: 24px;\">\r\n<td style=\"width: 8.04697%; height: 24px;\">\u00a0<\/td>\r\n<td style=\"width: 21.4845%; height: 24px;\">KASSETTE<\/td>\r\n<td style=\"width: 46.7188%; height: 24px;\">11 (11 \u2013 32)<\/td>\r\n<\/tr>\r\n<tr style=\"height: 24px;\">\r\n<td style=\"width: 8.04697%; height: 24px;\">\u00a0<\/td>\r\n<td style=\"width: 21.4845%; height: 24px;\">GEWICHT<\/td>\r\n<td style=\"width: 46.7188%; height: 24px;\">9.41 Kg \/ 20.75lb<\/td>\r\n<\/tr>\r\n<tr style=\"height: 24px;\">\r\n<td style=\"width: 38.6718%; height: 24px;\">\u00a0<\/td>\r\n<td style=\"width: 8.04697%; height: 24px;\">\u00a0<\/td>\r\n<td style=\"width: 21.4845%; height: 24px;\">\u00a0<\/td>\r\n<td style=\"width: 46.7188%; height: 24px;\">\u00a0<\/td>\r\n<\/tr>\r\n<tr style=\"height: 63px;\">\r\n<td style=\"width: 38.6718%; height: 231px;\" rowspan=\"8\"><a href=\"https:\/\/bicycle.holiday\/wp-content\/uploads\/2020\/04\/Merida-eSPRESSO_L_500-300x193.jpg\"><img loading=\"lazy\" decoding=\"async\" class=\"aligncenter wp-image-984\" src=\"https:\/\/bicycle.holiday\/wp-content\/uploads\/2020\/04\/Merida-eSPRESSO_L_500-300x193.jpg\" alt=\"Merida eSPRESSO L500\" width=\"420\" height=\"270\" srcset=\"https:\/\/bicycle.holiday\/wp-content\/uploads\/2020\/04\/Merida-eSPRESSO_L_500-300x193.jpg 300w, https:\/\/bicycle.holiday\/wp-content\/uploads\/2020\/04\/Merida-eSPRESSO_L_500-768x493.jpg 768w, https:\/\/bicycle.holiday\/wp-content\/uploads\/2020\/04\/Merida-eSPRESSO_L_500-623x400.jpg 623w, https:\/\/bicycle.holiday\/wp-content\/uploads\/2020\/04\/Merida-eSPRESSO_L_500.jpg 800w\" sizes=\"auto, (max-width: 420px) 100vw, 420px\" \/><\/a><\/td>\r\n<td style=\"width: 8.04697%; height: 63px;\">\r\n<h5>\u00a0<\/h5>\r\n<\/td>\r\n<td style=\"height: 63px; width: 68.2033%;\" colspan=\"2\">\r\n<h5>E-BIKE eSPRESSO 600<\/h5>\r\n<\/td>\r\n<\/tr>\r\n<tr style=\"height: 24px;\">\r\n<td style=\"width: 8.04697%; height: 24px;\">\u00a0<\/td>\r\n<td style=\"width: 21.4845%; height: 24px;\">GRUPPENSATZ<\/td>\r\n<td style=\"width: 46.7188%; height: 24px;\">SHIMANO<\/td>\r\n<\/tr>\r\n<tr style=\"height: 24px;\">\r\n<td style=\"width: 8.04697%; height: 24px;\">\u00a0<\/td>\r\n<td style=\"width: 21.4845%; height: 24px;\">BATTERIE<\/td>\r\n<td style=\"width: 46.7188%; height: 24px;\">500 WH<\/td>\r\n<\/tr>\r\n<tr style=\"height: 24px;\">\r\n<td style=\"width: 8.04697%; height: 24px;\">\u00a0<\/td>\r\n<td style=\"width: 21.4845%; height: 24px;\">MOTOR<\/td>\r\n<td style=\"width: 46.7188%; height: 24px;\">SHIMANO STePS DU-E6100<\/td>\r\n<\/tr>\r\n<tr style=\"height: 24px;\">\r\n<td style=\"width: 8.04697%; height: 24px;\">\u00a0<\/td>\r\n<td style=\"width: 21.4845%; height: 24px;\">LEISTUNG<\/td>\r\n<td style=\"width: 46.7188%; height: 24px;\">250 W\/60 Nm<\/td>\r\n<\/tr>\r\n<tr style=\"height: 24px;\">\r\n<td style=\"width: 8.04697%; height: 24px;\">\u00a0<\/td>\r\n<td style=\"width: 21.4845%; height: 24px;\">MAX. GESCHWINDIGKEIT<\/td>\r\n<td style=\"width: 46.7188%; height: 24px;\">25 km\/h<\/td>\r\n<\/tr>\r\n<tr style=\"height: 24px;\">\r\n<td style=\"width: 8.04697%; height: 24px;\">\u00a0<\/td>\r\n<td style=\"width: 21.4845%; height: 24px;\">KETTENBL\u00c4TTER<\/td>\r\n<td style=\"width: 46.7188%; height: 24px;\">38<\/td>\r\n<\/tr>\r\n<tr style=\"height: 24px;\">\r\n<td style=\"width: 8.04697%; height: 24px;\">\u00a0<\/td>\r\n<td style=\"width: 21.4845%; height: 24px;\">KASSETTE<\/td>\r\n<td style=\"width: 46.7188%; height: 24px;\">10 (11 \u2013 42)<\/td>\r\n<\/tr>\r\n<tr style=\"height: 24px;\">\r\n<td style=\"width: 38.6718%; height: 24px;\">\u00a0<\/td>\r\n<td style=\"width: 8.04697%; height: 24px;\">\u00a0<\/td>\r\n<td style=\"width: 21.4845%; height: 24px;\">\u00a0<\/td>\r\n<td style=\"width: 46.7188%; height: 24px;\">\u00a0<\/td>\r\n<\/tr>\r\n<\/tbody>\r\n<\/table>\r\n\r\n\r\n\r\n\r\n\r\n<table style=\"border-collapse: collapse; width: 100%; height: 205px;\">\r\n<tbody>\r\n<tr style=\"height: 90px;\">\r\n<td style=\"width: 16.6667%; height: 90px;\">\r\n<h4>Preisliste<\/h4>\r\n<\/td>\r\n<td style=\"width: 12.9948%; height: 90px; text-align: center;\">\r\n<h6>Road Carbon Disc<\/h6>\r\n<\/td>\r\n<td style=\"width: 14.8698%; height: 90px; text-align: center;\">\r\n<h6>Road Carbon<\/h6>\r\n<\/td>\r\n<th style=\"width: 11.6615%; text-align: center;\">\r\n<h6>Merida\u00a0 eSCULTURA 400<\/h6>\r\n<\/th>\r\n<th style=\"width: 6.5827%; height: 90px; text-align: center;\">\r\n<h6>Fitness Speeder 500 disc<\/h6>\r\n<\/th>\r\n<th style=\"width: 13.2085%; height: 90px; text-align: center;\">\r\n<h6>E-bike<\/h6>\r\n<\/th>\r\n<td style=\"width: 16.6667%; height: 90px; text-align: center;\">\r\n<h6>Versicherung<\/h6>\r\n<\/td>\r\n<\/tr>\r\n<tr style=\"height: 23px;\">\r\n<td style=\"width: 16.6667%; height: 23px;\">4 Tage<\/td>\r\n<td style=\"width: 12.9948%; height: 22px; text-align: center;\">141 \u20ac<\/td>\r\n<td style=\"width: 14.8698%; height: 22px; text-align: center;\">204 \u20ac<\/td>\r\n<td style=\"width: 11.6615%; text-align: center; height: 22px;\">240 \u20ac<\/td>\r\n<td style=\"width: 6.5827%; height: 22px; text-align: center;\">98 \u20ac<\/td>\r\n<td style=\"width: 13.2085%; height: 22px; text-align: center;\">170 \u20ac<\/td>\r\n<td style=\"width: 16.6667%; height: 23px; text-align: center;\">inkl.<\/td>\r\n<\/tr>\r\n<tr style=\"height: 23px;\">\r\n<td style=\"width: 16.6667%; height: 23px;\">5 Tage<\/td>\r\n<td style=\"width: 12.9948%; height: 23px; text-align: center;\">168 \u20ac<\/td>\r\n<td style=\"width: 14.8698%; height: 23px; text-align: center;\">204 \u20ac<\/td>\r\n<td style=\"width: 11.6615%; text-align: center; height: 23px;\">240 \u20ac<\/td>\r\n<td style=\"width: 6.5827%; height: 23px; text-align: center;\">120 \u20ac<\/td>\r\n<td style=\"width: 13.2085%; height: 23px; text-align: center;\">210 \u20ac<\/td>\r\n<td style=\"width: 16.6667%; height: 23px; text-align: center;\">inkl.<\/td>\r\n<\/tr>\r\n<tr style=\"height: 23px;\">\r\n<td style=\"width: 16.6667%; height: 23px;\">6 Tage<\/td>\r\n<td style=\"width: 12.9948%; height: 23px; text-align: center;\">168 \u20ac<\/td>\r\n<td style=\"width: 14.8698%; height: 23px; text-align: center;\">204 \u20ac<\/td>\r\n<td style=\"width: 11.6615%; text-align: center; height: 23px;\">240 \u20ac<\/td>\r\n<td style=\"width: 6.5827%; height: 23px; text-align: center;\">120 \u20ac<\/td>\r\n<td style=\"width: 13.2085%; height: 23px; text-align: center;\">210 \u20ac<\/td>\r\n<td style=\"width: 16.6667%; height: 23px; text-align: center;\">10 \u20ac \/Verleih<\/td>\r\n<\/tr>\r\n<tr style=\"height: 23px;\">\r\n<td style=\"width: 16.6667%; height: 23px;\">7 Tage<\/td>\r\n<td style=\"width: 12.9948%; height: 23px; text-align: center;\">168 \u20ac<\/td>\r\n<td style=\"width: 14.8698%; height: 23px; text-align: center;\">204 \u20ac<\/td>\r\n<td style=\"width: 11.6615%; text-align: center; height: 23px;\">240 \u20ac<\/td>\r\n<td style=\"width: 6.5827%; height: 23px; text-align: center;\">120 \u20ac<\/td>\r\n<td style=\"width: 13.2085%; height: 23px; text-align: center;\">210 \u20ac<\/td>\r\n<td style=\"width: 16.6667%; height: 23px; text-align: center;\">10 \u20ac \/Verleih<\/td>\r\n<\/tr>\r\n<tr style=\"height: 23px;\">\r\n<td style=\"width: 16.6667%; height: 23px;\">n\u00e4chster Tag<\/td>\r\n<td style=\"width: 12.9948%; height: 23px; text-align: center;\">+20 \u20ac<\/td>\r\n<td style=\"width: 14.8698%; height: 23px; text-align: center;\">+25 \u20ac<\/td>\r\n<td style=\"width: 11.6615%; text-align: center; height: 23px;\">+28 \u20ac<\/td>\r\n<td style=\"width: 6.5827%; height: 23px; text-align: center;\">+16 \u20ac<\/td>\r\n<td style=\"width: 13.2085%; height: 23px; text-align: center;\">+26 \u20ac<\/td>\r\n<td style=\"width: 16.6667%; height: 23px; text-align: center;\">10 \u20ac \/Verleih<\/td>\r\n<\/tr>\r\n<\/tbody>\r\n<\/table>\r\n<p>&nbsp;<\/p>\r\n\r\n\r\n\r\n<p><strong>Empfohlene Gr\u00f6\u00dfen<\/strong><\/p>\r\n\r\n\r\n\r\n<table style=\"border-collapse: collapse; width: 100%;\">\r\n<tbody>\r\n<tr>\r\n<td style=\"width: 16.6667%;\">H\u00f6he (cm)<\/td>\r\n<td style=\"width: 14.2529%; text-align: center;\">\u00a0154-158<\/td>\r\n<td style=\"width: 13.0788%; text-align: center;\">159-166<\/td>\r\n<td style=\"width: 13.9409%; text-align: center;\">167-174<\/td>\r\n<td style=\"width: 14.8029%; text-align: center;\">175-181<\/td>\r\n<td style=\"width: 12.5616%; text-align: center;\">182-188<\/td>\r\n<td style=\"width: 19.4581%; text-align: center;\">189-196<\/td>\r\n<\/tr>\r\n<tr>\r\n<td style=\"width: 16.6667%;\">Fahrradgr\u00f6\u00dfe<\/td>\r\n<td style=\"width: 14.2529%; text-align: center;\">XS<\/td>\r\n<td style=\"width: 13.0788%; text-align: center;\">S<\/td>\r\n<td style=\"width: 13.9409%; text-align: center;\">S\/M<\/td>\r\n<td style=\"width: 14.8029%; text-align: center;\">M\/L<\/td>\r\n<td style=\"width: 12.5616%; text-align: center;\">L<\/td>\r\n<td style=\"width: 19.4581%; text-align: center;\">XL<\/td>\r\n<\/tr>\r\n<\/tbody>\r\n<\/table>\r\n\r\n\r\n\r\n<p>Wir vermieten eine gro\u00dfe Auswahl an den Fahrr\u00e4dern. Von komfortabelen Fitness- und Elektrofahrr\u00e4dern bis zu unseren Carbon-Rennr\u00e4dern mit den Hydraulik- oder Standardbremsen. Wir werden f\u00fcr Sie ein Fahrrad anpassen. Abh\u00e4ngig von Ihrer Gr\u00f6\u00dfe bereiten wir Ihr Fahrrad vor, richten einen Sitz ein und statten es mit einer Pumpe, einem versiegelten Schlauch, einem Satz inkl. Flicken und Kleber, sowie einem Sigma-Fahrradcomputer aus. Die Fahrr\u00e4der sind auch mit zwei Bidonhaltern ausgestattet. Sie bekommen von uns auch kostenlos eine Karte mit empfohlenen Fahrradrouten. Die Ionengetr\u00e4nke, ein kleines mechanisches Service, eine Waschanlage, ein Werkzeugverleih und ein Kompressor stehen zur Verf\u00fcgung. Wenn Sie ein Fahrrad f\u00fcr einen l\u00e4ngeren Zeitraum mieten, bekommen Sie ein Schloss f\u00fcr Ihren Sicherheitsparkplatz im Fahrradzentrum f\u00fcr eine Kaution in der H\u00f6he von 10\u20ac. Die Kaution wird zum Zeitpunkt der R\u00fcckgabe des Fahrrads und des Schlosses zur\u00fcckerstattet. Der Verleih beginnt um 9:00 am Morgen. Das Fahrrad muss bis 17:00 Uhr sauber, unbesch\u00e4digt und rechtzeitig zur\u00fcckgegeben werden. Die Waschanlage befindet sich au\u00dferhalb des Fahrradzentrums. Das Fahrrad ist im Fall eines Unfalls gegen Besch\u00e4digungen versichert. Die Versicherung beinhaltet keinen Fahrraddiebstahl, Fahrradverlust und Reifendefekt. Bei Diebstahl oder Verlust muss dass Fahrrad f\u00fcr einen Verkaufswert bezahlt werden. Der Ersatzreifen kostet 5\u20ac.<\/p>\r\n<h5>Es ist imme besser, im Voraus \u00fcber unser <a href=\"https:\/\/bicycle.holiday\/de\/book-online\/\">Online-Formular<\/a> zu buchen!<\/h5>\r\n","protected":false},"excerpt":{"rendered":"<p>\u00a0 Bicycle.holiday-Verleih ist ein stolzer Partner von Merida Fahrr\u00e4dern. &nbsp; &nbsp; \u00a0 Rennrad Carbon 2019\/2020 SCULTURA 5000, Scheibe \u00a0 RAHMEN VOLLCARBON \u00a0 BREMSEN HYDRAULISCH \u00a0 GESCHWINDIGKEIT 22 \u00a0 GRUPPENSATZ SHIMANO ULTEGRA \u00a0 KETTENBL\u00c4TTER 50 \u2013 34 \u00a0 KASSETTE 11 (11 \u2013 32) \u00a0 GEWICHT 8.65 Kg \/ 19.07lb \u00a0 \u00a0 \u00a0 \u00a0 \u00a0 Merida SCULTURA [&hellip;]<\/p>\n","protected":false},"author":1,"featured_media":0,"parent":0,"menu_order":3,"comment_status":"closed","ping_status":"closed","template":"","meta":{"_acf_changed":false,"footnotes":""},"class_list":["post-402","page","type-page","status-publish","hentry"],"acf":[],"yoast_head":"<!-- This site is optimized with the Yoast SEO plugin v27.4 - https:\/\/yoast.com\/product\/yoast-seo-wordpress\/ -->\n<title>Fahrradverleih - Bicycle.Holiday<\/title>\n<meta name=\"robots\" content=\"index, follow, max-snippet:-1, max-image-preview:large, max-video-preview:-1\" \/>\n<link rel=\"canonical\" href=\"https:\/\/bicycle.holiday\/de\/fahrradverleih\/\" \/>\n<meta property=\"og:locale\" content=\"de_DE\" \/>\n<meta property=\"og:type\" content=\"article\" \/>\n<meta property=\"og:title\" content=\"Fahrradverleih - Bicycle.Holiday\" \/>\n<meta property=\"og:description\" content=\"\u00a0 Bicycle.holiday-Verleih ist ein stolzer Partner von Merida Fahrr\u00e4dern. &nbsp; &nbsp; \u00a0 Rennrad Carbon 2019\/2020 SCULTURA 5000, Scheibe \u00a0 RAHMEN VOLLCARBON \u00a0 BREMSEN HYDRAULISCH \u00a0 GESCHWINDIGKEIT 22 \u00a0 GRUPPENSATZ SHIMANO ULTEGRA \u00a0 KETTENBL\u00c4TTER 50 \u2013 34 \u00a0 KASSETTE 11 (11 \u2013 32) \u00a0 GEWICHT 8.65 Kg \/ 19.07lb \u00a0 \u00a0 \u00a0 \u00a0 \u00a0 Merida SCULTURA [&hellip;]\" \/>\n<meta property=\"og:url\" content=\"https:\/\/bicycle.holiday\/de\/fahrradverleih\/\" \/>\n<meta property=\"og:site_name\" content=\"Bicycle.Holiday\" \/>\n<meta property=\"article:publisher\" content=\"https:\/\/www.facebook.com\/Bicycle.Holiday\" \/>\n<meta property=\"article:modified_time\" content=\"2023-09-18T07:59:32+00:00\" \/>\n<meta property=\"og:image\" content=\"https:\/\/bicycle.holiday\/wp-content\/uploads\/2020\/04\/merida-bikes-logo-vector.png\" \/>\n<meta name=\"twitter:card\" content=\"summary_large_image\" \/>\n<meta name=\"twitter:label1\" content=\"Gesch\u00e4tzte Lesezeit\" \/>\n\t<meta name=\"twitter:data1\" content=\"4\u00a0Minuten\" \/>\n<script type=\"application\/ld+json\" class=\"yoast-schema-graph\">{\"@context\":\"https:\\\/\\\/schema.org\",\"@graph\":[{\"@type\":\"WebPage\",\"@id\":\"https:\\\/\\\/bicycle.holiday\\\/de\\\/fahrradverleih\\\/\",\"url\":\"https:\\\/\\\/bicycle.holiday\\\/de\\\/fahrradverleih\\\/\",\"name\":\"Fahrradverleih - Bicycle.Holiday\",\"isPartOf\":{\"@id\":\"https:\\\/\\\/bicycle.holiday\\\/de\\\/#website\"},\"primaryImageOfPage\":{\"@id\":\"https:\\\/\\\/bicycle.holiday\\\/de\\\/fahrradverleih\\\/#primaryimage\"},\"image\":{\"@id\":\"https:\\\/\\\/bicycle.holiday\\\/de\\\/fahrradverleih\\\/#primaryimage\"},\"thumbnailUrl\":\"https:\\\/\\\/bicycle.holiday\\\/wp-content\\\/uploads\\\/2020\\\/04\\\/merida-bikes-logo-vector.png\",\"datePublished\":\"2020-03-31T11:42:47+00:00\",\"dateModified\":\"2023-09-18T07:59:32+00:00\",\"breadcrumb\":{\"@id\":\"https:\\\/\\\/bicycle.holiday\\\/de\\\/fahrradverleih\\\/#breadcrumb\"},\"inLanguage\":\"de\",\"potentialAction\":[{\"@type\":\"ReadAction\",\"target\":[\"https:\\\/\\\/bicycle.holiday\\\/de\\\/fahrradverleih\\\/\"]}]},{\"@type\":\"ImageObject\",\"inLanguage\":\"de\",\"@id\":\"https:\\\/\\\/bicycle.holiday\\\/de\\\/fahrradverleih\\\/#primaryimage\",\"url\":\"https:\\\/\\\/bicycle.holiday\\\/wp-content\\\/uploads\\\/2020\\\/04\\\/merida-bikes-logo-vector.png\",\"contentUrl\":\"https:\\\/\\\/bicycle.holiday\\\/wp-content\\\/uploads\\\/2020\\\/04\\\/merida-bikes-logo-vector.png\"},{\"@type\":\"BreadcrumbList\",\"@id\":\"https:\\\/\\\/bicycle.holiday\\\/de\\\/fahrradverleih\\\/#breadcrumb\",\"itemListElement\":[{\"@type\":\"ListItem\",\"position\":1,\"name\":\"Home\",\"item\":\"https:\\\/\\\/bicycle.holiday\\\/de\\\/\"},{\"@type\":\"ListItem\",\"position\":2,\"name\":\"Fahrradverleih\"}]},{\"@type\":\"WebSite\",\"@id\":\"https:\\\/\\\/bicycle.holiday\\\/de\\\/#website\",\"url\":\"https:\\\/\\\/bicycle.holiday\\\/de\\\/\",\"name\":\"www.Bicycle.Holiday\",\"description\":\"Mallorca active holidays with bike\",\"publisher\":{\"@id\":\"https:\\\/\\\/bicycle.holiday\\\/de\\\/#organization\"},\"potentialAction\":[{\"@type\":\"SearchAction\",\"target\":{\"@type\":\"EntryPoint\",\"urlTemplate\":\"https:\\\/\\\/bicycle.holiday\\\/de\\\/?s={search_term_string}\"},\"query-input\":{\"@type\":\"PropertyValueSpecification\",\"valueRequired\":true,\"valueName\":\"search_term_string\"}}],\"inLanguage\":\"de\"},{\"@type\":\"Organization\",\"@id\":\"https:\\\/\\\/bicycle.holiday\\\/de\\\/#organization\",\"name\":\"Bicycle Holiday\",\"url\":\"https:\\\/\\\/bicycle.holiday\\\/de\\\/\",\"logo\":{\"@type\":\"ImageObject\",\"inLanguage\":\"de\",\"@id\":\"https:\\\/\\\/bicycle.holiday\\\/de\\\/#\\\/schema\\\/logo\\\/image\\\/\",\"url\":\"https:\\\/\\\/bicycle.holiday\\\/wp-content\\\/uploads\\\/2021\\\/09\\\/logo-bicycle-holiday-CTVEREC-FCBK.jpg\",\"contentUrl\":\"https:\\\/\\\/bicycle.holiday\\\/wp-content\\\/uploads\\\/2021\\\/09\\\/logo-bicycle-holiday-CTVEREC-FCBK.jpg\",\"width\":800,\"height\":800,\"caption\":\"Bicycle Holiday\"},\"image\":{\"@id\":\"https:\\\/\\\/bicycle.holiday\\\/de\\\/#\\\/schema\\\/logo\\\/image\\\/\"},\"sameAs\":[\"https:\\\/\\\/www.facebook.com\\\/Bicycle.Holiday\"]}]}<\/script>\n<!-- \/ Yoast SEO plugin. -->","yoast_head_json":{"title":"Fahrradverleih - Bicycle.Holiday","robots":{"index":"index","follow":"follow","max-snippet":"max-snippet:-1","max-image-preview":"max-image-preview:large","max-video-preview":"max-video-preview:-1"},"canonical":"https:\/\/bicycle.holiday\/de\/fahrradverleih\/","og_locale":"de_DE","og_type":"article","og_title":"Fahrradverleih - Bicycle.Holiday","og_description":"\u00a0 Bicycle.holiday-Verleih ist ein stolzer Partner von Merida Fahrr\u00e4dern. &nbsp; &nbsp; \u00a0 Rennrad Carbon 2019\/2020 SCULTURA 5000, Scheibe \u00a0 RAHMEN VOLLCARBON \u00a0 BREMSEN HYDRAULISCH \u00a0 GESCHWINDIGKEIT 22 \u00a0 GRUPPENSATZ SHIMANO ULTEGRA \u00a0 KETTENBL\u00c4TTER 50 \u2013 34 \u00a0 KASSETTE 11 (11 \u2013 32) \u00a0 GEWICHT 8.65 Kg \/ 19.07lb \u00a0 \u00a0 \u00a0 \u00a0 \u00a0 Merida SCULTURA [&hellip;]","og_url":"https:\/\/bicycle.holiday\/de\/fahrradverleih\/","og_site_name":"Bicycle.Holiday","article_publisher":"https:\/\/www.facebook.com\/Bicycle.Holiday","article_modified_time":"2023-09-18T07:59:32+00:00","og_image":[{"url":"https:\/\/bicycle.holiday\/wp-content\/uploads\/2020\/04\/merida-bikes-logo-vector.png","type":"","width":"","height":""}],"twitter_card":"summary_large_image","twitter_misc":{"Gesch\u00e4tzte Lesezeit":"4\u00a0Minuten"},"schema":{"@context":"https:\/\/schema.org","@graph":[{"@type":"WebPage","@id":"https:\/\/bicycle.holiday\/de\/fahrradverleih\/","url":"https:\/\/bicycle.holiday\/de\/fahrradverleih\/","name":"Fahrradverleih - Bicycle.Holiday","isPartOf":{"@id":"https:\/\/bicycle.holiday\/de\/#website"},"primaryImageOfPage":{"@id":"https:\/\/bicycle.holiday\/de\/fahrradverleih\/#primaryimage"},"image":{"@id":"https:\/\/bicycle.holiday\/de\/fahrradverleih\/#primaryimage"},"thumbnailUrl":"https:\/\/bicycle.holiday\/wp-content\/uploads\/2020\/04\/merida-bikes-logo-vector.png","datePublished":"2020-03-31T11:42:47+00:00","dateModified":"2023-09-18T07:59:32+00:00","breadcrumb":{"@id":"https:\/\/bicycle.holiday\/de\/fahrradverleih\/#breadcrumb"},"inLanguage":"de","potentialAction":[{"@type":"ReadAction","target":["https:\/\/bicycle.holiday\/de\/fahrradverleih\/"]}]},{"@type":"ImageObject","inLanguage":"de","@id":"https:\/\/bicycle.holiday\/de\/fahrradverleih\/#primaryimage","url":"https:\/\/bicycle.holiday\/wp-content\/uploads\/2020\/04\/merida-bikes-logo-vector.png","contentUrl":"https:\/\/bicycle.holiday\/wp-content\/uploads\/2020\/04\/merida-bikes-logo-vector.png"},{"@type":"BreadcrumbList","@id":"https:\/\/bicycle.holiday\/de\/fahrradverleih\/#breadcrumb","itemListElement":[{"@type":"ListItem","position":1,"name":"Home","item":"https:\/\/bicycle.holiday\/de\/"},{"@type":"ListItem","position":2,"name":"Fahrradverleih"}]},{"@type":"WebSite","@id":"https:\/\/bicycle.holiday\/de\/#website","url":"https:\/\/bicycle.holiday\/de\/","name":"www.Bicycle.Holiday","description":"Mallorca active holidays with bike","publisher":{"@id":"https:\/\/bicycle.holiday\/de\/#organization"},"potentialAction":[{"@type":"SearchAction","target":{"@type":"EntryPoint","urlTemplate":"https:\/\/bicycle.holiday\/de\/?s={search_term_string}"},"query-input":{"@type":"PropertyValueSpecification","valueRequired":true,"valueName":"search_term_string"}}],"inLanguage":"de"},{"@type":"Organization","@id":"https:\/\/bicycle.holiday\/de\/#organization","name":"Bicycle Holiday","url":"https:\/\/bicycle.holiday\/de\/","logo":{"@type":"ImageObject","inLanguage":"de","@id":"https:\/\/bicycle.holiday\/de\/#\/schema\/logo\/image\/","url":"https:\/\/bicycle.holiday\/wp-content\/uploads\/2021\/09\/logo-bicycle-holiday-CTVEREC-FCBK.jpg","contentUrl":"https:\/\/bicycle.holiday\/wp-content\/uploads\/2021\/09\/logo-bicycle-holiday-CTVEREC-FCBK.jpg","width":800,"height":800,"caption":"Bicycle Holiday"},"image":{"@id":"https:\/\/bicycle.holiday\/de\/#\/schema\/logo\/image\/"},"sameAs":["https:\/\/www.facebook.com\/Bicycle.Holiday"]}]}},"_links":{"self":[{"href":"https:\/\/bicycle.holiday\/de\/wp-json\/wp\/v2\/pages\/402","targetHints":{"allow":["GET"]}}],"collection":[{"href":"https:\/\/bicycle.holiday\/de\/wp-json\/wp\/v2\/pages"}],"about":[{"href":"https:\/\/bicycle.holiday\/de\/wp-json\/wp\/v2\/types\/page"}],"author":[{"embeddable":true,"href":"https:\/\/bicycle.holiday\/de\/wp-json\/wp\/v2\/users\/1"}],"replies":[{"embeddable":true,"href":"https:\/\/bicycle.holiday\/de\/wp-json\/wp\/v2\/comments?post=402"}],"version-history":[{"count":9,"href":"https:\/\/bicycle.holiday\/de\/wp-json\/wp\/v2\/pages\/402\/revisions"}],"predecessor-version":[{"id":4391,"href":"https:\/\/bicycle.holiday\/de\/wp-json\/wp\/v2\/pages\/402\/revisions\/4391"}],"wp:attachment":[{"href":"https:\/\/bicycle.holiday\/de\/wp-json\/wp\/v2\/media?parent=402"}],"curies":[{"name":"wp","href":"https:\/\/api.w.org\/{rel}","templated":true}]}}