{"id":2677,"date":"2020-07-24T08:58:11","date_gmt":"2020-07-24T06:58:11","guid":{"rendered":"https:\/\/bicycle.holiday\/?post_type=pokoj&#038;p=2677"},"modified":"2020-08-11T09:28:51","modified_gmt":"2020-08-11T07:28:51","slug":"junior-suite-36m2","status":"publish","type":"pokoj","link":"https:\/\/bicycle.holiday\/cs\/pokoj\/junior-suite-36m2\/","title":{"rendered":"Rei Junior suite 36m2"},"content":{"rendered":"<p>Apartm\u00e1ny maj\u00ed dva pokoje, velkou lo\u017enici a \u00fatuln\u00fd ob\u00fdvac\u00ed pokoj.<\/p>\n<p>S man\u017eelskou postel\u00ed nebo 2 samostatn\u00fdmi postelemi, psac\u00edm stolem, telefonem, satelitn\u00ed TV s plochou obrazovkou, hudbou z potrub\u00ed, elektrickou z\u00e1suvkou s porty USB a HDMI, bezplatn\u00fdm Wi-Fi, klimatizac\u00ed, minibarem, trezorem a velkou terasou.<\/p>\n<p>Koupelna s f\u00e9nem, zv\u011bt\u0161ovac\u00edm zrcadlem, \u0161irokou nab\u00eddkou vybaven\u00ed, \u017eupanem a pantoflemi.<\/p>\n<p>Slu\u017eby nav\u00edc v apartm\u00e1nech:<\/p>\n<p>Minibarov\u00fd servis s nealkoholick\u00fdmi n\u00e1poji a ob\u010derstven\u00edm zdarma<\/p>\n<p>K\u00e1vov\u00fd servis v kapsl\u00edch a tepl\u00fdch n\u00e1poj\u00edch<\/p>\n<p>Z\u00e1pad slunce slu\u017eba p\u0159i z\u00e1padu slunce<\/p>\n<table style=\"border-collapse: collapse; width: 100%;\">\n<tbody>\n<tr>\n<td style=\"width: 33.3333%;\"><img loading=\"lazy\" decoding=\"async\" class=\"alignnone size-medium wp-image-777\" src=\"https:\/\/bicycle.holiday\/wp-content\/uploads\/2020\/04\/Habitaciones-4-300x200.jpg\" alt=\"\" width=\"300\" height=\"200\" srcset=\"https:\/\/bicycle.holiday\/wp-content\/uploads\/2020\/04\/Habitaciones-4-300x200.jpg 300w, https:\/\/bicycle.holiday\/wp-content\/uploads\/2020\/04\/Habitaciones-4-1024x683.jpg 1024w, https:\/\/bicycle.holiday\/wp-content\/uploads\/2020\/04\/Habitaciones-4-768x512.jpg 768w, https:\/\/bicycle.holiday\/wp-content\/uploads\/2020\/04\/Habitaciones-4-1536x1024.jpg 1536w, https:\/\/bicycle.holiday\/wp-content\/uploads\/2020\/04\/Habitaciones-4-2048x1365.jpg 2048w, https:\/\/bicycle.holiday\/wp-content\/uploads\/2020\/04\/Habitaciones-4-600x400.jpg 600w, https:\/\/bicycle.holiday\/wp-content\/uploads\/2020\/04\/Habitaciones-4-1620x1080.jpg 1620w\" sizes=\"auto, (max-width: 300px) 100vw, 300px\" \/><\/td>\n<td style=\"width: 33.3333%;\"><img loading=\"lazy\" decoding=\"async\" class=\"alignnone size-medium wp-image-762\" src=\"https:\/\/bicycle.holiday\/wp-content\/uploads\/2020\/04\/Habitaciones-1-300x200.jpg\" alt=\"\" width=\"300\" height=\"200\" srcset=\"https:\/\/bicycle.holiday\/wp-content\/uploads\/2020\/04\/Habitaciones-1-300x200.jpg 300w, https:\/\/bicycle.holiday\/wp-content\/uploads\/2020\/04\/Habitaciones-1-1024x683.jpg 1024w, https:\/\/bicycle.holiday\/wp-content\/uploads\/2020\/04\/Habitaciones-1-768x512.jpg 768w, https:\/\/bicycle.holiday\/wp-content\/uploads\/2020\/04\/Habitaciones-1-1536x1024.jpg 1536w, https:\/\/bicycle.holiday\/wp-content\/uploads\/2020\/04\/Habitaciones-1-2048x1365.jpg 2048w, https:\/\/bicycle.holiday\/wp-content\/uploads\/2020\/04\/Habitaciones-1-600x400.jpg 600w, https:\/\/bicycle.holiday\/wp-content\/uploads\/2020\/04\/Habitaciones-1-1620x1080.jpg 1620w\" sizes=\"auto, (max-width: 300px) 100vw, 300px\" \/><\/td>\n<td style=\"width: 33.3333%;\"><\/td>\n<\/tr>\n<\/tbody>\n<\/table>\n","protected":false},"template":"","class_list":["post-2677","pokoj","type-pokoj","status-publish","hentry"],"hotel":[{"ID":832,"post_title":"HOTEL REI DEL MEDITERRANI PALACE","post_content":"Hotel Rei del Mediterrani Palace se nach\u00e1z\u00ed v severn\u00ed \u010d\u00e1sti ostrova, na Playa de Muro nedaleko Alcudie. D\u00edky sv\u00e9 poloze je ide\u00e1ln\u00edm m\u00edstem pro cyklisty, kte\u0159\u00ed se mohou vydat na popul\u00e1rn\u00ed, ale hornat\u00fd Formentor nebo si u\u017e\u00edt pl\u00e1n\u011b centra a v\u00fdchodn\u011b od Mallorky.","post_excerpt":"","post_author":"4","post_date":"2020-04-17 14:47:13","post_date_gmt":"2020-04-17 12:47:13","post_status":"publish","comment_status":"closed","ping_status":"closed","post_password":"","post_name":"832","to_ping":"","pinged":"","post_modified":"2022-12-01 10:00:15","post_modified_gmt":"2022-12-01 09:00:15","post_content_filtered":"","post_parent":[],"guid":"https:\/\/bicycle.holiday\/?post_type=hotel&#038;p=832","menu_order":0,"post_type":"hotel","post_mime_type":"","comment_count":"0","comments":false,"id":832}],"img":{"ID":"763","post_author":"4","post_date":"2020-04-13 20:09:27","post_date_gmt":"2020-04-13 18:09:27","post_content":"","post_title":"Habitaciones (1)","post_excerpt":"","post_status":"inherit","comment_status":"open","ping_status":"closed","post_password":"","post_name":"habitaciones-1-2","to_ping":"","pinged":"","post_modified":"2020-08-11 09:28:51","post_modified_gmt":"2020-08-11 07:28:51","post_content_filtered":"","post_parent":"397","guid":"https:\/\/bicycle.holiday\/wp-content\/uploads\/2020\/04\/Habitaciones-1.jpg","menu_order":"0","post_type":"attachment","post_mime_type":"image\/jpeg","comment_count":"0","translation_id":"867","element_type":"post_attachment","element_id":"763","trid":"817","language_code":"cs","source_language_code":"en","id":"9","code":"cs","english_name":"Czech","major":"0","active":"1","default_locale":"cs_CZ","tag":"cs","encode_url":"0","country":null,"pod_item_id":"763"},"velikost":"36","acf":[],"yoast_head":"<!-- This site is optimized with the Yoast SEO plugin v27.4 - https:\/\/yoast.com\/product\/yoast-seo-wordpress\/ -->\n<title>Rei Junior suite 36m2 - Bicycle.Holiday<\/title>\n<meta name=\"robots\" content=\"index, follow, max-snippet:-1, max-image-preview:large, max-video-preview:-1\" \/>\n<link rel=\"canonical\" href=\"https:\/\/bicycle.holiday\/cs\/pokoj\/junior-suite-36m2\/\" \/>\n<meta property=\"og:locale\" content=\"cs_CZ\" \/>\n<meta property=\"og:type\" content=\"article\" \/>\n<meta property=\"og:title\" content=\"Rei Junior suite 36m2 - Bicycle.Holiday\" \/>\n<meta property=\"og:description\" content=\"Apartm\u00e1ny maj\u00ed dva pokoje, velkou lo\u017enici a \u00fatuln\u00fd ob\u00fdvac\u00ed pokoj. S man\u017eelskou postel\u00ed nebo 2 samostatn\u00fdmi postelemi, psac\u00edm stolem, telefonem, satelitn\u00ed TV s plochou obrazovkou, hudbou z potrub\u00ed, elektrickou z\u00e1suvkou s porty USB a HDMI, bezplatn\u00fdm Wi-Fi, klimatizac\u00ed, minibarem, trezorem a velkou terasou. Koupelna s f\u00e9nem, zv\u011bt\u0161ovac\u00edm zrcadlem, \u0161irokou nab\u00eddkou vybaven\u00ed, \u017eupanem a pantoflemi. Slu\u017eby [&hellip;]\" \/>\n<meta property=\"og:url\" content=\"https:\/\/bicycle.holiday\/cs\/pokoj\/junior-suite-36m2\/\" \/>\n<meta property=\"og:site_name\" content=\"Bicycle.Holiday\" \/>\n<meta property=\"article:publisher\" content=\"https:\/\/www.facebook.com\/Bicycle.Holiday\" \/>\n<meta property=\"article:modified_time\" content=\"2020-08-11T07:28:51+00:00\" \/>\n<meta property=\"og:image\" content=\"https:\/\/bicycle.holiday\/wp-content\/uploads\/2020\/04\/Habitaciones-4-300x200.jpg\" \/>\n<meta name=\"twitter:card\" content=\"summary_large_image\" \/>\n<meta name=\"twitter:label1\" content=\"Odhadovan\u00e1 doba \u010dten\u00ed\" \/>\n\t<meta name=\"twitter:data1\" content=\"1 minuta\" \/>\n<script type=\"application\/ld+json\" class=\"yoast-schema-graph\">{\"@context\":\"https:\\\/\\\/schema.org\",\"@graph\":[{\"@type\":\"WebPage\",\"@id\":\"https:\\\/\\\/bicycle.holiday\\\/cs\\\/pokoj\\\/junior-suite-36m2\\\/\",\"url\":\"https:\\\/\\\/bicycle.holiday\\\/cs\\\/pokoj\\\/junior-suite-36m2\\\/\",\"name\":\"Rei Junior suite 36m2 - Bicycle.Holiday\",\"isPartOf\":{\"@id\":\"https:\\\/\\\/bicycle.holiday\\\/cs\\\/#website\"},\"primaryImageOfPage\":{\"@id\":\"https:\\\/\\\/bicycle.holiday\\\/cs\\\/pokoj\\\/junior-suite-36m2\\\/#primaryimage\"},\"image\":{\"@id\":\"https:\\\/\\\/bicycle.holiday\\\/cs\\\/pokoj\\\/junior-suite-36m2\\\/#primaryimage\"},\"thumbnailUrl\":\"https:\\\/\\\/bicycle.holiday\\\/wp-content\\\/uploads\\\/2020\\\/04\\\/Habitaciones-4-300x200.jpg\",\"datePublished\":\"2020-07-24T06:58:11+00:00\",\"dateModified\":\"2020-08-11T07:28:51+00:00\",\"breadcrumb\":{\"@id\":\"https:\\\/\\\/bicycle.holiday\\\/cs\\\/pokoj\\\/junior-suite-36m2\\\/#breadcrumb\"},\"inLanguage\":\"cs\",\"potentialAction\":[{\"@type\":\"ReadAction\",\"target\":[\"https:\\\/\\\/bicycle.holiday\\\/cs\\\/pokoj\\\/junior-suite-36m2\\\/\"]}]},{\"@type\":\"ImageObject\",\"inLanguage\":\"cs\",\"@id\":\"https:\\\/\\\/bicycle.holiday\\\/cs\\\/pokoj\\\/junior-suite-36m2\\\/#primaryimage\",\"url\":\"https:\\\/\\\/bicycle.holiday\\\/wp-content\\\/uploads\\\/2020\\\/04\\\/Habitaciones-4-300x200.jpg\",\"contentUrl\":\"https:\\\/\\\/bicycle.holiday\\\/wp-content\\\/uploads\\\/2020\\\/04\\\/Habitaciones-4-300x200.jpg\"},{\"@type\":\"BreadcrumbList\",\"@id\":\"https:\\\/\\\/bicycle.holiday\\\/cs\\\/pokoj\\\/junior-suite-36m2\\\/#breadcrumb\",\"itemListElement\":[{\"@type\":\"ListItem\",\"position\":1,\"name\":\"Home\",\"item\":\"https:\\\/\\\/bicycle.holiday\\\/cs\\\/\"},{\"@type\":\"ListItem\",\"position\":2,\"name\":\"Rei Junior suite 36m2\"}]},{\"@type\":\"WebSite\",\"@id\":\"https:\\\/\\\/bicycle.holiday\\\/cs\\\/#website\",\"url\":\"https:\\\/\\\/bicycle.holiday\\\/cs\\\/\",\"name\":\"www.Bicycle.Holiday\",\"description\":\"Mallorca active holidays with bike\",\"publisher\":{\"@id\":\"https:\\\/\\\/bicycle.holiday\\\/cs\\\/#organization\"},\"potentialAction\":[{\"@type\":\"SearchAction\",\"target\":{\"@type\":\"EntryPoint\",\"urlTemplate\":\"https:\\\/\\\/bicycle.holiday\\\/cs\\\/?s={search_term_string}\"},\"query-input\":{\"@type\":\"PropertyValueSpecification\",\"valueRequired\":true,\"valueName\":\"search_term_string\"}}],\"inLanguage\":\"cs\"},{\"@type\":\"Organization\",\"@id\":\"https:\\\/\\\/bicycle.holiday\\\/cs\\\/#organization\",\"name\":\"Bicycle Holiday\",\"url\":\"https:\\\/\\\/bicycle.holiday\\\/cs\\\/\",\"logo\":{\"@type\":\"ImageObject\",\"inLanguage\":\"cs\",\"@id\":\"https:\\\/\\\/bicycle.holiday\\\/cs\\\/#\\\/schema\\\/logo\\\/image\\\/\",\"url\":\"https:\\\/\\\/bicycle.holiday\\\/wp-content\\\/uploads\\\/2021\\\/09\\\/logo-bicycle-holiday-CTVEREC-FCBK.jpg\",\"contentUrl\":\"https:\\\/\\\/bicycle.holiday\\\/wp-content\\\/uploads\\\/2021\\\/09\\\/logo-bicycle-holiday-CTVEREC-FCBK.jpg\",\"width\":800,\"height\":800,\"caption\":\"Bicycle Holiday\"},\"image\":{\"@id\":\"https:\\\/\\\/bicycle.holiday\\\/cs\\\/#\\\/schema\\\/logo\\\/image\\\/\"},\"sameAs\":[\"https:\\\/\\\/www.facebook.com\\\/Bicycle.Holiday\"]}]}<\/script>\n<!-- \/ Yoast SEO plugin. -->","yoast_head_json":{"title":"Rei Junior suite 36m2 - Bicycle.Holiday","robots":{"index":"index","follow":"follow","max-snippet":"max-snippet:-1","max-image-preview":"max-image-preview:large","max-video-preview":"max-video-preview:-1"},"canonical":"https:\/\/bicycle.holiday\/cs\/pokoj\/junior-suite-36m2\/","og_locale":"cs_CZ","og_type":"article","og_title":"Rei Junior suite 36m2 - Bicycle.Holiday","og_description":"Apartm\u00e1ny maj\u00ed dva pokoje, velkou lo\u017enici a \u00fatuln\u00fd ob\u00fdvac\u00ed pokoj. S man\u017eelskou postel\u00ed nebo 2 samostatn\u00fdmi postelemi, psac\u00edm stolem, telefonem, satelitn\u00ed TV s plochou obrazovkou, hudbou z potrub\u00ed, elektrickou z\u00e1suvkou s porty USB a HDMI, bezplatn\u00fdm Wi-Fi, klimatizac\u00ed, minibarem, trezorem a velkou terasou. Koupelna s f\u00e9nem, zv\u011bt\u0161ovac\u00edm zrcadlem, \u0161irokou nab\u00eddkou vybaven\u00ed, \u017eupanem a pantoflemi. Slu\u017eby [&hellip;]","og_url":"https:\/\/bicycle.holiday\/cs\/pokoj\/junior-suite-36m2\/","og_site_name":"Bicycle.Holiday","article_publisher":"https:\/\/www.facebook.com\/Bicycle.Holiday","article_modified_time":"2020-08-11T07:28:51+00:00","og_image":[{"url":"https:\/\/bicycle.holiday\/wp-content\/uploads\/2020\/04\/Habitaciones-4-300x200.jpg","type":"","width":"","height":""}],"twitter_card":"summary_large_image","twitter_misc":{"Odhadovan\u00e1 doba \u010dten\u00ed":"1 minuta"},"schema":{"@context":"https:\/\/schema.org","@graph":[{"@type":"WebPage","@id":"https:\/\/bicycle.holiday\/cs\/pokoj\/junior-suite-36m2\/","url":"https:\/\/bicycle.holiday\/cs\/pokoj\/junior-suite-36m2\/","name":"Rei Junior suite 36m2 - Bicycle.Holiday","isPartOf":{"@id":"https:\/\/bicycle.holiday\/cs\/#website"},"primaryImageOfPage":{"@id":"https:\/\/bicycle.holiday\/cs\/pokoj\/junior-suite-36m2\/#primaryimage"},"image":{"@id":"https:\/\/bicycle.holiday\/cs\/pokoj\/junior-suite-36m2\/#primaryimage"},"thumbnailUrl":"https:\/\/bicycle.holiday\/wp-content\/uploads\/2020\/04\/Habitaciones-4-300x200.jpg","datePublished":"2020-07-24T06:58:11+00:00","dateModified":"2020-08-11T07:28:51+00:00","breadcrumb":{"@id":"https:\/\/bicycle.holiday\/cs\/pokoj\/junior-suite-36m2\/#breadcrumb"},"inLanguage":"cs","potentialAction":[{"@type":"ReadAction","target":["https:\/\/bicycle.holiday\/cs\/pokoj\/junior-suite-36m2\/"]}]},{"@type":"ImageObject","inLanguage":"cs","@id":"https:\/\/bicycle.holiday\/cs\/pokoj\/junior-suite-36m2\/#primaryimage","url":"https:\/\/bicycle.holiday\/wp-content\/uploads\/2020\/04\/Habitaciones-4-300x200.jpg","contentUrl":"https:\/\/bicycle.holiday\/wp-content\/uploads\/2020\/04\/Habitaciones-4-300x200.jpg"},{"@type":"BreadcrumbList","@id":"https:\/\/bicycle.holiday\/cs\/pokoj\/junior-suite-36m2\/#breadcrumb","itemListElement":[{"@type":"ListItem","position":1,"name":"Home","item":"https:\/\/bicycle.holiday\/cs\/"},{"@type":"ListItem","position":2,"name":"Rei Junior suite 36m2"}]},{"@type":"WebSite","@id":"https:\/\/bicycle.holiday\/cs\/#website","url":"https:\/\/bicycle.holiday\/cs\/","name":"www.Bicycle.Holiday","description":"Mallorca active holidays with bike","publisher":{"@id":"https:\/\/bicycle.holiday\/cs\/#organization"},"potentialAction":[{"@type":"SearchAction","target":{"@type":"EntryPoint","urlTemplate":"https:\/\/bicycle.holiday\/cs\/?s={search_term_string}"},"query-input":{"@type":"PropertyValueSpecification","valueRequired":true,"valueName":"search_term_string"}}],"inLanguage":"cs"},{"@type":"Organization","@id":"https:\/\/bicycle.holiday\/cs\/#organization","name":"Bicycle Holiday","url":"https:\/\/bicycle.holiday\/cs\/","logo":{"@type":"ImageObject","inLanguage":"cs","@id":"https:\/\/bicycle.holiday\/cs\/#\/schema\/logo\/image\/","url":"https:\/\/bicycle.holiday\/wp-content\/uploads\/2021\/09\/logo-bicycle-holiday-CTVEREC-FCBK.jpg","contentUrl":"https:\/\/bicycle.holiday\/wp-content\/uploads\/2021\/09\/logo-bicycle-holiday-CTVEREC-FCBK.jpg","width":800,"height":800,"caption":"Bicycle Holiday"},"image":{"@id":"https:\/\/bicycle.holiday\/cs\/#\/schema\/logo\/image\/"},"sameAs":["https:\/\/www.facebook.com\/Bicycle.Holiday"]}]}},"_links":{"self":[{"href":"https:\/\/bicycle.holiday\/cs\/wp-json\/wp\/v2\/pokoj\/2677","targetHints":{"allow":["GET"]}}],"collection":[{"href":"https:\/\/bicycle.holiday\/cs\/wp-json\/wp\/v2\/pokoj"}],"about":[{"href":"https:\/\/bicycle.holiday\/cs\/wp-json\/wp\/v2\/types\/pokoj"}],"wp:attachment":[{"href":"https:\/\/bicycle.holiday\/cs\/wp-json\/wp\/v2\/media?parent=2677"}],"curies":[{"name":"wp","href":"https:\/\/api.w.org\/{rel}","templated":true}]}}