{"id":2676,"date":"2020-07-24T08:57:06","date_gmt":"2020-07-24T06:57:06","guid":{"rendered":"https:\/\/bicycle.holiday\/?post_type=pokoj&#038;p=2676"},"modified":"2020-08-11T09:31:37","modified_gmt":"2020-08-11T07:31:37","slug":"apartma-42m2","status":"publish","type":"pokoj","link":"https:\/\/bicycle.holiday\/cs\/pokoj\/apartma-42m2\/","title":{"rendered":"Rei Apartm\u00e1 42m2"},"content":{"rendered":"<p>Apartm\u00e1 maj\u00ed dva pokoje, prostornou lo\u017enici a \u00fatuln\u00fd ob\u00fdvac\u00ed pokoj.<\/p>\n<p>S man\u017eelskou postel\u00ed nebo 2 samostatn\u00fdmi postelemi, psac\u00edm stolem, telefonem, satelitn\u00ed TV s plochou obrazovkou, hudbou na pozad\u00ed, z\u00e1suvkou s USB a HDMI porty, bezplatn\u00fdm Wi-Fi, klimatizac\u00ed, minibarem, trezorem a velkou terasou.<\/p>\n<p>Koupelna s f\u00e9nem, zv\u011bt\u0161ovac\u00edm zrcadlem, \u0161irokou nab\u00eddkou vybaven\u00ed, \u017eupanem a pantoflemi.<\/p>\n<p>Slu\u017eby nav\u00edc v apartm\u00e1nech:<\/p>\n<p>Minibarov\u00fd servis s nealkoholick\u00fdmi n\u00e1poji a ob\u010derstven\u00edm zdarma<br \/>\nK\u00e1vov\u00fd servis na kapsl\u00edch a tepl\u00e9 n\u00e1poje<br \/>\nTurndown slu\u017eba p\u0159i z\u00e1padu slunce<\/p>\n\n\t\t<style type=\"text\/css\">\n\t\t\t#gallery-1 {\n\t\t\t\tmargin: auto;\n\t\t\t}\n\t\t\t#gallery-1 .gallery-item {\n\t\t\t\tfloat: left;\n\t\t\t\tmargin-top: 10px;\n\t\t\t\ttext-align: center;\n\t\t\t\twidth: 25%;\n\t\t\t}\n\t\t\t#gallery-1 img {\n\t\t\t\tborder: 2px solid #cfcfcf;\n\t\t\t}\n\t\t\t#gallery-1 .gallery-caption {\n\t\t\t\tmargin-left: 0;\n\t\t\t}\n\t\t\t\/* see gallery_shortcode() in wp-includes\/media.php *\/\n\t\t<\/style>\n\t\t<div id='gallery-1' class='gallery galleryid-2676 gallery-columns-4 gallery-size-medium'><dl class='gallery-item'>\n\t\t\t<dt class='gallery-icon landscape'>\n\t\t\t\t<a href='https:\/\/bicycle.holiday\/wp-content\/uploads\/2020\/04\/Habitaciones-11.jpg'><img loading=\"lazy\" decoding=\"async\" width=\"300\" height=\"200\" src=\"https:\/\/bicycle.holiday\/wp-content\/uploads\/2020\/04\/Habitaciones-11-300x200.jpg\" class=\"attachment-medium size-medium\" alt=\"\" srcset=\"https:\/\/bicycle.holiday\/wp-content\/uploads\/2020\/04\/Habitaciones-11-300x200.jpg 300w, https:\/\/bicycle.holiday\/wp-content\/uploads\/2020\/04\/Habitaciones-11-1024x683.jpg 1024w, https:\/\/bicycle.holiday\/wp-content\/uploads\/2020\/04\/Habitaciones-11-768x512.jpg 768w, https:\/\/bicycle.holiday\/wp-content\/uploads\/2020\/04\/Habitaciones-11-1536x1024.jpg 1536w, https:\/\/bicycle.holiday\/wp-content\/uploads\/2020\/04\/Habitaciones-11-2048x1365.jpg 2048w, https:\/\/bicycle.holiday\/wp-content\/uploads\/2020\/04\/Habitaciones-11-600x400.jpg 600w, https:\/\/bicycle.holiday\/wp-content\/uploads\/2020\/04\/Habitaciones-11-1620x1080.jpg 1620w\" sizes=\"auto, (max-width: 300px) 100vw, 300px\" \/><\/a>\n\t\t\t<\/dt><\/dl><dl class='gallery-item'>\n\t\t\t<dt class='gallery-icon landscape'>\n\t\t\t\t<a href='https:\/\/bicycle.holiday\/wp-content\/uploads\/2020\/04\/Habitaciones-14.jpg'><img loading=\"lazy\" decoding=\"async\" width=\"300\" height=\"200\" src=\"https:\/\/bicycle.holiday\/wp-content\/uploads\/2020\/04\/Habitaciones-14-300x200.jpg\" class=\"attachment-medium size-medium\" alt=\"\" srcset=\"https:\/\/bicycle.holiday\/wp-content\/uploads\/2020\/04\/Habitaciones-14-300x200.jpg 300w, https:\/\/bicycle.holiday\/wp-content\/uploads\/2020\/04\/Habitaciones-14-1024x683.jpg 1024w, https:\/\/bicycle.holiday\/wp-content\/uploads\/2020\/04\/Habitaciones-14-768x512.jpg 768w, https:\/\/bicycle.holiday\/wp-content\/uploads\/2020\/04\/Habitaciones-14-1536x1024.jpg 1536w, https:\/\/bicycle.holiday\/wp-content\/uploads\/2020\/04\/Habitaciones-14-2048x1365.jpg 2048w, https:\/\/bicycle.holiday\/wp-content\/uploads\/2020\/04\/Habitaciones-14-600x400.jpg 600w, https:\/\/bicycle.holiday\/wp-content\/uploads\/2020\/04\/Habitaciones-14-1620x1080.jpg 1620w\" sizes=\"auto, (max-width: 300px) 100vw, 300px\" \/><\/a>\n\t\t\t<\/dt><\/dl>\n\t\t\t<br style='clear: both' \/>\n\t\t<\/div>\n\n","protected":false},"template":"","class_list":["post-2676","pokoj","type-pokoj","status-publish","hentry"],"hotel":[{"ID":832,"post_title":"HOTEL REI DEL MEDITERRANI PALACE","post_content":"Hotel Rei del Mediterrani Palace se nach\u00e1z\u00ed v severn\u00ed \u010d\u00e1sti ostrova, na Playa de Muro nedaleko Alcudie. D\u00edky sv\u00e9 poloze je ide\u00e1ln\u00edm m\u00edstem pro cyklisty, kte\u0159\u00ed se mohou vydat na popul\u00e1rn\u00ed, ale hornat\u00fd Formentor nebo si u\u017e\u00edt pl\u00e1n\u011b centra a v\u00fdchodn\u011b od Mallorky.","post_excerpt":"","post_author":"4","post_date":"2020-04-17 14:47:13","post_date_gmt":"2020-04-17 12:47:13","post_status":"publish","comment_status":"closed","ping_status":"closed","post_password":"","post_name":"832","to_ping":"","pinged":"","post_modified":"2022-12-01 10:00:15","post_modified_gmt":"2022-12-01 09:00:15","post_content_filtered":"","post_parent":[],"guid":"https:\/\/bicycle.holiday\/?post_type=hotel&#038;p=832","menu_order":0,"post_type":"hotel","post_mime_type":"","comment_count":"0","comments":false,"id":832}],"img":{"ID":"551","post_author":"1","post_date":"2020-02-16 16:41:58","post_date_gmt":"2020-02-16 15:41:58","post_content":"","post_title":"room","post_excerpt":"","post_status":"inherit","comment_status":"open","ping_status":"closed","post_password":"","post_name":"room-2","to_ping":"","pinged":"","post_modified":"2020-08-11 09:31:37","post_modified_gmt":"2020-08-11 07:31:37","post_content_filtered":"","post_parent":"2676","guid":"https:\/\/bicycle.holiday\/wp-content\/uploads\/2020\/02\/room.jpg","menu_order":"0","post_type":"attachment","post_mime_type":"image\/jpeg","comment_count":"0","translation_id":"668","element_type":"post_attachment","element_id":"551","trid":"733","language_code":"cs","source_language_code":"en","id":"9","code":"cs","english_name":"Czech","major":"0","active":"1","default_locale":"cs_CZ","tag":"cs","encode_url":"0","country":null,"pod_item_id":"551"},"velikost":"42","acf":[],"yoast_head":"<!-- This site is optimized with the Yoast SEO plugin v27.4 - https:\/\/yoast.com\/product\/yoast-seo-wordpress\/ -->\n<title>Rei Apartm\u00e1 42m2 - Bicycle.Holiday<\/title>\n<meta name=\"robots\" content=\"index, follow, max-snippet:-1, max-image-preview:large, max-video-preview:-1\" \/>\n<link rel=\"canonical\" href=\"https:\/\/bicycle.holiday\/cs\/pokoj\/apartma-42m2\/\" \/>\n<meta property=\"og:locale\" content=\"cs_CZ\" \/>\n<meta property=\"og:type\" content=\"article\" \/>\n<meta property=\"og:title\" content=\"Rei Apartm\u00e1 42m2 - Bicycle.Holiday\" \/>\n<meta property=\"og:description\" content=\"Apartm\u00e1 maj\u00ed dva pokoje, prostornou lo\u017enici a \u00fatuln\u00fd ob\u00fdvac\u00ed pokoj. S man\u017eelskou postel\u00ed nebo 2 samostatn\u00fdmi postelemi, psac\u00edm stolem, telefonem, satelitn\u00ed TV s plochou obrazovkou, hudbou na pozad\u00ed, z\u00e1suvkou s USB a HDMI porty, bezplatn\u00fdm Wi-Fi, klimatizac\u00ed, minibarem, trezorem a velkou terasou. Koupelna s f\u00e9nem, zv\u011bt\u0161ovac\u00edm zrcadlem, \u0161irokou nab\u00eddkou vybaven\u00ed, \u017eupanem a pantoflemi. Slu\u017eby nav\u00edc [&hellip;]\" \/>\n<meta property=\"og:url\" content=\"https:\/\/bicycle.holiday\/cs\/pokoj\/apartma-42m2\/\" \/>\n<meta property=\"og:site_name\" content=\"Bicycle.Holiday\" \/>\n<meta property=\"article:publisher\" content=\"https:\/\/www.facebook.com\/Bicycle.Holiday\" \/>\n<meta property=\"article:modified_time\" content=\"2020-08-11T07:31:37+00:00\" \/>\n<meta property=\"og:image\" content=\"https:\/\/bicycle.holiday\/wp-content\/uploads\/2020\/04\/Habitaciones-11-300x200.jpg\" \/>\n<meta name=\"twitter:card\" content=\"summary_large_image\" \/>\n<meta name=\"twitter:label1\" content=\"Odhadovan\u00e1 doba \u010dten\u00ed\" \/>\n\t<meta name=\"twitter:data1\" content=\"1 minuta\" \/>\n<script type=\"application\/ld+json\" class=\"yoast-schema-graph\">{\"@context\":\"https:\\\/\\\/schema.org\",\"@graph\":[{\"@type\":\"WebPage\",\"@id\":\"https:\\\/\\\/bicycle.holiday\\\/cs\\\/pokoj\\\/apartma-42m2\\\/\",\"url\":\"https:\\\/\\\/bicycle.holiday\\\/cs\\\/pokoj\\\/apartma-42m2\\\/\",\"name\":\"Rei Apartm\u00e1 42m2 - Bicycle.Holiday\",\"isPartOf\":{\"@id\":\"https:\\\/\\\/bicycle.holiday\\\/cs\\\/#website\"},\"datePublished\":\"2020-07-24T06:57:06+00:00\",\"dateModified\":\"2020-08-11T07:31:37+00:00\",\"breadcrumb\":{\"@id\":\"https:\\\/\\\/bicycle.holiday\\\/cs\\\/pokoj\\\/apartma-42m2\\\/#breadcrumb\"},\"inLanguage\":\"cs\",\"potentialAction\":[{\"@type\":\"ReadAction\",\"target\":[\"https:\\\/\\\/bicycle.holiday\\\/cs\\\/pokoj\\\/apartma-42m2\\\/\"]}]},{\"@type\":\"BreadcrumbList\",\"@id\":\"https:\\\/\\\/bicycle.holiday\\\/cs\\\/pokoj\\\/apartma-42m2\\\/#breadcrumb\",\"itemListElement\":[{\"@type\":\"ListItem\",\"position\":1,\"name\":\"Home\",\"item\":\"https:\\\/\\\/bicycle.holiday\\\/cs\\\/\"},{\"@type\":\"ListItem\",\"position\":2,\"name\":\"Rei Apartm\u00e1 42m2\"}]},{\"@type\":\"WebSite\",\"@id\":\"https:\\\/\\\/bicycle.holiday\\\/cs\\\/#website\",\"url\":\"https:\\\/\\\/bicycle.holiday\\\/cs\\\/\",\"name\":\"www.Bicycle.Holiday\",\"description\":\"Mallorca active holidays with bike\",\"publisher\":{\"@id\":\"https:\\\/\\\/bicycle.holiday\\\/cs\\\/#organization\"},\"potentialAction\":[{\"@type\":\"SearchAction\",\"target\":{\"@type\":\"EntryPoint\",\"urlTemplate\":\"https:\\\/\\\/bicycle.holiday\\\/cs\\\/?s={search_term_string}\"},\"query-input\":{\"@type\":\"PropertyValueSpecification\",\"valueRequired\":true,\"valueName\":\"search_term_string\"}}],\"inLanguage\":\"cs\"},{\"@type\":\"Organization\",\"@id\":\"https:\\\/\\\/bicycle.holiday\\\/cs\\\/#organization\",\"name\":\"Bicycle Holiday\",\"url\":\"https:\\\/\\\/bicycle.holiday\\\/cs\\\/\",\"logo\":{\"@type\":\"ImageObject\",\"inLanguage\":\"cs\",\"@id\":\"https:\\\/\\\/bicycle.holiday\\\/cs\\\/#\\\/schema\\\/logo\\\/image\\\/\",\"url\":\"https:\\\/\\\/bicycle.holiday\\\/wp-content\\\/uploads\\\/2021\\\/09\\\/logo-bicycle-holiday-CTVEREC-FCBK.jpg\",\"contentUrl\":\"https:\\\/\\\/bicycle.holiday\\\/wp-content\\\/uploads\\\/2021\\\/09\\\/logo-bicycle-holiday-CTVEREC-FCBK.jpg\",\"width\":800,\"height\":800,\"caption\":\"Bicycle Holiday\"},\"image\":{\"@id\":\"https:\\\/\\\/bicycle.holiday\\\/cs\\\/#\\\/schema\\\/logo\\\/image\\\/\"},\"sameAs\":[\"https:\\\/\\\/www.facebook.com\\\/Bicycle.Holiday\"]}]}<\/script>\n<!-- \/ Yoast SEO plugin. -->","yoast_head_json":{"title":"Rei Apartm\u00e1 42m2 - Bicycle.Holiday","robots":{"index":"index","follow":"follow","max-snippet":"max-snippet:-1","max-image-preview":"max-image-preview:large","max-video-preview":"max-video-preview:-1"},"canonical":"https:\/\/bicycle.holiday\/cs\/pokoj\/apartma-42m2\/","og_locale":"cs_CZ","og_type":"article","og_title":"Rei Apartm\u00e1 42m2 - Bicycle.Holiday","og_description":"Apartm\u00e1 maj\u00ed dva pokoje, prostornou lo\u017enici a \u00fatuln\u00fd ob\u00fdvac\u00ed pokoj. S man\u017eelskou postel\u00ed nebo 2 samostatn\u00fdmi postelemi, psac\u00edm stolem, telefonem, satelitn\u00ed TV s plochou obrazovkou, hudbou na pozad\u00ed, z\u00e1suvkou s USB a HDMI porty, bezplatn\u00fdm Wi-Fi, klimatizac\u00ed, minibarem, trezorem a velkou terasou. Koupelna s f\u00e9nem, zv\u011bt\u0161ovac\u00edm zrcadlem, \u0161irokou nab\u00eddkou vybaven\u00ed, \u017eupanem a pantoflemi. Slu\u017eby nav\u00edc [&hellip;]","og_url":"https:\/\/bicycle.holiday\/cs\/pokoj\/apartma-42m2\/","og_site_name":"Bicycle.Holiday","article_publisher":"https:\/\/www.facebook.com\/Bicycle.Holiday","article_modified_time":"2020-08-11T07:31:37+00:00","og_image":[{"url":"https:\/\/bicycle.holiday\/wp-content\/uploads\/2020\/04\/Habitaciones-11-300x200.jpg","type":"","width":"","height":""}],"twitter_card":"summary_large_image","twitter_misc":{"Odhadovan\u00e1 doba \u010dten\u00ed":"1 minuta"},"schema":{"@context":"https:\/\/schema.org","@graph":[{"@type":"WebPage","@id":"https:\/\/bicycle.holiday\/cs\/pokoj\/apartma-42m2\/","url":"https:\/\/bicycle.holiday\/cs\/pokoj\/apartma-42m2\/","name":"Rei Apartm\u00e1 42m2 - Bicycle.Holiday","isPartOf":{"@id":"https:\/\/bicycle.holiday\/cs\/#website"},"datePublished":"2020-07-24T06:57:06+00:00","dateModified":"2020-08-11T07:31:37+00:00","breadcrumb":{"@id":"https:\/\/bicycle.holiday\/cs\/pokoj\/apartma-42m2\/#breadcrumb"},"inLanguage":"cs","potentialAction":[{"@type":"ReadAction","target":["https:\/\/bicycle.holiday\/cs\/pokoj\/apartma-42m2\/"]}]},{"@type":"BreadcrumbList","@id":"https:\/\/bicycle.holiday\/cs\/pokoj\/apartma-42m2\/#breadcrumb","itemListElement":[{"@type":"ListItem","position":1,"name":"Home","item":"https:\/\/bicycle.holiday\/cs\/"},{"@type":"ListItem","position":2,"name":"Rei Apartm\u00e1 42m2"}]},{"@type":"WebSite","@id":"https:\/\/bicycle.holiday\/cs\/#website","url":"https:\/\/bicycle.holiday\/cs\/","name":"www.Bicycle.Holiday","description":"Mallorca active holidays with bike","publisher":{"@id":"https:\/\/bicycle.holiday\/cs\/#organization"},"potentialAction":[{"@type":"SearchAction","target":{"@type":"EntryPoint","urlTemplate":"https:\/\/bicycle.holiday\/cs\/?s={search_term_string}"},"query-input":{"@type":"PropertyValueSpecification","valueRequired":true,"valueName":"search_term_string"}}],"inLanguage":"cs"},{"@type":"Organization","@id":"https:\/\/bicycle.holiday\/cs\/#organization","name":"Bicycle Holiday","url":"https:\/\/bicycle.holiday\/cs\/","logo":{"@type":"ImageObject","inLanguage":"cs","@id":"https:\/\/bicycle.holiday\/cs\/#\/schema\/logo\/image\/","url":"https:\/\/bicycle.holiday\/wp-content\/uploads\/2021\/09\/logo-bicycle-holiday-CTVEREC-FCBK.jpg","contentUrl":"https:\/\/bicycle.holiday\/wp-content\/uploads\/2021\/09\/logo-bicycle-holiday-CTVEREC-FCBK.jpg","width":800,"height":800,"caption":"Bicycle Holiday"},"image":{"@id":"https:\/\/bicycle.holiday\/cs\/#\/schema\/logo\/image\/"},"sameAs":["https:\/\/www.facebook.com\/Bicycle.Holiday"]}]}},"_links":{"self":[{"href":"https:\/\/bicycle.holiday\/cs\/wp-json\/wp\/v2\/pokoj\/2676","targetHints":{"allow":["GET"]}}],"collection":[{"href":"https:\/\/bicycle.holiday\/cs\/wp-json\/wp\/v2\/pokoj"}],"about":[{"href":"https:\/\/bicycle.holiday\/cs\/wp-json\/wp\/v2\/types\/pokoj"}],"wp:attachment":[{"href":"https:\/\/bicycle.holiday\/cs\/wp-json\/wp\/v2\/media?parent=2676"}],"curies":[{"name":"wp","href":"https:\/\/api.w.org\/{rel}","templated":true}]}}