{"id":2367,"date":"2020-07-08T08:19:43","date_gmt":"2020-07-08T06:19:43","guid":{"rendered":"https:\/\/bicycle.holiday\/?page_id=2367"},"modified":"2020-10-23T12:55:34","modified_gmt":"2020-10-23T10:55:34","slug":"kouzelna-mallorca","status":"publish","type":"page","link":"https:\/\/bicycle.holiday\/cs\/kouzelna-mallorca\/","title":{"rendered":"Kouzeln\u00e1 Mallorca"},"content":{"rendered":"<p>Jste z\u00e1vodn\u00ed cyklista p\u0159ipravuj\u00edc\u00ed se na nadch\u00e1zej\u00edc\u00ed sezonu a tr\u00e9nuj\u00edc\u00ed na stejn\u00fdch tras\u00e1ch jako t\u00fdmy Tour de France nebo jste hobby jezdec, kter\u00fd chce objevovat nov\u00e9 tr\u00e9ninkov\u00e9 mo\u017enosti a hlavn\u011b se na kole bavit nebo jste n\u011bkdo, kdo se rozhoduje mezi cyklistikou a golfem &#8211; nez\u00e1le\u017e\u00ed na zam\u011b\u0159en\u00ed. Dop\u0159ejte si s n\u00e1mi pobyt na tomto kr\u00e1sn\u00e9m Bale\u00e1rsk\u00e9m ostrov\u011b v luxusn\u00edm hotelu se v\u0161emi slu\u017ebami jako pro kr\u00e1le za velmi dostupnou cenu. Mallorca nab\u00edz\u00ed \u00fa\u017easn\u00e9 p\u0159\u00edle\u017eitosti pro super tr\u00e9nink a zv\u00fd\u0161en\u00ed cyklistick\u00e9 kondice tak, aby jste mohli zah\u00e1jit novou sezonu slovem wow.<\/p>\n<p>Tento \u00fa\u017easn\u00fd Bale\u00e1rsk\u00fd ostrov le\u017e\u00ed v tyrkysov\u00e9m St\u0159edozemn\u00edm mo\u0159i a d\u00edky dlouh\u00e9 tradici cyklistiky na ostrov\u011b nab\u00edz\u00ed v\u0161e pro cyklistick\u00e9 nad\u0161ence. Fantastick\u00e9 po\u010das\u00ed s nespo\u010dtem hodin slune\u010dn\u00edho svitu, n\u00e1dhern\u00e1 krajina, n\u00edzk\u00fd provoz, velmi ohledupln\u00ed \u0159idi\u010di k cyklist\u016fm a nekone\u010dn\u00e9 sjezdy jsou d\u016fvodem toho, \u017ee se ostrov t\u011b\u0161\u00ed ji\u017e \u0159adu let rostouc\u00edmu po\u010dtu profesion\u00e1ln\u00edch t\u00fdm\u016f. Na silnic\u00edch m\u016f\u017eete cyklisty vid\u011bt cel\u00fd rok, ale hlavn\u00ed cyklistick\u00e1 sezona zde za\u010d\u00edn\u00e1 v \u00fanoru a trv\u00e1 do za\u010d\u00e1tku kv\u011btna. Tepl\u00e9 zimy s pr\u016fm\u011brnou teplotou od 15 do 25 \u00b0C jsou ide\u00e1ln\u00ed k venkovn\u00edm aktivit\u00e1m. Nen\u00ed divu, \u017ee v pr\u016fb\u011bhu zimn\u00ed p\u0159\u00edpravy se ostrov pln\u00ed profesion\u00e1ln\u00edmi cyklisty ze z\u00e1vodn\u00edch t\u00fdm\u016f, kte\u0159\u00ed jsou na za\u010d\u00e1tku b\u0159ezna vyst\u0159\u00edd\u00e1ni rekrea\u010dn\u00edmi cyklisty, aby si u\u017eili skv\u011blou infrastrukturu a cyklistick\u00e9 mo\u017enosti. Podzim je vynikaj\u00edc\u00ed kombinac\u00ed pro milovn\u00edky kol a pro ty, kte\u0159\u00ed si cht\u011bj\u00ed odpo\u010dinout na bo\u017esk\u00fdch mallorsk\u00fdch pl\u00e1\u017e\u00edch.<\/p>\n<p>Krom\u011b n\u00e1dhern\u00fdch tras t\u011b\u017e\u00ed region tak\u00e9 ze snadno dostupn\u00fdch atraktivn\u00edch m\u00edst na Mallorce jako je centrum m\u011bsta Palma de Mallorca nebo Alcudia na severu ostrova, zn\u00e1m\u00e1 horsk\u00e1 vesnice Valldemosa nebo Soller. M\u016f\u017eete si tak\u00e9 odpo\u010dinout na pl\u00e1\u017ei, kter\u00e1 je jen p\u00e1r minut ch\u016fze od hotelu. V restaurac\u00edch najdete v\u00fdbornou st\u0159edomo\u0159skou kuchyni &#8211; ryby a mo\u0159sk\u00e9 plody, maso, ovoce a skv\u011bl\u00e9 dezerty. Uvolnit t\u011blo po tr\u00e9ninku m\u016f\u017eete ve Spa&amp;Wellness centru, dop\u0159ejte si mas\u00e1\u017ee, saunu, tureck\u00e9 l\u00e1zn\u011b nebo jen tak relaxujte na leh\u00e1tku u laguny.<\/p>\n<p>Pokud hled\u00e1te v\u00fdlet, kde m\u016f\u017eete bezpe\u010dn\u011b a kr\u00e1sn\u011b jezdit na kole a kde je kr\u00e1sn\u011b cel\u00fd rok, pak jste vybrali ten spr\u00e1vn\u00fd.<\/p>\n<p>Douf\u00e1me, \u017ee jsme V\u00e1s inspirovali k prohl\u00eddce tohoto b\u00e1je\u010dn\u00e9ho mal\u00e9ho ostrova.<\/p>\n<table style=\"border-collapse: collapse; width: 100%;\">\n<tbody>\n<tr>\n<td style=\"width: 33.3333%;\"><img loading=\"lazy\" decoding=\"async\" class=\"size-medium wp-image-1286 aligncenter\" src=\"https:\/\/bicycle.holiday\/wp-content\/uploads\/2020\/04\/DSC_4253-300x200.jpg\" alt=\"\" width=\"300\" height=\"200\" srcset=\"https:\/\/bicycle.holiday\/wp-content\/uploads\/2020\/04\/DSC_4253-300x200.jpg 300w, https:\/\/bicycle.holiday\/wp-content\/uploads\/2020\/04\/DSC_4253-1024x681.jpg 1024w, https:\/\/bicycle.holiday\/wp-content\/uploads\/2020\/04\/DSC_4253-768x511.jpg 768w, https:\/\/bicycle.holiday\/wp-content\/uploads\/2020\/04\/DSC_4253-1536x1022.jpg 1536w, https:\/\/bicycle.holiday\/wp-content\/uploads\/2020\/04\/DSC_4253-2048x1363.jpg 2048w, https:\/\/bicycle.holiday\/wp-content\/uploads\/2020\/04\/DSC_4253-601x400.jpg 601w, https:\/\/bicycle.holiday\/wp-content\/uploads\/2020\/04\/DSC_4253-1623x1080.jpg 1623w\" sizes=\"auto, (max-width: 300px) 100vw, 300px\" \/><\/td>\n<td style=\"width: 33.3333%;\"><img loading=\"lazy\" decoding=\"async\" class=\"size-medium wp-image-1396 aligncenter\" src=\"https:\/\/bicycle.holiday\/wp-content\/uploads\/2020\/04\/T15_4771-300x200.jpg\" alt=\"\" width=\"300\" height=\"200\" srcset=\"https:\/\/bicycle.holiday\/wp-content\/uploads\/2020\/04\/T15_4771-300x200.jpg 300w, https:\/\/bicycle.holiday\/wp-content\/uploads\/2020\/04\/T15_4771-1024x683.jpg 1024w, https:\/\/bicycle.holiday\/wp-content\/uploads\/2020\/04\/T15_4771-768x512.jpg 768w, https:\/\/bicycle.holiday\/wp-content\/uploads\/2020\/04\/T15_4771-1536x1024.jpg 1536w, https:\/\/bicycle.holiday\/wp-content\/uploads\/2020\/04\/T15_4771-2048x1366.jpg 2048w, https:\/\/bicycle.holiday\/wp-content\/uploads\/2020\/04\/T15_4771-600x400.jpg 600w, https:\/\/bicycle.holiday\/wp-content\/uploads\/2020\/04\/T15_4771-1620x1080.jpg 1620w\" sizes=\"auto, (max-width: 300px) 100vw, 300px\" \/><\/td>\n<td style=\"width: 33.3333%;\"><img loading=\"lazy\" decoding=\"async\" class=\"size-medium wp-image-1643 aligncenter\" src=\"https:\/\/bicycle.holiday\/wp-content\/uploads\/2020\/04\/mg-6041-300x200.jpg\" alt=\"\" width=\"300\" height=\"200\" srcset=\"https:\/\/bicycle.holiday\/wp-content\/uploads\/2020\/04\/mg-6041-300x200.jpg 300w, https:\/\/bicycle.holiday\/wp-content\/uploads\/2020\/04\/mg-6041-768x512.jpg 768w, https:\/\/bicycle.holiday\/wp-content\/uploads\/2020\/04\/mg-6041-600x400.jpg 600w, https:\/\/bicycle.holiday\/wp-content\/uploads\/2020\/04\/mg-6041.jpg 800w\" sizes=\"auto, (max-width: 300px) 100vw, 300px\" \/><\/td>\n<\/tr>\n<\/tbody>\n<\/table>\n","protected":false},"excerpt":{"rendered":"<p>Jste z\u00e1vodn\u00ed cyklista p\u0159ipravuj\u00edc\u00ed se na nadch\u00e1zej\u00edc\u00ed sezonu a tr\u00e9nuj\u00edc\u00ed na stejn\u00fdch tras\u00e1ch jako t\u00fdmy Tour de France nebo jste hobby jezdec, kter\u00fd chce objevovat nov\u00e9 tr\u00e9ninkov\u00e9 mo\u017enosti a hlavn\u011b se na kole bavit nebo jste n\u011bkdo, kdo se rozhoduje mezi cyklistikou a golfem &#8211; nez\u00e1le\u017e\u00ed na zam\u011b\u0159en\u00ed. Dop\u0159ejte si s n\u00e1mi pobyt na tomto [&hellip;]<\/p>\n","protected":false},"author":4,"featured_media":0,"parent":0,"menu_order":88,"comment_status":"closed","ping_status":"closed","template":"","meta":{"_acf_changed":false,"footnotes":""},"class_list":["post-2367","page","type-page","status-publish","hentry"],"acf":[],"yoast_head":"<!-- This site is optimized with the Yoast SEO plugin v27.4 - https:\/\/yoast.com\/product\/yoast-seo-wordpress\/ -->\n<title>Kouzeln\u00e1 Mallorca - Bicycle.Holiday<\/title>\n<meta name=\"robots\" content=\"index, follow, max-snippet:-1, max-image-preview:large, max-video-preview:-1\" \/>\n<link rel=\"canonical\" href=\"https:\/\/bicycle.holiday\/cs\/kouzelna-mallorca\/\" \/>\n<meta property=\"og:locale\" content=\"cs_CZ\" \/>\n<meta property=\"og:type\" content=\"article\" \/>\n<meta property=\"og:title\" content=\"Kouzeln\u00e1 Mallorca - Bicycle.Holiday\" \/>\n<meta property=\"og:description\" content=\"Jste z\u00e1vodn\u00ed cyklista p\u0159ipravuj\u00edc\u00ed se na nadch\u00e1zej\u00edc\u00ed sezonu a tr\u00e9nuj\u00edc\u00ed na stejn\u00fdch tras\u00e1ch jako t\u00fdmy Tour de France nebo jste hobby jezdec, kter\u00fd chce objevovat nov\u00e9 tr\u00e9ninkov\u00e9 mo\u017enosti a hlavn\u011b se na kole bavit nebo jste n\u011bkdo, kdo se rozhoduje mezi cyklistikou a golfem &#8211; nez\u00e1le\u017e\u00ed na zam\u011b\u0159en\u00ed. Dop\u0159ejte si s n\u00e1mi pobyt na tomto [&hellip;]\" \/>\n<meta property=\"og:url\" content=\"https:\/\/bicycle.holiday\/cs\/kouzelna-mallorca\/\" \/>\n<meta property=\"og:site_name\" content=\"Bicycle.Holiday\" \/>\n<meta property=\"article:publisher\" content=\"https:\/\/www.facebook.com\/Bicycle.Holiday\" \/>\n<meta property=\"article:modified_time\" content=\"2020-10-23T10:55:34+00:00\" \/>\n<meta property=\"og:image\" content=\"https:\/\/bicycle.holiday\/wp-content\/uploads\/2020\/04\/DSC_4253-300x200.jpg\" \/>\n<meta name=\"twitter:card\" content=\"summary_large_image\" \/>\n<meta name=\"twitter:label1\" content=\"Odhadovan\u00e1 doba \u010dten\u00ed\" \/>\n\t<meta name=\"twitter:data1\" content=\"2 minuty\" \/>\n<script type=\"application\/ld+json\" class=\"yoast-schema-graph\">{\"@context\":\"https:\\\/\\\/schema.org\",\"@graph\":[{\"@type\":\"WebPage\",\"@id\":\"https:\\\/\\\/bicycle.holiday\\\/cs\\\/kouzelna-mallorca\\\/\",\"url\":\"https:\\\/\\\/bicycle.holiday\\\/cs\\\/kouzelna-mallorca\\\/\",\"name\":\"Kouzeln\u00e1 Mallorca - Bicycle.Holiday\",\"isPartOf\":{\"@id\":\"https:\\\/\\\/bicycle.holiday\\\/cs\\\/#website\"},\"primaryImageOfPage\":{\"@id\":\"https:\\\/\\\/bicycle.holiday\\\/cs\\\/kouzelna-mallorca\\\/#primaryimage\"},\"image\":{\"@id\":\"https:\\\/\\\/bicycle.holiday\\\/cs\\\/kouzelna-mallorca\\\/#primaryimage\"},\"thumbnailUrl\":\"https:\\\/\\\/bicycle.holiday\\\/wp-content\\\/uploads\\\/2020\\\/04\\\/DSC_4253-300x200.jpg\",\"datePublished\":\"2020-07-08T06:19:43+00:00\",\"dateModified\":\"2020-10-23T10:55:34+00:00\",\"breadcrumb\":{\"@id\":\"https:\\\/\\\/bicycle.holiday\\\/cs\\\/kouzelna-mallorca\\\/#breadcrumb\"},\"inLanguage\":\"cs\",\"potentialAction\":[{\"@type\":\"ReadAction\",\"target\":[\"https:\\\/\\\/bicycle.holiday\\\/cs\\\/kouzelna-mallorca\\\/\"]}]},{\"@type\":\"ImageObject\",\"inLanguage\":\"cs\",\"@id\":\"https:\\\/\\\/bicycle.holiday\\\/cs\\\/kouzelna-mallorca\\\/#primaryimage\",\"url\":\"https:\\\/\\\/bicycle.holiday\\\/wp-content\\\/uploads\\\/2020\\\/04\\\/DSC_4253-300x200.jpg\",\"contentUrl\":\"https:\\\/\\\/bicycle.holiday\\\/wp-content\\\/uploads\\\/2020\\\/04\\\/DSC_4253-300x200.jpg\"},{\"@type\":\"BreadcrumbList\",\"@id\":\"https:\\\/\\\/bicycle.holiday\\\/cs\\\/kouzelna-mallorca\\\/#breadcrumb\",\"itemListElement\":[{\"@type\":\"ListItem\",\"position\":1,\"name\":\"Home\",\"item\":\"https:\\\/\\\/bicycle.holiday\\\/cs\\\/\"},{\"@type\":\"ListItem\",\"position\":2,\"name\":\"Kouzeln\u00e1 Mallorca\"}]},{\"@type\":\"WebSite\",\"@id\":\"https:\\\/\\\/bicycle.holiday\\\/cs\\\/#website\",\"url\":\"https:\\\/\\\/bicycle.holiday\\\/cs\\\/\",\"name\":\"www.Bicycle.Holiday\",\"description\":\"Mallorca active holidays with bike\",\"publisher\":{\"@id\":\"https:\\\/\\\/bicycle.holiday\\\/cs\\\/#organization\"},\"potentialAction\":[{\"@type\":\"SearchAction\",\"target\":{\"@type\":\"EntryPoint\",\"urlTemplate\":\"https:\\\/\\\/bicycle.holiday\\\/cs\\\/?s={search_term_string}\"},\"query-input\":{\"@type\":\"PropertyValueSpecification\",\"valueRequired\":true,\"valueName\":\"search_term_string\"}}],\"inLanguage\":\"cs\"},{\"@type\":\"Organization\",\"@id\":\"https:\\\/\\\/bicycle.holiday\\\/cs\\\/#organization\",\"name\":\"Bicycle Holiday\",\"url\":\"https:\\\/\\\/bicycle.holiday\\\/cs\\\/\",\"logo\":{\"@type\":\"ImageObject\",\"inLanguage\":\"cs\",\"@id\":\"https:\\\/\\\/bicycle.holiday\\\/cs\\\/#\\\/schema\\\/logo\\\/image\\\/\",\"url\":\"https:\\\/\\\/bicycle.holiday\\\/wp-content\\\/uploads\\\/2021\\\/09\\\/logo-bicycle-holiday-CTVEREC-FCBK.jpg\",\"contentUrl\":\"https:\\\/\\\/bicycle.holiday\\\/wp-content\\\/uploads\\\/2021\\\/09\\\/logo-bicycle-holiday-CTVEREC-FCBK.jpg\",\"width\":800,\"height\":800,\"caption\":\"Bicycle Holiday\"},\"image\":{\"@id\":\"https:\\\/\\\/bicycle.holiday\\\/cs\\\/#\\\/schema\\\/logo\\\/image\\\/\"},\"sameAs\":[\"https:\\\/\\\/www.facebook.com\\\/Bicycle.Holiday\"]}]}<\/script>\n<!-- \/ Yoast SEO plugin. -->","yoast_head_json":{"title":"Kouzeln\u00e1 Mallorca - Bicycle.Holiday","robots":{"index":"index","follow":"follow","max-snippet":"max-snippet:-1","max-image-preview":"max-image-preview:large","max-video-preview":"max-video-preview:-1"},"canonical":"https:\/\/bicycle.holiday\/cs\/kouzelna-mallorca\/","og_locale":"cs_CZ","og_type":"article","og_title":"Kouzeln\u00e1 Mallorca - Bicycle.Holiday","og_description":"Jste z\u00e1vodn\u00ed cyklista p\u0159ipravuj\u00edc\u00ed se na nadch\u00e1zej\u00edc\u00ed sezonu a tr\u00e9nuj\u00edc\u00ed na stejn\u00fdch tras\u00e1ch jako t\u00fdmy Tour de France nebo jste hobby jezdec, kter\u00fd chce objevovat nov\u00e9 tr\u00e9ninkov\u00e9 mo\u017enosti a hlavn\u011b se na kole bavit nebo jste n\u011bkdo, kdo se rozhoduje mezi cyklistikou a golfem &#8211; nez\u00e1le\u017e\u00ed na zam\u011b\u0159en\u00ed. Dop\u0159ejte si s n\u00e1mi pobyt na tomto [&hellip;]","og_url":"https:\/\/bicycle.holiday\/cs\/kouzelna-mallorca\/","og_site_name":"Bicycle.Holiday","article_publisher":"https:\/\/www.facebook.com\/Bicycle.Holiday","article_modified_time":"2020-10-23T10:55:34+00:00","og_image":[{"url":"https:\/\/bicycle.holiday\/wp-content\/uploads\/2020\/04\/DSC_4253-300x200.jpg","type":"","width":"","height":""}],"twitter_card":"summary_large_image","twitter_misc":{"Odhadovan\u00e1 doba \u010dten\u00ed":"2 minuty"},"schema":{"@context":"https:\/\/schema.org","@graph":[{"@type":"WebPage","@id":"https:\/\/bicycle.holiday\/cs\/kouzelna-mallorca\/","url":"https:\/\/bicycle.holiday\/cs\/kouzelna-mallorca\/","name":"Kouzeln\u00e1 Mallorca - Bicycle.Holiday","isPartOf":{"@id":"https:\/\/bicycle.holiday\/cs\/#website"},"primaryImageOfPage":{"@id":"https:\/\/bicycle.holiday\/cs\/kouzelna-mallorca\/#primaryimage"},"image":{"@id":"https:\/\/bicycle.holiday\/cs\/kouzelna-mallorca\/#primaryimage"},"thumbnailUrl":"https:\/\/bicycle.holiday\/wp-content\/uploads\/2020\/04\/DSC_4253-300x200.jpg","datePublished":"2020-07-08T06:19:43+00:00","dateModified":"2020-10-23T10:55:34+00:00","breadcrumb":{"@id":"https:\/\/bicycle.holiday\/cs\/kouzelna-mallorca\/#breadcrumb"},"inLanguage":"cs","potentialAction":[{"@type":"ReadAction","target":["https:\/\/bicycle.holiday\/cs\/kouzelna-mallorca\/"]}]},{"@type":"ImageObject","inLanguage":"cs","@id":"https:\/\/bicycle.holiday\/cs\/kouzelna-mallorca\/#primaryimage","url":"https:\/\/bicycle.holiday\/wp-content\/uploads\/2020\/04\/DSC_4253-300x200.jpg","contentUrl":"https:\/\/bicycle.holiday\/wp-content\/uploads\/2020\/04\/DSC_4253-300x200.jpg"},{"@type":"BreadcrumbList","@id":"https:\/\/bicycle.holiday\/cs\/kouzelna-mallorca\/#breadcrumb","itemListElement":[{"@type":"ListItem","position":1,"name":"Home","item":"https:\/\/bicycle.holiday\/cs\/"},{"@type":"ListItem","position":2,"name":"Kouzeln\u00e1 Mallorca"}]},{"@type":"WebSite","@id":"https:\/\/bicycle.holiday\/cs\/#website","url":"https:\/\/bicycle.holiday\/cs\/","name":"www.Bicycle.Holiday","description":"Mallorca active holidays with bike","publisher":{"@id":"https:\/\/bicycle.holiday\/cs\/#organization"},"potentialAction":[{"@type":"SearchAction","target":{"@type":"EntryPoint","urlTemplate":"https:\/\/bicycle.holiday\/cs\/?s={search_term_string}"},"query-input":{"@type":"PropertyValueSpecification","valueRequired":true,"valueName":"search_term_string"}}],"inLanguage":"cs"},{"@type":"Organization","@id":"https:\/\/bicycle.holiday\/cs\/#organization","name":"Bicycle Holiday","url":"https:\/\/bicycle.holiday\/cs\/","logo":{"@type":"ImageObject","inLanguage":"cs","@id":"https:\/\/bicycle.holiday\/cs\/#\/schema\/logo\/image\/","url":"https:\/\/bicycle.holiday\/wp-content\/uploads\/2021\/09\/logo-bicycle-holiday-CTVEREC-FCBK.jpg","contentUrl":"https:\/\/bicycle.holiday\/wp-content\/uploads\/2021\/09\/logo-bicycle-holiday-CTVEREC-FCBK.jpg","width":800,"height":800,"caption":"Bicycle Holiday"},"image":{"@id":"https:\/\/bicycle.holiday\/cs\/#\/schema\/logo\/image\/"},"sameAs":["https:\/\/www.facebook.com\/Bicycle.Holiday"]}]}},"_links":{"self":[{"href":"https:\/\/bicycle.holiday\/cs\/wp-json\/wp\/v2\/pages\/2367","targetHints":{"allow":["GET"]}}],"collection":[{"href":"https:\/\/bicycle.holiday\/cs\/wp-json\/wp\/v2\/pages"}],"about":[{"href":"https:\/\/bicycle.holiday\/cs\/wp-json\/wp\/v2\/types\/page"}],"author":[{"embeddable":true,"href":"https:\/\/bicycle.holiday\/cs\/wp-json\/wp\/v2\/users\/4"}],"replies":[{"embeddable":true,"href":"https:\/\/bicycle.holiday\/cs\/wp-json\/wp\/v2\/comments?post=2367"}],"version-history":[{"count":7,"href":"https:\/\/bicycle.holiday\/cs\/wp-json\/wp\/v2\/pages\/2367\/revisions"}],"predecessor-version":[{"id":2624,"href":"https:\/\/bicycle.holiday\/cs\/wp-json\/wp\/v2\/pages\/2367\/revisions\/2624"}],"wp:attachment":[{"href":"https:\/\/bicycle.holiday\/cs\/wp-json\/wp\/v2\/media?parent=2367"}],"curies":[{"name":"wp","href":"https:\/\/api.w.org\/{rel}","templated":true}]}}